{"id":34985,"date":"2019-04-27T15:09:36","date_gmt":"2019-04-27T14:09:36","guid":{"rendered":"https:\/\/www.madriu-perafita-claror.ad\/instagram"},"modified":"2019-07-18T14:18:08","modified_gmt":"2019-07-18T13:18:08","slug":"instagram","status":"publish","type":"page","link":"https:\/\/www.madriu-perafita-claror.ad\/en\/instagram\/","title":{"rendered":"Instagram"},"content":{"rendered":"<div class=\"wpb-content-wrapper\"><p>[vc_row][vc_column][vc_separator][vc_single_image image=&#8221;34463&#8243; img_size=&#8221;full&#8221;][\/vc_column][\/vc_row][vc_row][vc_column][vc_column_text]<\/p>\n<h2><span style=\"color: #808080;\">INSTAGRAM<\/span><\/h2>\n<p>[\/vc_column_text][vc_column_text]\n<div id=\"sb_instagram\"  class=\"sbi sbi_mob_col_1 sbi_tab_col_2 sbi_col_3\" style=\"padding-bottom: 10px; width: 100%;\"\t data-feedid=\"*1\"  data-res=\"auto\" data-cols=\"3\" data-colsmobile=\"1\" data-colstablet=\"2\" data-num=\"6\" data-nummobile=\"3\" data-item-padding=\"5\"\t data-shortcode-atts=\"{}\"  data-postid=\"34985\" data-locatornonce=\"810fcddbb4\" data-imageaspectratio=\"1:1\" data-sbi-flags=\"favorLocal\">\n\t\n\t<div id=\"sbi_images\"  style=\"gap: 10px;\">\n\t\t<div class=\"sbi_item sbi_type_image sbi_new sbi_transition\"\n\tid=\"sbi_18159579496448005\" data-date=\"1777029238\">\n\t<div class=\"sbi_photo_wrap\">\n\t\t<a class=\"sbi_photo\" href=\"https:\/\/www.instagram.com\/p\/DXgyhsoFhc7\/\" target=\"_blank\" rel=\"noopener nofollow\"\n\t\t\tdata-full-res=\"https:\/\/scontent-lhr8-1.cdninstagram.com\/v\/t39.30808-6\/679596527_974273961813843_1724488480958773458_n.jpg?stp=dst-jpg_e35_tt6&#038;_nc_cat=111&#038;ccb=7-5&#038;_nc_sid=18de74&#038;efg=eyJlZmdfdGFnIjoiRkVFRC5iZXN0X2ltYWdlX3VybGdlbi5DMyJ9&#038;_nc_ohc=LRbIRgl-WcMQ7kNvwGEvPwh&#038;_nc_oc=Adq4PlkYjZpMlLypSIWDqnQUuqROdv9j55bKhvM48hXMETrWLUKz4F2oS2fh7GgAVYM&#038;_nc_zt=23&#038;_nc_ht=scontent-lhr8-1.cdninstagram.com&#038;edm=AM6HXa8EAAAA&#038;_nc_gid=nFPyu3KL3yddilG_NYm6kQ&#038;oh=00_Af3igHPoeGbCLTUlSOh6ee11p9xTTpPuyxVfjc83C_26KQ&#038;oe=69F335B9\"\n\t\t\tdata-img-src-set=\"{&quot;d&quot;:&quot;https:\\\/\\\/scontent-lhr8-1.cdninstagram.com\\\/v\\\/t39.30808-6\\\/679596527_974273961813843_1724488480958773458_n.jpg?stp=dst-jpg_e35_tt6&amp;_nc_cat=111&amp;ccb=7-5&amp;_nc_sid=18de74&amp;efg=eyJlZmdfdGFnIjoiRkVFRC5iZXN0X2ltYWdlX3VybGdlbi5DMyJ9&amp;_nc_ohc=LRbIRgl-WcMQ7kNvwGEvPwh&amp;_nc_oc=Adq4PlkYjZpMlLypSIWDqnQUuqROdv9j55bKhvM48hXMETrWLUKz4F2oS2fh7GgAVYM&amp;_nc_zt=23&amp;_nc_ht=scontent-lhr8-1.cdninstagram.com&amp;edm=AM6HXa8EAAAA&amp;_nc_gid=nFPyu3KL3yddilG_NYm6kQ&amp;oh=00_Af3igHPoeGbCLTUlSOh6ee11p9xTTpPuyxVfjc83C_26KQ&amp;oe=69F335B9&quot;,&quot;150&quot;:&quot;https:\\\/\\\/scontent-lhr8-1.cdninstagram.com\\\/v\\\/t39.30808-6\\\/679596527_974273961813843_1724488480958773458_n.jpg?stp=dst-jpg_e35_tt6&amp;_nc_cat=111&amp;ccb=7-5&amp;_nc_sid=18de74&amp;efg=eyJlZmdfdGFnIjoiRkVFRC5iZXN0X2ltYWdlX3VybGdlbi5DMyJ9&amp;_nc_ohc=LRbIRgl-WcMQ7kNvwGEvPwh&amp;_nc_oc=Adq4PlkYjZpMlLypSIWDqnQUuqROdv9j55bKhvM48hXMETrWLUKz4F2oS2fh7GgAVYM&amp;_nc_zt=23&amp;_nc_ht=scontent-lhr8-1.cdninstagram.com&amp;edm=AM6HXa8EAAAA&amp;_nc_gid=nFPyu3KL3yddilG_NYm6kQ&amp;oh=00_Af3igHPoeGbCLTUlSOh6ee11p9xTTpPuyxVfjc83C_26KQ&amp;oe=69F335B9&quot;,&quot;320&quot;:&quot;https:\\\/\\\/scontent-lhr8-1.cdninstagram.com\\\/v\\\/t39.30808-6\\\/679596527_974273961813843_1724488480958773458_n.jpg?stp=dst-jpg_e35_tt6&amp;_nc_cat=111&amp;ccb=7-5&amp;_nc_sid=18de74&amp;efg=eyJlZmdfdGFnIjoiRkVFRC5iZXN0X2ltYWdlX3VybGdlbi5DMyJ9&amp;_nc_ohc=LRbIRgl-WcMQ7kNvwGEvPwh&amp;_nc_oc=Adq4PlkYjZpMlLypSIWDqnQUuqROdv9j55bKhvM48hXMETrWLUKz4F2oS2fh7GgAVYM&amp;_nc_zt=23&amp;_nc_ht=scontent-lhr8-1.cdninstagram.com&amp;edm=AM6HXa8EAAAA&amp;_nc_gid=nFPyu3KL3yddilG_NYm6kQ&amp;oh=00_Af3igHPoeGbCLTUlSOh6ee11p9xTTpPuyxVfjc83C_26KQ&amp;oe=69F335B9&quot;,&quot;640&quot;:&quot;https:\\\/\\\/scontent-lhr8-1.cdninstagram.com\\\/v\\\/t39.30808-6\\\/679596527_974273961813843_1724488480958773458_n.jpg?stp=dst-jpg_e35_tt6&amp;_nc_cat=111&amp;ccb=7-5&amp;_nc_sid=18de74&amp;efg=eyJlZmdfdGFnIjoiRkVFRC5iZXN0X2ltYWdlX3VybGdlbi5DMyJ9&amp;_nc_ohc=LRbIRgl-WcMQ7kNvwGEvPwh&amp;_nc_oc=Adq4PlkYjZpMlLypSIWDqnQUuqROdv9j55bKhvM48hXMETrWLUKz4F2oS2fh7GgAVYM&amp;_nc_zt=23&amp;_nc_ht=scontent-lhr8-1.cdninstagram.com&amp;edm=AM6HXa8EAAAA&amp;_nc_gid=nFPyu3KL3yddilG_NYm6kQ&amp;oh=00_Af3igHPoeGbCLTUlSOh6ee11p9xTTpPuyxVfjc83C_26KQ&amp;oe=69F335B9&quot;}\">\n\t\t\t<span class=\"sbi-screenreader\">\ud83c\udf3f Vols treballar amb nosaltres aquest estiu?\n\nBusq<\/span>\n\t\t\t\t\t\t\t\t\t<img src=\"https:\/\/www.madriu-perafita-claror.ad\/wp-content\/plugins\/instagram-feed\/img\/placeholder.png\" alt=\"\ud83c\udf3f Vols treballar amb nosaltres aquest estiu?\n\nBusquem ecoguardes per a la Vall del Madriu-Perafita-Claror durant els mesos de juliol i agost.\n\nSi tens m\u00e9s de 18 anys i t\u2019interessa el medi natural, la gesti\u00f3 del patrimoni i el treball de camp, aquesta pot ser la teva oportunitat.\n\n\ud83d\udccd Experi\u00e8ncia en un entorn \u00fanic\n\ud83d\udcc5 Contracte temporal (juliol i agost)\n\ud83d\udc65 Majors de 18 anys\n\nSi vols formar part de l\u2019equip, consulta les bases al BOPA:\n\nhttps:\/\/www.bopa.ad\/Documents\/Detall?doc=QXP_2026_04_20_10_31_08\n\nT&#039;esperem!!\n\n#VMPC #estiu #treball #unesco\" aria-hidden=\"true\">\n\t\t<\/a>\n\t<\/div>\n<\/div><div class=\"sbi_item sbi_type_carousel sbi_new sbi_transition\"\n\tid=\"sbi_18325764748271296\" data-date=\"1776857778\">\n\t<div class=\"sbi_photo_wrap\">\n\t\t<a class=\"sbi_photo\" href=\"https:\/\/www.instagram.com\/p\/DXbrfieEeLj\/\" target=\"_blank\" rel=\"noopener nofollow\"\n\t\t\tdata-full-res=\"https:\/\/scontent-lhr6-1.cdninstagram.com\/v\/t39.30808-6\/676003100_972639641977275_3938858423323259227_n.jpg?stp=dst-jpg_e35_tt6&#038;_nc_cat=102&#038;ccb=7-5&#038;_nc_sid=18de74&#038;efg=eyJlZmdfdGFnIjoiQ0FST1VTRUxfSVRFTS5iZXN0X2ltYWdlX3VybGdlbi5DMyJ9&#038;_nc_ohc=DjpNulLn4jMQ7kNvwH9y4zF&#038;_nc_oc=Ado6cVJfDq8OUYb69cb0i2WvDsHMfsedUhvi2nxgpEG8M1xnJl0WgY_J6qqTxPmVwkk&#038;_nc_zt=23&#038;_nc_ht=scontent-lhr6-1.cdninstagram.com&#038;edm=AM6HXa8EAAAA&#038;_nc_gid=nFPyu3KL3yddilG_NYm6kQ&#038;oh=00_Af3-pw0asBwfKX9Ux-Boat4TwC71PaecFYe6ctReENx5uw&#038;oe=69F31BFF\"\n\t\t\tdata-img-src-set=\"{&quot;d&quot;:&quot;https:\\\/\\\/scontent-lhr6-1.cdninstagram.com\\\/v\\\/t39.30808-6\\\/676003100_972639641977275_3938858423323259227_n.jpg?stp=dst-jpg_e35_tt6&amp;_nc_cat=102&amp;ccb=7-5&amp;_nc_sid=18de74&amp;efg=eyJlZmdfdGFnIjoiQ0FST1VTRUxfSVRFTS5iZXN0X2ltYWdlX3VybGdlbi5DMyJ9&amp;_nc_ohc=DjpNulLn4jMQ7kNvwH9y4zF&amp;_nc_oc=Ado6cVJfDq8OUYb69cb0i2WvDsHMfsedUhvi2nxgpEG8M1xnJl0WgY_J6qqTxPmVwkk&amp;_nc_zt=23&amp;_nc_ht=scontent-lhr6-1.cdninstagram.com&amp;edm=AM6HXa8EAAAA&amp;_nc_gid=nFPyu3KL3yddilG_NYm6kQ&amp;oh=00_Af3-pw0asBwfKX9Ux-Boat4TwC71PaecFYe6ctReENx5uw&amp;oe=69F31BFF&quot;,&quot;150&quot;:&quot;https:\\\/\\\/scontent-lhr6-1.cdninstagram.com\\\/v\\\/t39.30808-6\\\/676003100_972639641977275_3938858423323259227_n.jpg?stp=dst-jpg_e35_tt6&amp;_nc_cat=102&amp;ccb=7-5&amp;_nc_sid=18de74&amp;efg=eyJlZmdfdGFnIjoiQ0FST1VTRUxfSVRFTS5iZXN0X2ltYWdlX3VybGdlbi5DMyJ9&amp;_nc_ohc=DjpNulLn4jMQ7kNvwH9y4zF&amp;_nc_oc=Ado6cVJfDq8OUYb69cb0i2WvDsHMfsedUhvi2nxgpEG8M1xnJl0WgY_J6qqTxPmVwkk&amp;_nc_zt=23&amp;_nc_ht=scontent-lhr6-1.cdninstagram.com&amp;edm=AM6HXa8EAAAA&amp;_nc_gid=nFPyu3KL3yddilG_NYm6kQ&amp;oh=00_Af3-pw0asBwfKX9Ux-Boat4TwC71PaecFYe6ctReENx5uw&amp;oe=69F31BFF&quot;,&quot;320&quot;:&quot;https:\\\/\\\/scontent-lhr6-1.cdninstagram.com\\\/v\\\/t39.30808-6\\\/676003100_972639641977275_3938858423323259227_n.jpg?stp=dst-jpg_e35_tt6&amp;_nc_cat=102&amp;ccb=7-5&amp;_nc_sid=18de74&amp;efg=eyJlZmdfdGFnIjoiQ0FST1VTRUxfSVRFTS5iZXN0X2ltYWdlX3VybGdlbi5DMyJ9&amp;_nc_ohc=DjpNulLn4jMQ7kNvwH9y4zF&amp;_nc_oc=Ado6cVJfDq8OUYb69cb0i2WvDsHMfsedUhvi2nxgpEG8M1xnJl0WgY_J6qqTxPmVwkk&amp;_nc_zt=23&amp;_nc_ht=scontent-lhr6-1.cdninstagram.com&amp;edm=AM6HXa8EAAAA&amp;_nc_gid=nFPyu3KL3yddilG_NYm6kQ&amp;oh=00_Af3-pw0asBwfKX9Ux-Boat4TwC71PaecFYe6ctReENx5uw&amp;oe=69F31BFF&quot;,&quot;640&quot;:&quot;https:\\\/\\\/scontent-lhr6-1.cdninstagram.com\\\/v\\\/t39.30808-6\\\/676003100_972639641977275_3938858423323259227_n.jpg?stp=dst-jpg_e35_tt6&amp;_nc_cat=102&amp;ccb=7-5&amp;_nc_sid=18de74&amp;efg=eyJlZmdfdGFnIjoiQ0FST1VTRUxfSVRFTS5iZXN0X2ltYWdlX3VybGdlbi5DMyJ9&amp;_nc_ohc=DjpNulLn4jMQ7kNvwH9y4zF&amp;_nc_oc=Ado6cVJfDq8OUYb69cb0i2WvDsHMfsedUhvi2nxgpEG8M1xnJl0WgY_J6qqTxPmVwkk&amp;_nc_zt=23&amp;_nc_ht=scontent-lhr6-1.cdninstagram.com&amp;edm=AM6HXa8EAAAA&amp;_nc_gid=nFPyu3KL3yddilG_NYm6kQ&amp;oh=00_Af3-pw0asBwfKX9Ux-Boat4TwC71PaecFYe6ctReENx5uw&amp;oe=69F31BFF&quot;}\">\n\t\t\t<span class=\"sbi-screenreader\">\ud83d\udd29 Inaugurem l\u2019exposici\u00f3 \u201cEl patrimoni del ferro \u2013 <\/span>\n\t\t\t<svg class=\"svg-inline--fa fa-clone fa-w-16 sbi_lightbox_carousel_icon\" aria-hidden=\"true\" aria-label=\"Clone\" data-fa-pro\u0192cessed=\"\" data-prefix=\"far\" data-icon=\"clone\" role=\"img\" xmlns=\"http:\/\/www.w3.org\/2000\/svg\" viewBox=\"0 0 512 512\">\n                    <path fill=\"currentColor\" d=\"M464 0H144c-26.51 0-48 21.49-48 48v48H48c-26.51 0-48 21.49-48 48v320c0 26.51 21.49 48 48 48h320c26.51 0 48-21.49 48-48v-48h48c26.51 0 48-21.49 48-48V48c0-26.51-21.49-48-48-48zM362 464H54a6 6 0 0 1-6-6V150a6 6 0 0 1 6-6h42v224c0 26.51 21.49 48 48 48h224v42a6 6 0 0 1-6 6zm96-96H150a6 6 0 0 1-6-6V54a6 6 0 0 1 6-6h308a6 6 0 0 1 6 6v308a6 6 0 0 1-6 6z\"><\/path>\n                <\/svg>\t\t\t\t\t\t<img src=\"https:\/\/www.madriu-perafita-claror.ad\/wp-content\/plugins\/instagram-feed\/img\/placeholder.png\" alt=\"\ud83d\udd29 Inaugurem l\u2019exposici\u00f3 \u201cEl patrimoni del ferro \u2013 Vall del Madriu-Perafita-Claror\u201d\n\nAmb motiu del Dia del Ferro, que se celebra el primer cap de setmana de maig hem inaugurat aquesta exposici\u00f3 dedicada al patrimoni sider\u00fargic de la @vall_madriu_perafita_claror.\n\nA trav\u00e9s d\u2019imatges i continguts divulgatius, l\u2019exposici\u00f3 posa en valor el paper que va tenir la sider\u00fargia tradicional en la hist\u00f2ria de la vall i en la configuraci\u00f3 del seu paisatge cultural, reconegut com a Patrimoni Mundial de la UNESCO.\n\n\ud83d\udccd On? Planta baixa d\u2019Illa Carlemany\n\ud83d\udcc5 Fins al 3 de maig\n\nUna oportunitat per descobrir un dels llegats hist\u00f2rics m\u00e9s destacats de la vall.\n\nAmb el suport d\u2019 @illacarlemany i @patrimoniculturalandorra .\n\n@comuencamp @comusantjuliadeloria @comuee @andorracapital \n\n#RutadelFerroPirineus #Patrimoni #VMPC #Andorra #RDHP\" aria-hidden=\"true\">\n\t\t<\/a>\n\t<\/div>\n<\/div><div class=\"sbi_item sbi_type_carousel sbi_new sbi_transition\"\n\tid=\"sbi_18185926690335592\" data-date=\"1776679614\">\n\t<div class=\"sbi_photo_wrap\">\n\t\t<a class=\"sbi_photo\" href=\"https:\/\/www.instagram.com\/p\/DXWXrD_DFS-\/\" target=\"_blank\" rel=\"noopener nofollow\"\n\t\t\tdata-full-res=\"https:\/\/scontent-lhr6-1.cdninstagram.com\/v\/t51.82787-15\/670888709_18555715624070351_2106879746768570564_n.jpg?stp=dst-jpg_e35_tt6&#038;_nc_cat=102&#038;ccb=7-5&#038;_nc_sid=18de74&#038;efg=eyJlZmdfdGFnIjoiQ0FST1VTRUxfSVRFTS5iZXN0X2ltYWdlX3VybGdlbi5DMyJ9&#038;_nc_ohc=Z3XGQk-ZvEAQ7kNvwGaersL&#038;_nc_oc=AdqTnBxmRo7CK1u7xvCMQYxfjvcIoJzpihmh3iPINU7Vq4NP2plhhhI7bHNliuqrNDQ&#038;_nc_zt=23&#038;_nc_ht=scontent-lhr6-1.cdninstagram.com&#038;edm=AM6HXa8EAAAA&#038;_nc_gid=nFPyu3KL3yddilG_NYm6kQ&#038;oh=00_Af3cpzI_UPGxLHF0ARr8DjIlyNAHjo0CRnMM9DJd7s47TQ&#038;oe=69F3222D\"\n\t\t\tdata-img-src-set=\"{&quot;d&quot;:&quot;https:\\\/\\\/scontent-lhr6-1.cdninstagram.com\\\/v\\\/t51.82787-15\\\/670888709_18555715624070351_2106879746768570564_n.jpg?stp=dst-jpg_e35_tt6&amp;_nc_cat=102&amp;ccb=7-5&amp;_nc_sid=18de74&amp;efg=eyJlZmdfdGFnIjoiQ0FST1VTRUxfSVRFTS5iZXN0X2ltYWdlX3VybGdlbi5DMyJ9&amp;_nc_ohc=Z3XGQk-ZvEAQ7kNvwGaersL&amp;_nc_oc=AdqTnBxmRo7CK1u7xvCMQYxfjvcIoJzpihmh3iPINU7Vq4NP2plhhhI7bHNliuqrNDQ&amp;_nc_zt=23&amp;_nc_ht=scontent-lhr6-1.cdninstagram.com&amp;edm=AM6HXa8EAAAA&amp;_nc_gid=nFPyu3KL3yddilG_NYm6kQ&amp;oh=00_Af3cpzI_UPGxLHF0ARr8DjIlyNAHjo0CRnMM9DJd7s47TQ&amp;oe=69F3222D&quot;,&quot;150&quot;:&quot;https:\\\/\\\/scontent-lhr6-1.cdninstagram.com\\\/v\\\/t51.82787-15\\\/670888709_18555715624070351_2106879746768570564_n.jpg?stp=dst-jpg_e35_tt6&amp;_nc_cat=102&amp;ccb=7-5&amp;_nc_sid=18de74&amp;efg=eyJlZmdfdGFnIjoiQ0FST1VTRUxfSVRFTS5iZXN0X2ltYWdlX3VybGdlbi5DMyJ9&amp;_nc_ohc=Z3XGQk-ZvEAQ7kNvwGaersL&amp;_nc_oc=AdqTnBxmRo7CK1u7xvCMQYxfjvcIoJzpihmh3iPINU7Vq4NP2plhhhI7bHNliuqrNDQ&amp;_nc_zt=23&amp;_nc_ht=scontent-lhr6-1.cdninstagram.com&amp;edm=AM6HXa8EAAAA&amp;_nc_gid=nFPyu3KL3yddilG_NYm6kQ&amp;oh=00_Af3cpzI_UPGxLHF0ARr8DjIlyNAHjo0CRnMM9DJd7s47TQ&amp;oe=69F3222D&quot;,&quot;320&quot;:&quot;https:\\\/\\\/scontent-lhr6-1.cdninstagram.com\\\/v\\\/t51.82787-15\\\/670888709_18555715624070351_2106879746768570564_n.jpg?stp=dst-jpg_e35_tt6&amp;_nc_cat=102&amp;ccb=7-5&amp;_nc_sid=18de74&amp;efg=eyJlZmdfdGFnIjoiQ0FST1VTRUxfSVRFTS5iZXN0X2ltYWdlX3VybGdlbi5DMyJ9&amp;_nc_ohc=Z3XGQk-ZvEAQ7kNvwGaersL&amp;_nc_oc=AdqTnBxmRo7CK1u7xvCMQYxfjvcIoJzpihmh3iPINU7Vq4NP2plhhhI7bHNliuqrNDQ&amp;_nc_zt=23&amp;_nc_ht=scontent-lhr6-1.cdninstagram.com&amp;edm=AM6HXa8EAAAA&amp;_nc_gid=nFPyu3KL3yddilG_NYm6kQ&amp;oh=00_Af3cpzI_UPGxLHF0ARr8DjIlyNAHjo0CRnMM9DJd7s47TQ&amp;oe=69F3222D&quot;,&quot;640&quot;:&quot;https:\\\/\\\/scontent-lhr6-1.cdninstagram.com\\\/v\\\/t51.82787-15\\\/670888709_18555715624070351_2106879746768570564_n.jpg?stp=dst-jpg_e35_tt6&amp;_nc_cat=102&amp;ccb=7-5&amp;_nc_sid=18de74&amp;efg=eyJlZmdfdGFnIjoiQ0FST1VTRUxfSVRFTS5iZXN0X2ltYWdlX3VybGdlbi5DMyJ9&amp;_nc_ohc=Z3XGQk-ZvEAQ7kNvwGaersL&amp;_nc_oc=AdqTnBxmRo7CK1u7xvCMQYxfjvcIoJzpihmh3iPINU7Vq4NP2plhhhI7bHNliuqrNDQ&amp;_nc_zt=23&amp;_nc_ht=scontent-lhr6-1.cdninstagram.com&amp;edm=AM6HXa8EAAAA&amp;_nc_gid=nFPyu3KL3yddilG_NYm6kQ&amp;oh=00_Af3cpzI_UPGxLHF0ARr8DjIlyNAHjo0CRnMM9DJd7s47TQ&amp;oe=69F3222D&quot;}\">\n\t\t\t<span class=\"sbi-screenreader\">Avui hem tingut el privilegi d\u2019assistir a les jorn<\/span>\n\t\t\t<svg class=\"svg-inline--fa fa-clone fa-w-16 sbi_lightbox_carousel_icon\" aria-hidden=\"true\" aria-label=\"Clone\" data-fa-pro\u0192cessed=\"\" data-prefix=\"far\" data-icon=\"clone\" role=\"img\" xmlns=\"http:\/\/www.w3.org\/2000\/svg\" viewBox=\"0 0 512 512\">\n                    <path fill=\"currentColor\" d=\"M464 0H144c-26.51 0-48 21.49-48 48v48H48c-26.51 0-48 21.49-48 48v320c0 26.51 21.49 48 48 48h320c26.51 0 48-21.49 48-48v-48h48c26.51 0 48-21.49 48-48V48c0-26.51-21.49-48-48-48zM362 464H54a6 6 0 0 1-6-6V150a6 6 0 0 1 6-6h42v224c0 26.51 21.49 48 48 48h224v42a6 6 0 0 1-6 6zm96-96H150a6 6 0 0 1-6-6V54a6 6 0 0 1 6-6h308a6 6 0 0 1 6 6v308a6 6 0 0 1-6 6z\"><\/path>\n                <\/svg>\t\t\t\t\t\t<img src=\"https:\/\/www.madriu-perafita-claror.ad\/wp-content\/plugins\/instagram-feed\/img\/placeholder.png\" alt=\"Avui hem tingut el privilegi d\u2019assistir a les jornades \u201cM\u00f3n Millor\u201d de turisme sostenible a Andorra \ud83c\udf0d\u2728\n\nUna trobada inspiradora amb experts de primer nivell que estan liderant el canvi cap a un model tur\u00edstic m\u00e9s responsable, innovador i comprom\u00e8s amb el territori.\n\nEspecialment orgullosos de comptar amb la participaci\u00f3 de 3 ambaixadors tur\u00edstics de la VMPC, que han aportat visi\u00f3, experi\u00e8ncia i passi\u00f3 en aquest espai de reflexi\u00f3 i futur \ud83e\udd1d\n@vitalpirineus @lespardines @naturland_andorra \n\nSeguim treballant per impulsar un turisme amb impacte positiu \ud83d\udc9a\n\n#VMPC #MonMillor #TurismeSostenible #Innovacio #AmbaixadorsVMPC\" aria-hidden=\"true\">\n\t\t<\/a>\n\t<\/div>\n<\/div><div class=\"sbi_item sbi_type_image sbi_new sbi_transition\"\n\tid=\"sbi_17891899404327334\" data-date=\"1776333591\">\n\t<div class=\"sbi_photo_wrap\">\n\t\t<a class=\"sbi_photo\" href=\"https:\/\/www.instagram.com\/p\/DXMDSIrjBEr\/\" target=\"_blank\" rel=\"noopener nofollow\"\n\t\t\tdata-full-res=\"https:\/\/scontent-lhr6-1.cdninstagram.com\/v\/t51.82787-15\/670458782_18554858698070351_7391217553683398578_n.jpg?stp=dst-jpg_e35_tt6&#038;_nc_cat=109&#038;ccb=7-5&#038;_nc_sid=18de74&#038;efg=eyJlZmdfdGFnIjoiRkVFRC5iZXN0X2ltYWdlX3VybGdlbi5DMyJ9&#038;_nc_ohc=i7kS8vkbavoQ7kNvwENXSpN&#038;_nc_oc=AdrYnX8SXDTuHO0mxf-o7syCslRIIwBiw3KbWgJ75e-YEapLD-rV22Kltq_wwTUnLRg&#038;_nc_zt=23&#038;_nc_ht=scontent-lhr6-1.cdninstagram.com&#038;edm=AM6HXa8EAAAA&#038;_nc_gid=nFPyu3KL3yddilG_NYm6kQ&#038;oh=00_Af3ELwhBcwGfbcVWfNQOpsDsBjcaxy0wHCKO5w7H6HVo7A&#038;oe=69F316D5\"\n\t\t\tdata-img-src-set=\"{&quot;d&quot;:&quot;https:\\\/\\\/scontent-lhr6-1.cdninstagram.com\\\/v\\\/t51.82787-15\\\/670458782_18554858698070351_7391217553683398578_n.jpg?stp=dst-jpg_e35_tt6&amp;_nc_cat=109&amp;ccb=7-5&amp;_nc_sid=18de74&amp;efg=eyJlZmdfdGFnIjoiRkVFRC5iZXN0X2ltYWdlX3VybGdlbi5DMyJ9&amp;_nc_ohc=i7kS8vkbavoQ7kNvwENXSpN&amp;_nc_oc=AdrYnX8SXDTuHO0mxf-o7syCslRIIwBiw3KbWgJ75e-YEapLD-rV22Kltq_wwTUnLRg&amp;_nc_zt=23&amp;_nc_ht=scontent-lhr6-1.cdninstagram.com&amp;edm=AM6HXa8EAAAA&amp;_nc_gid=nFPyu3KL3yddilG_NYm6kQ&amp;oh=00_Af3ELwhBcwGfbcVWfNQOpsDsBjcaxy0wHCKO5w7H6HVo7A&amp;oe=69F316D5&quot;,&quot;150&quot;:&quot;https:\\\/\\\/scontent-lhr6-1.cdninstagram.com\\\/v\\\/t51.82787-15\\\/670458782_18554858698070351_7391217553683398578_n.jpg?stp=dst-jpg_e35_tt6&amp;_nc_cat=109&amp;ccb=7-5&amp;_nc_sid=18de74&amp;efg=eyJlZmdfdGFnIjoiRkVFRC5iZXN0X2ltYWdlX3VybGdlbi5DMyJ9&amp;_nc_ohc=i7kS8vkbavoQ7kNvwENXSpN&amp;_nc_oc=AdrYnX8SXDTuHO0mxf-o7syCslRIIwBiw3KbWgJ75e-YEapLD-rV22Kltq_wwTUnLRg&amp;_nc_zt=23&amp;_nc_ht=scontent-lhr6-1.cdninstagram.com&amp;edm=AM6HXa8EAAAA&amp;_nc_gid=nFPyu3KL3yddilG_NYm6kQ&amp;oh=00_Af3ELwhBcwGfbcVWfNQOpsDsBjcaxy0wHCKO5w7H6HVo7A&amp;oe=69F316D5&quot;,&quot;320&quot;:&quot;https:\\\/\\\/scontent-lhr6-1.cdninstagram.com\\\/v\\\/t51.82787-15\\\/670458782_18554858698070351_7391217553683398578_n.jpg?stp=dst-jpg_e35_tt6&amp;_nc_cat=109&amp;ccb=7-5&amp;_nc_sid=18de74&amp;efg=eyJlZmdfdGFnIjoiRkVFRC5iZXN0X2ltYWdlX3VybGdlbi5DMyJ9&amp;_nc_ohc=i7kS8vkbavoQ7kNvwENXSpN&amp;_nc_oc=AdrYnX8SXDTuHO0mxf-o7syCslRIIwBiw3KbWgJ75e-YEapLD-rV22Kltq_wwTUnLRg&amp;_nc_zt=23&amp;_nc_ht=scontent-lhr6-1.cdninstagram.com&amp;edm=AM6HXa8EAAAA&amp;_nc_gid=nFPyu3KL3yddilG_NYm6kQ&amp;oh=00_Af3ELwhBcwGfbcVWfNQOpsDsBjcaxy0wHCKO5w7H6HVo7A&amp;oe=69F316D5&quot;,&quot;640&quot;:&quot;https:\\\/\\\/scontent-lhr6-1.cdninstagram.com\\\/v\\\/t51.82787-15\\\/670458782_18554858698070351_7391217553683398578_n.jpg?stp=dst-jpg_e35_tt6&amp;_nc_cat=109&amp;ccb=7-5&amp;_nc_sid=18de74&amp;efg=eyJlZmdfdGFnIjoiRkVFRC5iZXN0X2ltYWdlX3VybGdlbi5DMyJ9&amp;_nc_ohc=i7kS8vkbavoQ7kNvwENXSpN&amp;_nc_oc=AdrYnX8SXDTuHO0mxf-o7syCslRIIwBiw3KbWgJ75e-YEapLD-rV22Kltq_wwTUnLRg&amp;_nc_zt=23&amp;_nc_ht=scontent-lhr6-1.cdninstagram.com&amp;edm=AM6HXa8EAAAA&amp;_nc_gid=nFPyu3KL3yddilG_NYm6kQ&amp;oh=00_Af3ELwhBcwGfbcVWfNQOpsDsBjcaxy0wHCKO5w7H6HVo7A&amp;oe=69F316D5&quot;}\">\n\t\t\t<span class=\"sbi-screenreader\">\ud83c\udf3f Vols descobrir com ha canviat el paisatge d\u2019Ando<\/span>\n\t\t\t\t\t\t\t\t\t<img src=\"https:\/\/www.madriu-perafita-claror.ad\/wp-content\/plugins\/instagram-feed\/img\/placeholder.png\" alt=\"\ud83c\udf3f Vols descobrir com ha canviat el paisatge d\u2019Andorra?\n\n22\/04 Taller visual i participatiu amb \n@and_sostenible_mediambient \n \nUna oportunitat per entendre millor el nostre entorn i la seva evoluci\u00f3.\n\n \ud83d\udccdBorda Gabriel (Escaldes-Engordany)\n \ud83d\udd55 18.00\u201319.00\n \ud83d\udc68\u200d\ud83d\udc69\u200d\ud83d\udc67\u200d\ud83d\udc66 Tots els p\u00fablics\n\n\ud83d\udccbInscripcions: https:\/\/madriu-perafita-claror.ad\/activitats\/evolucio_\n\n#vmpc #unesco #paisatge #taller #divulgacio \n\n@vall_madriu_perafita_claror @comuee @comuencamp @comusantjuliadeloria @andorracapital\" aria-hidden=\"true\">\n\t\t<\/a>\n\t<\/div>\n<\/div><div class=\"sbi_item sbi_type_image sbi_new sbi_transition\"\n\tid=\"sbi_17847068601691450\" data-date=\"1772011365\">\n\t<div class=\"sbi_photo_wrap\">\n\t\t<a class=\"sbi_photo\" href=\"https:\/\/www.instagram.com\/p\/DVLPsWBj-1D\/\" target=\"_blank\" rel=\"noopener nofollow\"\n\t\t\tdata-full-res=\"https:\/\/scontent-lhr8-2.cdninstagram.com\/v\/t39.30808-6\/641396687_929050356336204_888233987489857947_n.jpg?stp=dst-jpg_e35_tt6&#038;_nc_cat=103&#038;ccb=7-5&#038;_nc_sid=18de74&#038;efg=eyJlZmdfdGFnIjoiRkVFRC5iZXN0X2ltYWdlX3VybGdlbi5DMyJ9&#038;_nc_ohc=8UlJKJXMAN4Q7kNvwE7jUpK&#038;_nc_oc=AdpK-rCTtWGl8qizdiwe61XnMsxBU1XkVCYVvM4Dd6Rh1bPHLsRBSCzPzuDBG4bmAdk&#038;_nc_zt=23&#038;_nc_ht=scontent-lhr8-2.cdninstagram.com&#038;edm=AM6HXa8EAAAA&#038;_nc_gid=nFPyu3KL3yddilG_NYm6kQ&#038;oh=00_Af0B42Qj2TnW0H1qXsV8KGrLK5uANb2FAgrmQxH5sgDTvg&#038;oe=69F317D0\"\n\t\t\tdata-img-src-set=\"{&quot;d&quot;:&quot;https:\\\/\\\/scontent-lhr8-2.cdninstagram.com\\\/v\\\/t39.30808-6\\\/641396687_929050356336204_888233987489857947_n.jpg?stp=dst-jpg_e35_tt6&amp;_nc_cat=103&amp;ccb=7-5&amp;_nc_sid=18de74&amp;efg=eyJlZmdfdGFnIjoiRkVFRC5iZXN0X2ltYWdlX3VybGdlbi5DMyJ9&amp;_nc_ohc=8UlJKJXMAN4Q7kNvwE7jUpK&amp;_nc_oc=AdpK-rCTtWGl8qizdiwe61XnMsxBU1XkVCYVvM4Dd6Rh1bPHLsRBSCzPzuDBG4bmAdk&amp;_nc_zt=23&amp;_nc_ht=scontent-lhr8-2.cdninstagram.com&amp;edm=AM6HXa8EAAAA&amp;_nc_gid=nFPyu3KL3yddilG_NYm6kQ&amp;oh=00_Af0B42Qj2TnW0H1qXsV8KGrLK5uANb2FAgrmQxH5sgDTvg&amp;oe=69F317D0&quot;,&quot;150&quot;:&quot;https:\\\/\\\/scontent-lhr8-2.cdninstagram.com\\\/v\\\/t39.30808-6\\\/641396687_929050356336204_888233987489857947_n.jpg?stp=dst-jpg_e35_tt6&amp;_nc_cat=103&amp;ccb=7-5&amp;_nc_sid=18de74&amp;efg=eyJlZmdfdGFnIjoiRkVFRC5iZXN0X2ltYWdlX3VybGdlbi5DMyJ9&amp;_nc_ohc=8UlJKJXMAN4Q7kNvwE7jUpK&amp;_nc_oc=AdpK-rCTtWGl8qizdiwe61XnMsxBU1XkVCYVvM4Dd6Rh1bPHLsRBSCzPzuDBG4bmAdk&amp;_nc_zt=23&amp;_nc_ht=scontent-lhr8-2.cdninstagram.com&amp;edm=AM6HXa8EAAAA&amp;_nc_gid=nFPyu3KL3yddilG_NYm6kQ&amp;oh=00_Af0B42Qj2TnW0H1qXsV8KGrLK5uANb2FAgrmQxH5sgDTvg&amp;oe=69F317D0&quot;,&quot;320&quot;:&quot;https:\\\/\\\/scontent-lhr8-2.cdninstagram.com\\\/v\\\/t39.30808-6\\\/641396687_929050356336204_888233987489857947_n.jpg?stp=dst-jpg_e35_tt6&amp;_nc_cat=103&amp;ccb=7-5&amp;_nc_sid=18de74&amp;efg=eyJlZmdfdGFnIjoiRkVFRC5iZXN0X2ltYWdlX3VybGdlbi5DMyJ9&amp;_nc_ohc=8UlJKJXMAN4Q7kNvwE7jUpK&amp;_nc_oc=AdpK-rCTtWGl8qizdiwe61XnMsxBU1XkVCYVvM4Dd6Rh1bPHLsRBSCzPzuDBG4bmAdk&amp;_nc_zt=23&amp;_nc_ht=scontent-lhr8-2.cdninstagram.com&amp;edm=AM6HXa8EAAAA&amp;_nc_gid=nFPyu3KL3yddilG_NYm6kQ&amp;oh=00_Af0B42Qj2TnW0H1qXsV8KGrLK5uANb2FAgrmQxH5sgDTvg&amp;oe=69F317D0&quot;,&quot;640&quot;:&quot;https:\\\/\\\/scontent-lhr8-2.cdninstagram.com\\\/v\\\/t39.30808-6\\\/641396687_929050356336204_888233987489857947_n.jpg?stp=dst-jpg_e35_tt6&amp;_nc_cat=103&amp;ccb=7-5&amp;_nc_sid=18de74&amp;efg=eyJlZmdfdGFnIjoiRkVFRC5iZXN0X2ltYWdlX3VybGdlbi5DMyJ9&amp;_nc_ohc=8UlJKJXMAN4Q7kNvwE7jUpK&amp;_nc_oc=AdpK-rCTtWGl8qizdiwe61XnMsxBU1XkVCYVvM4Dd6Rh1bPHLsRBSCzPzuDBG4bmAdk&amp;_nc_zt=23&amp;_nc_ht=scontent-lhr8-2.cdninstagram.com&amp;edm=AM6HXa8EAAAA&amp;_nc_gid=nFPyu3KL3yddilG_NYm6kQ&amp;oh=00_Af0B42Qj2TnW0H1qXsV8KGrLK5uANb2FAgrmQxH5sgDTvg&amp;oe=69F317D0&quot;}\">\n\t\t\t<span class=\"sbi-screenreader\">Vols treballar amb nosaltres aquest estiu? \ud83c\udf3f\n\nLa @<\/span>\n\t\t\t\t\t\t\t\t\t<img src=\"https:\/\/www.madriu-perafita-claror.ad\/wp-content\/plugins\/instagram-feed\/img\/placeholder.png\" alt=\"Vols treballar amb nosaltres aquest estiu? \ud83c\udf3f\n\nLa @vall_madriu_perafita_claror refor\u00e7a l\u2019equip d\u2019ecoguardes per a la temporada d&#039;estiu 2026.\n\nSi t\u2019apassiona la #natura, el #patrimoni i el treball a l\u2019aire lliure, aquesta \u00e9s la teva oportunitat per formar part de la protecci\u00f3 d\u2019un paisatge cultural \u00fanic.\n\n\ud83d\udce2 S\u2019han publicat al BOPA dos edictes:\n\u2022 2 places d\u2019ecoguarda per als mesos de juliol i agost: \u27a1https:\/\/www.bopa.ad\/Documents\/Detall?doc=CGVM_2026_02_23_10_34_53\n\u2022 1 pla\u00e7a d\u2019ecoguarda de maig a octubre:\n\u27a1https:\/\/www.bopa.ad\/Documents\/Detall?doc=CGVM_2026_02_23_10_35_52\n\n\ud83d\udc49 Consulta tots els detalls i requisits al BOPA\n\ud83d\udc49 Termini de presentaci\u00f3: abans de les 14.00 hores del dia 23 de mar\u00e7 del 2026\n\nComparteix-ho amb qui pugui estar interessat\/da!\n\n#Ecoguarda #TreballEstiu #Andorra #PatrimoniCultural #Madriu #Feina #UNESCO\n@comuee @comuencamp @andorracapital @comusantjuliadeloria\" aria-hidden=\"true\">\n\t\t<\/a>\n\t<\/div>\n<\/div><div class=\"sbi_item sbi_type_image sbi_new sbi_transition\"\n\tid=\"sbi_17874075822515823\" data-date=\"1771414761\">\n\t<div class=\"sbi_photo_wrap\">\n\t\t<a class=\"sbi_photo\" href=\"https:\/\/www.instagram.com\/p\/DU5dwtNjbi4\/\" target=\"_blank\" rel=\"noopener nofollow\"\n\t\t\tdata-full-res=\"https:\/\/scontent-lhr6-2.cdninstagram.com\/v\/t39.30808-6\/636993765_923339856907254_781494498652100574_n.jpg?stp=dst-jpg_e35_tt6&#038;_nc_cat=104&#038;ccb=7-5&#038;_nc_sid=18de74&#038;efg=eyJlZmdfdGFnIjoiRkVFRC5iZXN0X2ltYWdlX3VybGdlbi5DMyJ9&#038;_nc_ohc=HjImL6FpQWoQ7kNvwE7ZJ_M&#038;_nc_oc=AdrfQp8PsNDKaiZp77xX26i6FFBialCQWkXF3PIfwx67ajN9c55UFjA5vuqU5dskJtY&#038;_nc_zt=23&#038;_nc_ht=scontent-lhr6-2.cdninstagram.com&#038;edm=AM6HXa8EAAAA&#038;_nc_gid=nFPyu3KL3yddilG_NYm6kQ&#038;oh=00_Af2t5YnL-QYxUSFC791fnJf4cdjH3Tv2s0XGGCXzpgSv4A&#038;oe=69F335FB\"\n\t\t\tdata-img-src-set=\"{&quot;d&quot;:&quot;https:\\\/\\\/scontent-lhr6-2.cdninstagram.com\\\/v\\\/t39.30808-6\\\/636993765_923339856907254_781494498652100574_n.jpg?stp=dst-jpg_e35_tt6&amp;_nc_cat=104&amp;ccb=7-5&amp;_nc_sid=18de74&amp;efg=eyJlZmdfdGFnIjoiRkVFRC5iZXN0X2ltYWdlX3VybGdlbi5DMyJ9&amp;_nc_ohc=HjImL6FpQWoQ7kNvwE7ZJ_M&amp;_nc_oc=AdrfQp8PsNDKaiZp77xX26i6FFBialCQWkXF3PIfwx67ajN9c55UFjA5vuqU5dskJtY&amp;_nc_zt=23&amp;_nc_ht=scontent-lhr6-2.cdninstagram.com&amp;edm=AM6HXa8EAAAA&amp;_nc_gid=nFPyu3KL3yddilG_NYm6kQ&amp;oh=00_Af2t5YnL-QYxUSFC791fnJf4cdjH3Tv2s0XGGCXzpgSv4A&amp;oe=69F335FB&quot;,&quot;150&quot;:&quot;https:\\\/\\\/scontent-lhr6-2.cdninstagram.com\\\/v\\\/t39.30808-6\\\/636993765_923339856907254_781494498652100574_n.jpg?stp=dst-jpg_e35_tt6&amp;_nc_cat=104&amp;ccb=7-5&amp;_nc_sid=18de74&amp;efg=eyJlZmdfdGFnIjoiRkVFRC5iZXN0X2ltYWdlX3VybGdlbi5DMyJ9&amp;_nc_ohc=HjImL6FpQWoQ7kNvwE7ZJ_M&amp;_nc_oc=AdrfQp8PsNDKaiZp77xX26i6FFBialCQWkXF3PIfwx67ajN9c55UFjA5vuqU5dskJtY&amp;_nc_zt=23&amp;_nc_ht=scontent-lhr6-2.cdninstagram.com&amp;edm=AM6HXa8EAAAA&amp;_nc_gid=nFPyu3KL3yddilG_NYm6kQ&amp;oh=00_Af2t5YnL-QYxUSFC791fnJf4cdjH3Tv2s0XGGCXzpgSv4A&amp;oe=69F335FB&quot;,&quot;320&quot;:&quot;https:\\\/\\\/scontent-lhr6-2.cdninstagram.com\\\/v\\\/t39.30808-6\\\/636993765_923339856907254_781494498652100574_n.jpg?stp=dst-jpg_e35_tt6&amp;_nc_cat=104&amp;ccb=7-5&amp;_nc_sid=18de74&amp;efg=eyJlZmdfdGFnIjoiRkVFRC5iZXN0X2ltYWdlX3VybGdlbi5DMyJ9&amp;_nc_ohc=HjImL6FpQWoQ7kNvwE7ZJ_M&amp;_nc_oc=AdrfQp8PsNDKaiZp77xX26i6FFBialCQWkXF3PIfwx67ajN9c55UFjA5vuqU5dskJtY&amp;_nc_zt=23&amp;_nc_ht=scontent-lhr6-2.cdninstagram.com&amp;edm=AM6HXa8EAAAA&amp;_nc_gid=nFPyu3KL3yddilG_NYm6kQ&amp;oh=00_Af2t5YnL-QYxUSFC791fnJf4cdjH3Tv2s0XGGCXzpgSv4A&amp;oe=69F335FB&quot;,&quot;640&quot;:&quot;https:\\\/\\\/scontent-lhr6-2.cdninstagram.com\\\/v\\\/t39.30808-6\\\/636993765_923339856907254_781494498652100574_n.jpg?stp=dst-jpg_e35_tt6&amp;_nc_cat=104&amp;ccb=7-5&amp;_nc_sid=18de74&amp;efg=eyJlZmdfdGFnIjoiRkVFRC5iZXN0X2ltYWdlX3VybGdlbi5DMyJ9&amp;_nc_ohc=HjImL6FpQWoQ7kNvwE7ZJ_M&amp;_nc_oc=AdrfQp8PsNDKaiZp77xX26i6FFBialCQWkXF3PIfwx67ajN9c55UFjA5vuqU5dskJtY&amp;_nc_zt=23&amp;_nc_ht=scontent-lhr6-2.cdninstagram.com&amp;edm=AM6HXa8EAAAA&amp;_nc_gid=nFPyu3KL3yddilG_NYm6kQ&amp;oh=00_Af2t5YnL-QYxUSFC791fnJf4cdjH3Tv2s0XGGCXzpgSv4A&amp;oe=69F335FB&quot;}\">\n\t\t\t<span class=\"sbi-screenreader\">\ud83c\udfac Edicte per un nou projecte audiovisual \u201cCamins d<\/span>\n\t\t\t\t\t\t\t\t\t<img src=\"https:\/\/www.madriu-perafita-claror.ad\/wp-content\/plugins\/instagram-feed\/img\/placeholder.png\" alt=\"\ud83c\udfac Edicte per un nou projecte audiovisual \u201cCamins de Mem\u00f2ria\u201d\n\nEl projecte vol refor\u00e7ar la difusi\u00f3 dels valors de la @vall_madriu_perafita_claror reconeguts internacionalment, connectant passat, present i futur a trav\u00e9s de nous formats visuals i immersius.\n\nM\u00e9s informaci\u00f3: \n\n\u27a1 https:\/\/www.bopa.ad\/Documents\/Detall?doc=CGVM_2026_02_13_08_16_22\n\nEsperem les vostres propostes!!\n\n@comuencamp @comuee @comusantjuliadeloria @andorracapital #vmpc #unesco #divulgaci\u00f3\" aria-hidden=\"true\">\n\t\t<\/a>\n\t<\/div>\n<\/div>\t<\/div>\n\n\t<div id=\"sbi_load\" >\n\n\t\t\t<button class=\"sbi_load_btn\"\n\t\t\ttype=\"button\" >\n\t\t\t<span class=\"sbi_btn_text\" >Cargar m\u00e1s...<\/span>\n\t\t\t<span class=\"sbi_loader sbi_hidden\" style=\"background-color: rgb(255, 255, 255);\" aria-hidden=\"true\"><\/span>\n\t\t<\/button>\n\t\n\t\t\t<span class=\"sbi_follow_btn\" >\n\t\t\t<a target=\"_blank\"\n\t\t\t\trel=\"nofollow noopener\"  href=\"https:\/\/www.instagram.com\/vall_madriu_perafita_claror\/\">\n\t\t\t\t<svg class=\"svg-inline--fa fa-instagram fa-w-14\" aria-hidden=\"true\" data-fa-processed=\"\" aria-label=\"Instagram\" data-prefix=\"fab\" data-icon=\"instagram\" role=\"img\" viewBox=\"0 0 448 512\">\n                    <path fill=\"currentColor\" d=\"M224.1 141c-63.6 0-114.9 51.3-114.9 114.9s51.3 114.9 114.9 114.9S339 319.5 339 255.9 287.7 141 224.1 141zm0 189.6c-41.1 0-74.7-33.5-74.7-74.7s33.5-74.7 74.7-74.7 74.7 33.5 74.7 74.7-33.6 74.7-74.7 74.7zm146.4-194.3c0 14.9-12 26.8-26.8 26.8-14.9 0-26.8-12-26.8-26.8s12-26.8 26.8-26.8 26.8 12 26.8 26.8zm76.1 27.2c-1.7-35.9-9.9-67.7-36.2-93.9-26.2-26.2-58-34.4-93.9-36.2-37-2.1-147.9-2.1-184.9 0-35.8 1.7-67.6 9.9-93.9 36.1s-34.4 58-36.2 93.9c-2.1 37-2.1 147.9 0 184.9 1.7 35.9 9.9 67.7 36.2 93.9s58 34.4 93.9 36.2c37 2.1 147.9 2.1 184.9 0 35.9-1.7 67.7-9.9 93.9-36.2 26.2-26.2 34.4-58 36.2-93.9 2.1-37 2.1-147.8 0-184.8zM398.8 388c-7.8 19.6-22.9 34.7-42.6 42.6-29.5 11.7-99.5 9-132.1 9s-102.7 2.6-132.1-9c-19.6-7.8-34.7-22.9-42.6-42.6-11.7-29.5-9-99.5-9-132.1s-2.6-102.7 9-132.1c7.8-19.6 22.9-34.7 42.6-42.6 29.5-11.7 99.5-9 132.1-9s102.7-2.6 132.1 9c19.6 7.8 34.7 22.9 42.6 42.6 11.7 29.5 9 99.5 9 132.1s2.7 102.7-9 132.1z\"><\/path>\n                <\/svg>\t\t\t\t<span>S\u00edguenos en Instagram<\/span>\n\t\t\t<\/a>\n\t\t<\/span>\n\t\n<\/div>\n\t\t<span class=\"sbi_resized_image_data\" data-feed-id=\"*1\"\n\t\t  data-resized=\"{&quot;17874075822515823&quot;:{&quot;id&quot;:&quot;636993765_923339856907254_781494498652100574_n&quot;,&quot;ratio&quot;:&quot;1.50&quot;,&quot;sizes&quot;:{&quot;full&quot;:640,&quot;low&quot;:320,&quot;thumb&quot;:150},&quot;extension&quot;:&quot;.webp&quot;},&quot;17847068601691450&quot;:{&quot;id&quot;:&quot;641396687_929050356336204_888233987489857947_n&quot;,&quot;ratio&quot;:&quot;1.33&quot;,&quot;sizes&quot;:{&quot;full&quot;:640,&quot;low&quot;:320,&quot;thumb&quot;:150},&quot;extension&quot;:&quot;.webp&quot;},&quot;17891899404327334&quot;:{&quot;id&quot;:&quot;670458782_18554858698070351_7391217553683398578_n&quot;,&quot;ratio&quot;:&quot;0.81&quot;,&quot;sizes&quot;:{&quot;full&quot;:640,&quot;low&quot;:320,&quot;thumb&quot;:150},&quot;extension&quot;:&quot;.webp&quot;},&quot;18185926690335592&quot;:{&quot;id&quot;:&quot;670888709_18555715624070351_2106879746768570564_n&quot;,&quot;ratio&quot;:&quot;1.33&quot;,&quot;sizes&quot;:{&quot;full&quot;:640,&quot;low&quot;:320,&quot;thumb&quot;:150},&quot;extension&quot;:&quot;.webp&quot;},&quot;18325764748271296&quot;:{&quot;id&quot;:&quot;676003100_972639641977275_3938858423323259227_n&quot;,&quot;ratio&quot;:&quot;1.00&quot;,&quot;sizes&quot;:{&quot;full&quot;:640,&quot;low&quot;:320,&quot;thumb&quot;:150},&quot;extension&quot;:&quot;.webp&quot;},&quot;18159579496448005&quot;:{&quot;id&quot;:&quot;679596527_974273961813843_1724488480958773458_n&quot;,&quot;ratio&quot;:&quot;1.00&quot;,&quot;sizes&quot;:{&quot;full&quot;:640,&quot;low&quot;:320,&quot;thumb&quot;:150},&quot;extension&quot;:&quot;.webp&quot;}}\">\n\t<\/span>\n\t<\/div>\n\n[\/vc_column_text][\/vc_column][\/vc_row]<\/p>\n<\/div>","protected":false},"excerpt":{"rendered":"<p>[vc_row][vc_column][vc_separator][vc_single_image image=&#8221;34463&#8243; img_size=&#8221;full&#8221;][\/vc_column][\/vc_row][vc_row][vc_column][vc_column_text] INSTAGRAM [\/vc_column_text][vc_column_text][\/vc_column_text][\/vc_column][\/vc_row]<\/p>\n","protected":false},"author":1,"featured_media":0,"parent":0,"menu_order":0,"comment_status":"closed","ping_status":"closed","template":"","meta":{"_acf_changed":false,"footnotes":""},"class_list":["post-34985","page","type-page","status-publish"],"acf":[],"_links":{"self":[{"href":"https:\/\/www.madriu-perafita-claror.ad\/en\/wp-json\/wp\/v2\/pages\/34985","targetHints":{"allow":["GET"]}}],"collection":[{"href":"https:\/\/www.madriu-perafita-claror.ad\/en\/wp-json\/wp\/v2\/pages"}],"about":[{"href":"https:\/\/www.madriu-perafita-claror.ad\/en\/wp-json\/wp\/v2\/types\/page"}],"author":[{"embeddable":true,"href":"https:\/\/www.madriu-perafita-claror.ad\/en\/wp-json\/wp\/v2\/users\/1"}],"replies":[{"embeddable":true,"href":"https:\/\/www.madriu-perafita-claror.ad\/en\/wp-json\/wp\/v2\/comments?post=34985"}],"version-history":[{"count":0,"href":"https:\/\/www.madriu-perafita-claror.ad\/en\/wp-json\/wp\/v2\/pages\/34985\/revisions"}],"wp:attachment":[{"href":"https:\/\/www.madriu-perafita-claror.ad\/en\/wp-json\/wp\/v2\/media?parent=34985"}],"curies":[{"name":"wp","href":"https:\/\/api.w.org\/{rel}","templated":true}]}}