{"id":35291,"date":"2019-03-28T14:48:14","date_gmt":"2019-03-28T14:48:14","guid":{"rendered":"https:\/\/www.madriu-perafita-claror.ad\/planifiqueu-la-vostra-visita"},"modified":"2019-07-18T14:30:21","modified_gmt":"2019-07-18T13:30:21","slug":"planifiqueu-la-vostra-visita","status":"publish","type":"page","link":"https:\/\/www.madriu-perafita-claror.ad\/en\/planifiqueu-la-vostra-visita\/","title":{"rendered":"Planifiqueu la vostra visita"},"content":{"rendered":"<div class=\"wpb-content-wrapper\"><p>[vc_row equal_height=&#8221;yes&#8221; css=&#8221;.vc_custom_1553166050444{margin-top: -18px !important;margin-right: 0px !important;margin-bottom: 0px !important;margin-left: 0px !important;}&#8221;][vc_column width=&#8221;1\/2&#8243; css=&#8221;.vc_custom_1457788634484{margin-left: 0px !important;padding-bottom: 400px !important;background-image: url(https:\/\/www.madriu-perafita-claror.ad\/wp-content\/uploads\/2016\/03\/5-6.jpg?id=9893) !important;background-position: center !important;background-repeat: no-repeat !important;background-size: cover !important;}&#8221;][\/vc_column][vc_column width=&#8221;1\/2&#8243; css=&#8221;.vc_custom_1457788641047{margin-right: 0px !important;padding-bottom: 400px !important;background-image: url(https:\/\/www.madriu-perafita-claror.ad\/wp-content\/uploads\/2016\/03\/15.jpg?id=9913) !important;background-position: center !important;background-repeat: no-repeat !important;background-size: cover !important;}&#8221;][\/vc_column][\/vc_row][vc_row equal_height=&#8221;yes&#8221; disable_element=&#8221;yes&#8221; css=&#8221;.vc_custom_1553166057414{margin-right: 0px !important;margin-bottom: 0px !important;margin-left: 0px !important;}&#8221;][vc_column width=&#8221;1\/2&#8243; css=&#8221;.vc_custom_1457788029212{background-image: url(https:\/\/www.madriu-perafita-claror.ad\/wp-content\/uploads\/2016\/03\/1-18.jpg?id=11923) !important;background-position: center !important;background-repeat: no-repeat !important;background-size: cover !important;}&#8221;]<div class=\"clearboth\"><\/div><style>#thegem-divider-69f70c960156c {margin-top: 25px !important;}<\/style><div id=\"thegem-divider-69f70c960156c\" class=\"gem-divider  \" style=\"\" ><\/div><div class=\"centered-box\"><div class=\"gem-icon gem-icon-pack-material gem-icon-size-medium  gem-icon-shape-circle \"  style=\"border-color: rgba(135,123,228,0.34);border-color: rgba(84,79,135,0.18);opacity: 1;\"><div class=\"gem-icon-inner\" style=\"background-color: rgba(135,123,228,0.34);\"><span class=\"gem-icon-half-1\" style=\"color: #ffffff;\"><span class=\"back-angle\">&#xf398;<\/span><\/span><span class=\"gem-icon-half-2\" style=\"color: #ffffff;\"><span class=\"back-angle\">&#xf398;<\/span><\/span><\/div><\/div><\/div><div class=\"clearboth\"><\/div><style>#thegem-divider-69f70c96015d4 {margin-top: 25px !important;}<\/style><div id=\"thegem-divider-69f70c96015d4\" class=\"gem-divider  \" style=\"\" ><\/div>[vc_column_text]<\/p>\n<div class=\"title-h4\" style=\"text-align: center;\"><span style=\"color: #ffffff;\">dolor ipsum<\/span><br \/>\n<span style=\"color: #ffffff;\">dolor sit amet<\/span><\/div>\n<p>[\/vc_column_text][vc_column_text]<\/p>\n<div style=\"text-align: center;\"><span style=\"color: #ffffff;\">Lorem ipsum dolor sit amet, consectetur adipisicing elit, sed do eiusmod tempor incididunt ut labore et dolore magna aliqua.<\/span><\/div>\n<p>[\/vc_column_text][\/vc_column][vc_column width=&#8221;1\/2&#8243; css=&#8221;.vc_custom_1457788645891{padding-top: 400px !important;background-image: url(https:\/\/www.madriu-perafita-claror.ad\/wp-content\/uploads\/2016\/03\/3-7.jpg?id=9889) !important;background-position: center !important;background-repeat: no-repeat !important;background-size: cover !important;}&#8221;][\/vc_column][\/vc_row][vc_row][vc_column]<div class=\"clearboth\"><\/div><style>#thegem-divider-69f70c96015f0 {margin-top: 46px !important;}<\/style><div id=\"thegem-divider-69f70c96015f0\" class=\"gem-divider  \" style=\"\" ><\/div>[vc_column_text]<\/p>\n<p class=\"p1\"><span class=\"s1\">L\u2019ocupaci\u00f3 de l\u2019home dintre de la vall es concentra a les zones de R\u00e0mio i Entremesaig\u00fces, on els habitants de principis del segle passat ens han deixat exemples representatius de les pr\u00e0ctiques\u00a0<\/span><span class=\"s2\"><b>agr\u00edcoles i ramaderes<\/b><\/span><span class=\"s1\">\u00a0de l\u2019\u00e8poca com els orris, les cabanes i feixes i altres de caire m\u00e9s\u00a0<\/span><span class=\"s2\"><b>industrial<\/b><\/span><span class=\"s1\">\u00a0com una farga de ferro o mines.<\/span><\/p>\n<p class=\"p1\"><span class=\"s1\">Hist\u00f2ricament, l\u2019economia de la vall es fonamentava en una\u00a0<\/span><span class=\"s2\"><b>simbiosi entre els interessos agr\u00edcoles, els de pastoreig i els sider\u00fargics<\/b><\/span><span class=\"s1\">, que es van veure obligats a adaptar-se a una orografia i a un clima adversos. Essencialment, el territori es va dedicar a l\u2019agricultura: el fons de vall va ser aprofitat com a zona de conreu per a l\u2019obtenci\u00f3 de productes agr\u00edcoles, tant per al consum hum\u00e0 com per al manteniment de la cabana ramadera, primer de bestiar ov\u00ed, despr\u00e9s equ\u00ed i posteriorment bov\u00ed. De fet, la ramaderia va esdevenir l\u2019altra activitat b\u00e0sica de la zona. D\u2019aquesta manera, aquestes dues activitats han representat un paper determinant per a la configuraci\u00f3 del paisatge tal i com el podem admirar avui, i per a l\u2019increment de la diversitat del medi. En definitiva, la tasca d\u2019agricultors i ramaders va propiciar el desenvolupament d\u2019alguns dels elements caracter\u00edstics de la vall que actualment li confereixen el seu valor: els mosaics aparentment aleatoris dels camps de cultiu, els prats de dall, els cortals (utilitzats antigament per al conreu de cereals, vinyes i tabac, o tamb\u00e9 per dur-hi a p\u00e9ixer el bestiar en \u00e8poques de temps m\u00e9s benigne) i les restes de cabanes de pastor i els orris, que servien per a controlar els ramats i aprofitar la llana i la llet del bestiar ov\u00ed. Aquesta interacci\u00f3 entre l\u2019home i la natura ha suposat al llarg del temps un notable enriquiment de la diversitat biol\u00f2gica per\u00f2 tamb\u00e9, de manera molt especial, del paisatge.<\/span><\/p>\n<p class=\"p1\"><span class=\"s1\">D\u2019aquestes pr\u00e0ctiques queden restes que es destinaven a\u00a0<\/span><span class=\"s2\"><b>guardar el bestiar<\/b><\/span><span class=\"s1\">, com s\u00f3n la Pleta de l\u2019Estall Serrer o el tancat de Graus. En aquesta zona trobem quatre cabanes en ru\u00efnes del que van ser, en el seu dia, refugis de pastors. A m\u00e9s de les cabanes de l\u2019Estall Serrer, es troben tamb\u00e9 les de Fontverd, del serrat de la Barracota, de Setut, de la Farga, de Claror, de Perafita i dels Estanys.<\/span><\/p>\n<p class=\"p2\"><span class=\"s1\">Les\u00a0<\/span><span class=\"s2\"><b>bordes<\/b><\/span><span class=\"s1\">\u00a0s\u00f3n construcci\u00f3 que donaven suport a les explotacions agr\u00edcoles allunyades de les cases propiet\u00e0ries, on els agricultors disposaven del necessari per a les feines del camp i alhora fer-hi vida mentre havien de treballar a la muntanya. N\u2019hi ha 12 dempeus i identificades, m\u00e9s sis en ru\u00efnes que s\u00f3n: la borda Sabater (en ru\u00efnes), la borda Sassanat, la borda de la Font del Bo\u00efgot, les tres bordes d\u2019Entremesaig\u00fces, les bordes de R\u00e0mio, que es componen d\u2019un conjunt de set bordes i quatre construccions en ru\u00efnes, i la borda de Fontverd, actualment en ru\u00efnes.<\/span><\/p>\n<p>[\/vc_column_text]<div class=\"clearboth\"><\/div><style>#thegem-divider-69f70c9601606 {margin-top: 40px !important;}<\/style><div id=\"thegem-divider-69f70c9601606\" class=\"gem-divider  \" style=\"\" ><\/div>[\/vc_column][\/vc_row][vc_row][vc_column]<div   class=\"gem-quote gem-quote-style-4 gem-quote-no-paddings \" ><blockquote  >&#8230;Lorem Ipsum proin gravida nibh vel velit auctor aliquet lorem quis bibendum auctor, nisi elit<\/blockquote><\/div>[\/vc_column][\/vc_row][vc_row][vc_column]<div class=\"clearboth\"><\/div><style>#thegem-divider-69f70c9601635 {margin-top: 46px !important;}<\/style><div id=\"thegem-divider-69f70c9601635\" class=\"gem-divider  \" style=\"\" ><\/div>[vc_column_text]<\/p>\n<p class=\"p1\"><span class=\"s1\">Altres exemples d\u2019arquitectura tradicional s\u00f3n els\u00a0<\/span><span class=\"s2\"><b>orris,\u00a0<\/b><\/span><span class=\"s1\">estructures en pedra seca que servien per munyir les ovelles del ramat i obtenir la llet amb la qual fer formatges. A la vall del Madriu trobem els de Setut, de la Rivera dels orris, de Mateu, del Planell gran, de Perafita i del Tur\u00f3 de l\u2019Estany de la Nou (tots en ru\u00efnes).<\/span><\/p>\n<p class=\"p2\"><span class=\"s1\">En el seg\u00fcent enlla\u00e7 trobareu la entrevista a l\u2019historiador Olivier Codina, que explica la hist\u00f2ria d\u2019Andorra a trav\u00e9s dels orris. Del minut 13.37 al minut 18.12 es parla dels orris de la vall del Madriu-Perafita-Claror:\u00a0<a href=\"http:\/\/www.andorradifusio.ad\/programes\/rotonda\/la-rotonda-10-de-novembre-del-2017\/la-rotonda-1part-historia-andorra-orris\"><span class=\"s3\">http:\/\/www.andorradifusio.ad\/programes\/rotonda\/la-rotonda-10-de-novembre-del-2017\/la-rotonda-1part-historia-andorra-orris<\/span><\/a><\/span><\/p>\n<p class=\"p1\"><span class=\"s1\">Com a mostres de l\u2019activitat industrial de principis del segle passat, a m\u00e9s d\u2019una serradora, les m\u00e9s de dues-centes carboneres i les mines de ferro a la Maiana, trobem una de les fargues m\u00e9s antigues d\u2019Andorra. Anomenada la\u00a0<\/span><span class=\"s2\"><b>Farga<\/b><\/span><span class=\"s1\">\u00a0d\u2019Escaldes o del Madriu, se situa a 1.990 m d\u2019al\u00e7ada, al costat del riu Madriu, amb activitat productiva de 1732 a algun moment d\u2019entre el 1832 i el 1838. El seu empla\u00e7ament dif\u00edcil va impedir que fos una de les m\u00e9s importants, per\u00f2 per la mateixa ra\u00f3, s\u00ed que va ser una de les m\u00e9s singulars.<\/span><\/p>\n<p class=\"p1\"><span class=\"s1\">\u00c9s durant els segles XVII i XIX que l\u2019explotaci\u00f3 ramadera conviu amb l\u2019explotaci\u00f3 sider\u00fargica i la vall assoleix un dels moments de m\u00e0xima antropitzaci\u00f3, i \u00e9s en aquell moment quan es construeix una part important del paisatge rural actual.<\/span><\/p>\n<p class=\"p1\"><span class=\"s1\">El\u00a0<\/span><span class=\"s2\"><b>cam\u00ed empedrat<\/b><\/span><span class=\"s1\">\u00a0de la vall del Madriu-Perafita-Claror (o cam\u00ed de la Muntanya) \u00e9s el nexe d\u2019uni\u00f3 de totes aquestes activitats que s\u2019han desenvolupat a la vall durant els darrers 600 anys, i alhora s\u00edmbol i testimoni privilegiat de la pres\u00e8ncia humana. Aquest cam\u00ed va ser emprat en els primers temps per pagesos, pastors, fargaires i paquetaires; m\u00e9s endavant per refugiats, viatgers i contrabandistes; i avui en dia per excursionistes; i per tot aix\u00f2 \u00e9s el s\u00edmbol per excel\u00b7l\u00e8ncia de la hist\u00f2ria de la vall i d\u2019Andorra. Eix vertebrador de les activitats econ\u00f2miques que han tingut lloc a la Vall, constitueix un dels valors m\u00e9s caracter\u00edstics i eminents d\u2019aquest paisatge cultural. Avui, el cam\u00ed de la Muntanya ha esdevingut un tram del sender de gran recorregut GR-7, que forma part del gran recorregut europeu E4, que va de Gr\u00e8cia a Gibraltar.<\/span><\/p>\n<p>[\/vc_column_text]<div class=\"clearboth\"><\/div><style>#thegem-divider-69f70c960164a {margin-top: 40px !important;}<\/style><div id=\"thegem-divider-69f70c960164a\" class=\"gem-divider  \" style=\"\" ><\/div>[\/vc_column][\/vc_row][vc_row][vc_column width=&#8221;1\/2&#8243;][vc_single_image image=&#8221;33632&#8243; img_size=&#8221;full&#8221;][\/vc_column][vc_column width=&#8221;1\/2&#8243;][vc_single_image image=&#8221;33629&#8243; img_size=&#8221;full&#8221;][\/vc_column][\/vc_row][vc_row][vc_column]<div class=\"clearboth\"><\/div><style>#thegem-divider-69f70c9601660 {margin-top: 46px !important;}<\/style><div id=\"thegem-divider-69f70c9601660\" class=\"gem-divider  \" style=\"\" ><\/div>[vc_column_text]L\u2019\u00faltima intervenci\u00f3 humana remarcable a la vall van ser els treballs de\u00a0<strong>FHASA<\/strong>\u00a0a la d\u00e8cada dels anys 30 del segle passat per construir els embassaments i col\u00b7lectors que abasteixen la presa d\u2019Engolasters. Les preses de R\u00e0mio i de l\u2019Illa, aix\u00ed com les conduccions excavades per proveir d\u2019un cabal suficient Engolasters s\u00f3n avui els testimonis m\u00e9s visibles dins de la vall del que en el seu moment va ser un projecte d\u2019enginyeria molt avan\u00e7at per l\u2019\u00e8poca. Les obres de FHASA estan \u00edntimament lligades a\u00a0<strong>la hist\u00f2ria del nostre pa\u00eds<\/strong>\u00a0perqu\u00e8 van obrir les portes a la modernitzaci\u00f3 i al progr\u00e9s d\u2019una Andorra que fins aleshores vivia pr\u00e0cticament del medi rural, amb unes vies de comunicaci\u00f3 deficients i una poblaci\u00f3 que sovint buscava millors oportunitats de vida a fora. A canvi de l\u2019explotaci\u00f3 durant un termini de 75 anys de tres salts d\u2019aigua per a la producci\u00f3 d\u2019energia el\u00e8ctrica, els concessionaris es comprometien a construir les carreteres que portarien els primers treballadors estrangers i la modernitat al pa\u00eds.<\/p>\n<p>\u00c9s cert que aquestes obres van modificar el paisatge, per\u00f2 alhora, i tal com s\u2019havia fet amb anterioritat en altres explotacions de recursos naturals, es va aconseguir mantenir un equilibri amb l\u2019entorn. A la vall del Madriu-Perafita-Claror l\u2019impacte va ser m\u00ednim, per\u00f2 algunes de les infraestructures que s\u2019hi van bastir, com les preses de l\u2019Illa i de R\u00e0mio, o la\u00a0<strong>caseta del guarda de la presa de R\u00e0mio<\/strong>\u00a0(un dels exemples m\u00e9s singulars de l\u2019arquitectura del granit de la primera meitat del segle XX), s\u00f3n avui una part essencial del patrimoni arquitect\u00f2nic de la zona.<\/p>\n<p align=\"JUSTIFY\">En la segona meitat del segle XX, amb l\u2019increment de l\u2019excursionisme, es construeixen els\u00a0<strong>refugis<\/strong>\u00a0de muntanya que permeten als excursionistes poder reposar. N\u2019hi ha cinc repartits per la vall: el de Claror, el de Perafita, el de Fontverd, el del riu dels Orris i el de l\u2019Illa a la parr\u00f2quia d\u2019Encamp. Dins la zona tamp\u00f3 hi ha el de Prat Primer, el de les \u00c0gols, el d\u2019Ensagents i el de Montmal\u00fas.<\/p>\n<p>La pedra seca<\/p>\n<p>Les construccions lligades a les activitats agr\u00edcoles i ramaderes s\u00f3n llegats de l\u2019arquitectura en pedra seca. Aquesta t\u00e8cnica ha contribu\u00eft a modelar el paisatge caracter\u00edstic de la muntanya mediterr\u00e0nia que \u00e9s alhora una expressi\u00f3 eminent de la simbiosi de la natura i l\u2019home, i paradigma de la sostenibilitat . En efecte, la t\u00e8cnica de la pedra seca ha perm\u00e8s habilitar els territoris per a l\u2019agricultura i la ramaderia amb el m\u00ednim de recursos, amb el m\u00e0xim d\u2019efici\u00e8ncia i amb el respecte total pel medi ambient. Aquesta t\u00e8cnica contribueix a incrementar la biodiversitat, en constituir un h\u00e0bitat privilegiat per a certes esp\u00e8cies de la flora i la fauna, a minimitzar la degradaci\u00f3 i l\u2019erosi\u00f3 dels s\u00f2ls i a millorar l\u2019aprofitament de l\u2019aigua de pluja. M\u00e9s enll\u00e0 d\u2019aquestes qualitats\u00a0<b>materials<\/b>, el patrimoni de la pedra seca constitueix un important capital de valors\u00a0<b>immaterials<\/b>\u00a0associats als coneixements, habilitats, formes d\u2019utilitzaci\u00f3 i d\u2019interpretaci\u00f3 col\u00b7lectives i individuals, lligats al medi tant com a les tradicions i expressions de les comunitats que s\u2019han anat succeint.<\/p>\n<p>Els empedrats, les feixes, les parets de tanca, les pletes, els orris o algunes cabanes s\u00f3n exemples d\u2019un patrimoni cultural ric en el nombre i en la varietat d\u2019elements representats a la vall, per\u00f2 tamb\u00e9 fr\u00e0gil, pel que caldr\u00e0 adoptar les mesures encaminades a millorar-ne el coneixement , la difusi\u00f3 i la conservaci\u00f3 integrada.[\/vc_column_text]<div class=\"clearboth\"><\/div><style>#thegem-divider-69f70c9601673 {margin-top: 40px !important;}<\/style><div id=\"thegem-divider-69f70c9601673\" class=\"gem-divider  \" style=\"\" ><\/div>[\/vc_column][\/vc_row]<\/p>\n<\/div>","protected":false},"excerpt":{"rendered":"<p>[vc_row equal_height=&#8221;yes&#8221; css=&#8221;.vc_custom_1553166050444{margin-top: -18px !important;margin-right: 0px !important;margin-bottom: 0px !important;margin-left: 0px !important;}&#8221;][vc_column width=&#8221;1\/2&#8243; css=&#8221;.vc_custom_1457788634484{margin-left: 0px !important;padding-bottom: 400px !important;background-image: url(https:\/\/www.madriu-perafita-claror.ad\/wp-content\/uploads\/2016\/03\/5-6.jpg?id=9893) !important;background-position: center&#8230;<\/p>\n","protected":false},"author":1,"featured_media":0,"parent":0,"menu_order":0,"comment_status":"closed","ping_status":"closed","template":"","meta":{"_acf_changed":false,"footnotes":""},"class_list":["post-35291","page","type-page","status-publish"],"acf":[],"_links":{"self":[{"href":"https:\/\/www.madriu-perafita-claror.ad\/en\/wp-json\/wp\/v2\/pages\/35291","targetHints":{"allow":["GET"]}}],"collection":[{"href":"https:\/\/www.madriu-perafita-claror.ad\/en\/wp-json\/wp\/v2\/pages"}],"about":[{"href":"https:\/\/www.madriu-perafita-claror.ad\/en\/wp-json\/wp\/v2\/types\/page"}],"author":[{"embeddable":true,"href":"https:\/\/www.madriu-perafita-claror.ad\/en\/wp-json\/wp\/v2\/users\/1"}],"replies":[{"embeddable":true,"href":"https:\/\/www.madriu-perafita-claror.ad\/en\/wp-json\/wp\/v2\/comments?post=35291"}],"version-history":[{"count":0,"href":"https:\/\/www.madriu-perafita-claror.ad\/en\/wp-json\/wp\/v2\/pages\/35291\/revisions"}],"wp:attachment":[{"href":"https:\/\/www.madriu-perafita-claror.ad\/en\/wp-json\/wp\/v2\/media?parent=35291"}],"curies":[{"name":"wp","href":"https:\/\/api.w.org\/{rel}","templated":true}]}}