{"id":35032,"date":"2019-04-14T00:38:49","date_gmt":"2019-04-13T23:38:49","guid":{"rendered":"https:\/\/www.madriu-perafita-claror.ad\/portal-vall"},"modified":"2025-12-10T07:51:19","modified_gmt":"2025-12-10T07:51:19","slug":"portal-vall","status":"publish","type":"page","link":"https:\/\/www.madriu-perafita-claror.ad\/es\/portal-vall\/","title":{"rendered":"Centro de atenci\u00f3n al visitante"},"content":{"rendered":"<div class=\"wpb-content-wrapper\"><p>[vc_row][vc_column][vc_separator][vc_single_image image=\u00bb44066&#8243; img_size=\u00bbfull\u00bb css=\u00bb\u00bb][\/vc_column][\/vc_row][vc_row][vc_column][vc_column_text css=\u00bb\u00bb]<\/p>\n<h2>CENTRO DE ATENCI\u00d3N AL VISITANTE<\/h2>\n<p>[\/vc_column_text][vc_column_text css=\u00bb\u00bb]Desde el dia 1 de octubre del 2025, podr\u00e9is encontrar <strong>el centro de atenci\u00f3n al visitante del valle del Madriu-Perafita-Claror <\/strong>en la Borda Gabriel situada en la calle de l\u2019Obach, en la parr\u00f3quia de Escaldes-Engordany<\/p>\n<p>En este centro, adem\u00e1s de encontrar toda la informaci\u00f3n sobre el valle, podr\u00e9is ver el documental de Alex Tena y Jaume Riba sobre la VMPC, y os podr\u00e9is apuntar a alguno de los talleres que se organizan peri\u00f3dicamente.<\/p>\n<p>Tambi\u00e9n podr\u00e9is adquirir el material de <a href=\"https:\/\/www.madriu-perafita-claror.ad\/es\/merxandatge-de-la-vmpc\/\" target=\"_blank\" rel=\"noopener\">merchandising<\/a> del valle.<\/p>\n<p>El horario de apertura del centro es de lunes a viernes:<\/p>\n<ul>\n<li>de 09h00 a 13h00 y de 13h30 a 16h30 desde Semana Santa hasta el 1 de noviembre<\/li>\n<li>de 08h00 a 15h00 durante el invierno<\/li>\n<\/ul>\n<p>Pod\u00e9is solicitar informaci\u00f3n llamando al +(376) 823.000 o por correo electr\u00f3nico a <a href=\"mailto:portal@madriu-perafita-claror.ad\">portal@madriu-perafita-claror.ad<\/a><\/p>\n<p>El acceso es gratuito. Os esperamos!<\/p>\n<p><img class=\"aligncenter size-large wp-image-44079\" src=\"https:\/\/www.madriu-perafita-claror.ad\/wp-content\/uploads\/2025\/12\/DESI8475-1024x512.jpg\" alt=\"\" width=\"1024\" height=\"512\" srcset=\"https:\/\/www.madriu-perafita-claror.ad\/wp-content\/uploads\/2025\/12\/DESI8475-1024x512.jpg 1024w, https:\/\/www.madriu-perafita-claror.ad\/wp-content\/uploads\/2025\/12\/DESI8475-300x150.jpg 300w, https:\/\/www.madriu-perafita-claror.ad\/wp-content\/uploads\/2025\/12\/DESI8475-768x384.jpg 768w, https:\/\/www.madriu-perafita-claror.ad\/wp-content\/uploads\/2025\/12\/DESI8475-1536x768.jpg 1536w, https:\/\/www.madriu-perafita-claror.ad\/wp-content\/uploads\/2025\/12\/DESI8475-2048x1024.jpg 2048w, https:\/\/www.madriu-perafita-claror.ad\/wp-content\/uploads\/2025\/12\/DESI8475-600x300.jpg 600w\" sizes=\"(max-width: 1024px) 100vw, 1024px\" \/>[\/vc_column_text][\/vc_column][\/vc_row]<\/p>\n<\/div>","protected":false},"excerpt":{"rendered":"<p>[vc_row][vc_column][vc_separator][vc_single_image image=\u00bb44066&#8243; img_size=\u00bbfull\u00bb css=\u00bb\u00bb][\/vc_column][\/vc_row][vc_row][vc_column][vc_column_text css=\u00bb\u00bb] CENTRO DE ATENCI\u00d3N AL VISITANTE [\/vc_column_text][vc_column_text css=\u00bb\u00bb]Desde el dia 1 de octubre del 2025, podr\u00e9is&#8230;<\/p>\n","protected":false},"author":1,"featured_media":0,"parent":0,"menu_order":0,"comment_status":"closed","ping_status":"closed","template":"","meta":{"_acf_changed":false,"footnotes":""},"class_list":["post-35032","page","type-page","status-publish"],"acf":[],"_links":{"self":[{"href":"https:\/\/www.madriu-perafita-claror.ad\/es\/wp-json\/wp\/v2\/pages\/35032","targetHints":{"allow":["GET"]}}],"collection":[{"href":"https:\/\/www.madriu-perafita-claror.ad\/es\/wp-json\/wp\/v2\/pages"}],"about":[{"href":"https:\/\/www.madriu-perafita-claror.ad\/es\/wp-json\/wp\/v2\/types\/page"}],"author":[{"embeddable":true,"href":"https:\/\/www.madriu-perafita-claror.ad\/es\/wp-json\/wp\/v2\/users\/1"}],"replies":[{"embeddable":true,"href":"https:\/\/www.madriu-perafita-claror.ad\/es\/wp-json\/wp\/v2\/comments?post=35032"}],"version-history":[{"count":0,"href":"https:\/\/www.madriu-perafita-claror.ad\/es\/wp-json\/wp\/v2\/pages\/35032\/revisions"}],"wp:attachment":[{"href":"https:\/\/www.madriu-perafita-claror.ad\/es\/wp-json\/wp\/v2\/media?parent=35032"}],"curies":[{"name":"wp","href":"https:\/\/api.w.org\/{rel}","templated":true}]}}