{"id":35042,"date":"2019-04-14T00:35:10","date_gmt":"2019-04-13T23:35:10","guid":{"rendered":"https:\/\/www.madriu-perafita-claror.ad\/oficines-turisme-andorra"},"modified":"2025-12-09T11:04:31","modified_gmt":"2025-12-09T11:04:31","slug":"oficinas-de-turismo-andorra","status":"publish","type":"page","link":"https:\/\/www.madriu-perafita-claror.ad\/es\/oficinas-de-turismo-andorra\/","title":{"rendered":"Oficinas de turismo"},"content":{"rendered":"<div class=\"wpb-content-wrapper\"><p>[vc_row][vc_column][vc_separator][vc_single_image image=\u00bb44027&#8243; img_size=\u00bbfull\u00bb css=\u00bb\u00bb][\/vc_column][\/vc_row][vc_row][vc_column][vc_column_text css=\u00bb\u00bb]<\/p>\n<h2>OFICINAS DE TURISMO<\/h2>\n<p>[\/vc_column_text][vc_column_text]Los visitantes pueden encontrar informaci\u00f3n en el <a href=\"https:\/\/www.madriu-perafita-claror.ad\/es\/portal-vall\/\">Portal de la Vall<\/a>, el centro de atenci\u00f3n de los visitantes del Valle, en las oficinas de turismo del pa\u00eds, o tambi\u00e9n, durante los meses de verano, en la caseta de informaci\u00f3n de Engolasters:[\/vc_column_text][vc_separator][\/vc_column][\/vc_row][vc_row][vc_column width=\u00bb1\/2&#8243;][vc_single_image image=\u00bb34663&#8243; img_size=\u00bbfull\u00bb][vc_column_text css=\u00bb\u00bb]<\/p>\n<h5>Oficina nacional de Turismo<\/h5>\n<p>Pla\u00e7a de la Rotonda, s\/n<br \/>\nAD500 Andorra la Vella<br \/>\nTel. : (+376) 750 100<br \/>\n&gt;\u00a0<span style=\"color: #808000;\"><a href=\"http:\/\/visitandorra.com\/ca\/\" target=\"_blank\" rel=\"noopener\">www.andorra.ad<\/a><\/span><br \/>\n&gt;\u00a0<span style=\"color: #808000;\"><a href=\"mailto:info@andorra.ad\">info@oficinaturisme.ad<\/a><em>\u00a0<\/em><\/span>[\/vc_column_text][\/vc_column][vc_column width=\u00bb1\/2&#8243;][vc_single_image image=\u00bb34831&#8243; img_size=\u00bbfull\u00bb][vc_column_text css=\u00bb\u00bb]<\/p>\n<h5>Oficina de Turismo de ENCAMP<\/h5>\n<p>Pla\u00e7a del Consell, 1<br \/>\nAD200 Encamp<br \/>\nTel. : (+376) 731 000<br \/>\n&gt;\u00a0<a href=\"https:\/\/www.encamp.ad\/?set_language=es&amp;view_name=https:\/\/www.encamp.ad\/portada_view\" target=\"_blank\" rel=\"noopener\">www.encamp.ad<\/a><br \/>\n&gt;\u00a0<a href=\"mailto:turisme@encamp.ad\">turisme@encamp.ad<\/a>[\/vc_column_text][\/vc_column][\/vc_row][vc_row][vc_column width=\u00bb1\/2&#8243;][vc_single_image image=\u00bb34834&#8243; img_size=\u00bbfull\u00bb][vc_column_text]<\/p>\n<h5>Oficina de Turismo De ENCAMP (FUNICAMP)<\/h5>\n<p>Av. de Fran\u00e7ois Mitterrand, 87<br \/>\nAD200 Encamp<br \/>\nTel. : (+376) 834 011<br \/>\n&gt;\u00a0<a href=\"mailto:turismefunicamp@encamp.ad\">turismefunicamp@encamp.ad<\/a>[\/vc_column_text][\/vc_column][vc_column width=\u00bb1\/2&#8243;][vc_single_image image=\u00bb34837&#8243; img_size=\u00bbfull\u00bb][vc_column_text]<\/p>\n<h5>Oficina de Turismo del PAS DE LA CASA<\/h5>\n<p>Av. Consell General, s\/n &#8211; Pas de la Casa<br \/>\nAD200 Encamp<br \/>\nTel. : (+376) 755 100<br \/>\nFax: (+376) 856 547<br \/>\n&gt;\u00a0<a href=\"mailto:turismepas@encamp.ad\">turismepas@encamp.ad<\/a>[\/vc_column_text][\/vc_column][\/vc_row][vc_row][vc_column width=\u00bb1\/2&#8243;][vc_single_image image=\u00bb34666&#8243; img_size=\u00bbfull\u00bb][vc_column_text css=\u00bb\u00bb]<\/p>\n<h5>Oficina de Turismo de SANT JULI\u00c0 DE L\u00d2RIA<\/h5>\n<p>Pla\u00e7a Laur\u00e8dia<br \/>\nAD600 Sant Juli\u00e0 de L\u00f2ria<br \/>\nTel. : (+376) 744 045<br \/>\n&gt;\u00a0<a href=\"https:\/\/santjulia.ad\/ca\/\" target=\"_blank\" rel=\"noopener\">www.santjulia.ad\/turisme<\/a><br \/>\n&gt;\u00a0<a href=\"mailto:turisme.lauredia@comusantjulia.ad\">turisme.lauredia@comusantjulia.ad<\/a>[\/vc_column_text][\/vc_column][vc_column width=\u00bb1\/2&#8243;][vc_single_image image=\u00bb34663&#8243; img_size=\u00bbfull\u00bb][vc_column_text css=\u00bb\u00bb]<\/p>\n<h5>Oficina de Turismo de ANDORRA LA VELLA<\/h5>\n<p>Pla\u00e7a de la Rotonda, s\/n<br \/>\nAD500 Andorra la Vella<br \/>\nTel. : (+376) 873 103<br \/>\n&gt;\u00a0<a href=\"http:\/\/www.andorralavella.ad\" target=\"_blank\" rel=\"noopener\">www.andorralavella.ad<\/a><br \/>\n&gt;\u00a0<a href=\"mailto:turisme@comuandorra.ad\">turisme@comuandorra.ad<\/a>[\/vc_column_text][\/vc_column][\/vc_row][vc_row][vc_column width=\u00bb1\/2&#8243;][vc_single_image image=\u00bb44058&#8243; img_size=\u00bbfull\u00bb css=\u00bb\u00bb][vc_column_text css=\u00bb\u00bb]<\/p>\n<h5>Oficina de Turismo de ESCALDES-ENGORDANY<\/h5>\n<p>Pla\u00e7a Santa Anna, s\/n<br \/>\nAD700 Escaldes-Engordany<br \/>\nTel. : (+376) 890 881<br \/>\n&gt; <a href=\"http:\/\/www.e-e.ad\/\" target=\"_blank\" rel=\"noopener\">www.e-e.ad<\/a><br \/>\n&gt;<a href=\"mailto:oficinaturisme@e-e.ad\"> oficinaturisme@e-e.ad<\/a>[\/vc_column_text][\/vc_column][vc_column width=\u00bb1\/2&#8243;][\/vc_column][\/vc_row]<\/p>\n<\/div>","protected":false},"excerpt":{"rendered":"<p>[vc_row][vc_column][vc_separator][vc_single_image image=\u00bb44027&#8243; img_size=\u00bbfull\u00bb css=\u00bb\u00bb][\/vc_column][\/vc_row][vc_row][vc_column][vc_column_text css=\u00bb\u00bb] OFICINAS DE TURISMO [\/vc_column_text][vc_column_text]Los visitantes pueden encontrar informaci\u00f3n en el Portal de la Vall, el&#8230;<\/p>\n","protected":false},"author":1,"featured_media":0,"parent":0,"menu_order":0,"comment_status":"closed","ping_status":"closed","template":"","meta":{"_acf_changed":false,"footnotes":""},"class_list":["post-35042","page","type-page","status-publish"],"acf":[],"_links":{"self":[{"href":"https:\/\/www.madriu-perafita-claror.ad\/es\/wp-json\/wp\/v2\/pages\/35042","targetHints":{"allow":["GET"]}}],"collection":[{"href":"https:\/\/www.madriu-perafita-claror.ad\/es\/wp-json\/wp\/v2\/pages"}],"about":[{"href":"https:\/\/www.madriu-perafita-claror.ad\/es\/wp-json\/wp\/v2\/types\/page"}],"author":[{"embeddable":true,"href":"https:\/\/www.madriu-perafita-claror.ad\/es\/wp-json\/wp\/v2\/users\/1"}],"replies":[{"embeddable":true,"href":"https:\/\/www.madriu-perafita-claror.ad\/es\/wp-json\/wp\/v2\/comments?post=35042"}],"version-history":[{"count":0,"href":"https:\/\/www.madriu-perafita-claror.ad\/es\/wp-json\/wp\/v2\/pages\/35042\/revisions"}],"wp:attachment":[{"href":"https:\/\/www.madriu-perafita-claror.ad\/es\/wp-json\/wp\/v2\/media?parent=35042"}],"curies":[{"name":"wp","href":"https:\/\/api.w.org\/{rel}","templated":true}]}}