{"id":35084,"date":"2019-04-13T20:04:58","date_gmt":"2019-04-13T19:04:58","guid":{"rendered":"https:\/\/www.madriu-perafita-claror.ad\/ascencions-escalades"},"modified":"2024-07-10T13:00:25","modified_gmt":"2024-07-10T12:00:25","slug":"ascensiones-y-escaladas","status":"publish","type":"page","link":"https:\/\/www.madriu-perafita-claror.ad\/es\/ascensiones-y-escaladas\/","title":{"rendered":"Ascensiones y escaladas"},"content":{"rendered":"<div class=\"wpb-content-wrapper\"><p>[vc_row][vc_column][vc_separator][vc_single_image image=\u00bb34498&#8243; img_size=\u00bbfull\u00bb][\/vc_column][\/vc_row][vc_row][vc_column][vc_column_text css=\u00bb\u00bb]<\/p>\n<h2>ascenciones y escaladas<\/h2>\n<p>[\/vc_column_text][vc_column_text]<span lang=\"ES\">Los picos y crestas de monta\u00f1as del valle del Madriu-Perafita-Claror proporcionan al aficionado a la escalada y al monta\u00f1ismo muchas posibilidades para practicar estos deportes durante todo el a\u00f1o. Hay diversas zonas del espacio protegido donde escaladores y alpinistas encontrar\u00e1n v\u00edas de diferentes grados de dificultad, desde pr\u00e1cticamente el nivel m\u00e1s bajo, id\u00f3neo para el aprendizaje, hasta niveles extremos, donde las caracter\u00edsticas de la roca y las condiciones clim\u00e1ticas permiten la pr\u00e1ctica de la escalada deportiva y de ascensiones, para las que se precisan conocimientos sobre las t\u00e9cnicas y el equipamiento necesario para la alta monta\u00f1a.<\/span>[\/vc_column_text][\/vc_column][\/vc_row][vc_row][vc_column][vc_column_text css=\u00bb\u00bb]<\/p>\n<h3>ZONAS DE ESCALADA Y V\u00cdAS FERRATAS<\/h3>\n<p>[\/vc_column_text][\/vc_column][\/vc_row][vc_row][vc_column width=\u00bb1\/2&#8243;][vc_column_text]<\/p>\n<h6>\u201cBOULDER\u201d(BLOQUE) DE COLL JOVELL<\/h6>\n<p><span lang=\"ES\">En la \u00faltima curva de la carretera de Engolasters hay que coger el GR11 en direcci\u00f3n sureste, hacia Coll Novell. Tras una caminata de unos quince minutos se llega a la zona de escalada: peque\u00f1as paredes gran\u00edticas, de seis a dieciocho metros de largo, con un total de cuarenta y una v\u00edas abiertas, con grados de dificultad que van desde el cuarto hasta el octavo. El \u00e1rea, situada a 1.620 metros de altitud y con exposici\u00f3n noroeste, est\u00e1 dividida en cinco sectores: Figa, Festa, del Sostre, Frankfurt y Can Faltegan. Los cuatro primeros se encuentran a pie del camino de Coll Jovell, mientras que para llegar al sector Can Faltegan, situado justo debajo del de Frankfurt, cogeremos el camino que baja hacia Escaldes-Engordany.<\/span>[\/vc_column_text][\/vc_column][vc_column width=\u00bb1\/2&#8243;][vc_column_text]<\/p>\n<h6>AGULLES D&#8217;ENGOLASTERS<\/h6>\n<p><span lang=\"ES\">Desde el mismo punto de partida que para ir al bloque de Coll Jovell, donde se encuentra el aparcamiento del Circuit de les Fonts, hay que seguir el camino que se adentra en direcci\u00f3n este. Al cabo de unos quince minutos, y tras un tramo final algo m\u00e1s pendiente, se llega al pie de Les Agulles d\u2019Engolasters, a 1.740 metros de altitud. Hay diecisiete v\u00edas con exposici\u00f3n noroeste, equipadas con parabolts de M10 por la Federaci\u00f3n Andorrana de Monta\u00f1ismo. Los grados de dificultad van del cuarto al 6b+, y los largos oscilan entre quince y treinta metros.<\/span>[\/vc_column_text][\/vc_column][\/vc_row][vc_row][vc_column width=\u00bb1\/2&#8243;][vc_column_text]<\/p>\n<table style=\"border-collapse: collapse; width: 100%;\" border=\"1\">\n<tbody>\n<tr style=\"height: 25px;\">\n<td style=\"width: 7.94271%; height: 25px; text-align: center;\">1<\/td>\n<td style=\"width: 23.4375%; height: 25px; text-align: center;\">Directa plus, placa<\/td>\n<td style=\"width: 6.78928%; height: 25px; text-align: center;\">15 m<\/td>\n<td style=\"width: 7.72742%; height: 25px; text-align: center;\">5c+<\/td>\n<\/tr>\n<tr style=\"height: 25px;\">\n<td style=\"width: 7.94271%; height: 25px; text-align: center;\">2<\/td>\n<td style=\"width: 23.4375%; height: 25px; text-align: center;\">Fissura Carricrudo<\/td>\n<td style=\"width: 6.78928%; height: 25px; text-align: center;\">15 m<\/td>\n<td style=\"width: 7.72742%; height: 25px; text-align: center;\">4<\/td>\n<\/tr>\n<tr style=\"height: 25px;\">\n<td style=\"width: 7.94271%; height: 25px; text-align: center;\">3<\/td>\n<td style=\"width: 23.4375%; height: 25px; text-align: center;\">Placa Xamonix<\/td>\n<td style=\"width: 6.78928%; height: 25px; text-align: center;\">12 m<\/td>\n<td style=\"width: 7.72742%; height: 25px; text-align: center;\">6b+<\/td>\n<\/tr>\n<tr style=\"height: 25px;\">\n<td style=\"width: 7.94271%; height: 25px; text-align: center;\">4<\/td>\n<td style=\"width: 23.4375%; height: 25px; text-align: center;\">Aresta LPP<\/td>\n<td style=\"width: 6.78928%; height: 25px; text-align: center;\">15 m<\/td>\n<td style=\"width: 7.72742%; height: 25px; text-align: center;\">5b<\/td>\n<\/tr>\n<tr style=\"height: 25px;\">\n<td style=\"width: 7.94271%; height: 25px; text-align: center;\">5<\/td>\n<td style=\"width: 23.4375%; height: 25px; text-align: center;\">Via del davant<\/td>\n<td style=\"width: 6.78928%; height: 25px; text-align: center;\">15 m<\/td>\n<td style=\"width: 7.72742%; height: 25px; text-align: center;\">5a<\/td>\n<\/tr>\n<tr style=\"height: 25px;\">\n<td style=\"width: 7.94271%; height: 25px; text-align: center;\">6<\/td>\n<td style=\"width: 23.4375%; height: 25px; text-align: center;\">Pla\u00e7a directa rip<\/td>\n<td style=\"width: 6.78928%; height: 25px; text-align: center;\">20 m<\/td>\n<td style=\"width: 7.72742%; height: 25px; text-align: center;\">5c<\/td>\n<\/tr>\n<tr style=\"height: 25px;\">\n<td style=\"width: 7.94271%; height: 25px; text-align: center;\">7<\/td>\n<td style=\"width: 23.4375%; height: 25px; text-align: center;\">Superfissura<\/td>\n<td style=\"width: 6.78928%; height: 25px; text-align: center;\">18 m<\/td>\n<td style=\"width: 7.72742%; height: 25px; text-align: center;\">5c<\/td>\n<\/tr>\n<tr style=\"height: 25px;\">\n<td style=\"width: 7.94271%; height: 25px; text-align: center;\">8<\/td>\n<td style=\"width: 23.4375%; height: 25px; text-align: center;\">Diedre verd<\/td>\n<td style=\"width: 6.78928%; height: 25px; text-align: center;\">15 m<\/td>\n<td style=\"width: 7.72742%; height: 25px; text-align: center;\">4b<\/td>\n<\/tr>\n<tr style=\"height: 25px;\">\n<td style=\"width: 7.94271%; height: 25px; text-align: center;\">9<\/td>\n<td style=\"width: 23.4375%; height: 25px; text-align: center;\">Placa Shiva<\/td>\n<td style=\"width: 6.78928%; height: 25px; text-align: center;\">15 m<\/td>\n<td style=\"width: 7.72742%; height: 25px; text-align: center;\">6a<\/td>\n<\/tr>\n<\/tbody>\n<\/table>\n<p>[\/vc_column_text][\/vc_column][vc_column width=\u00bb1\/2&#8243;][vc_column_text]<\/p>\n<table style=\"border-collapse: collapse; width: 100%;\" border=\"1\">\n<tbody>\n<tr style=\"height: 25px;\">\n<td style=\"width: 7.94271%; height: 25px; text-align: center;\">10<\/td>\n<td style=\"width: 23.4375%; height: 25px; text-align: center;\">Fissura Rajoli<\/td>\n<td style=\"width: 6.78928%; height: 25px; text-align: center;\">12 m<\/td>\n<td style=\"width: 7.72742%; height: 25px; text-align: center;\">4+<\/td>\n<\/tr>\n<tr style=\"height: 25px;\">\n<td style=\"width: 7.94271%; height: 25px; text-align: center;\">11<\/td>\n<td style=\"width: 23.4375%; height: 25px; text-align: center;\">Fissura bruta<\/td>\n<td style=\"width: 6.78928%; height: 25px; text-align: center;\">15 m<\/td>\n<td style=\"width: 7.72742%; height: 25px; text-align: center;\">4+<\/td>\n<\/tr>\n<tr style=\"height: 25px;\">\n<td style=\"width: 7.94271%; height: 25px; text-align: center;\">12<\/td>\n<td style=\"width: 23.4375%; height: 25px; text-align: center;\">Placa bau<\/td>\n<td style=\"width: 6.78928%; height: 25px; text-align: center;\">15 m<\/td>\n<td style=\"width: 7.72742%; height: 25px; text-align: center;\">4+<\/td>\n<\/tr>\n<tr style=\"height: 25px;\">\n<td style=\"width: 7.94271%; height: 25px; text-align: center;\">13<\/td>\n<td style=\"width: 23.4375%; height: 25px; text-align: center;\">Placa Cu\u00f1ayo<\/td>\n<td style=\"width: 6.78928%; height: 25px; text-align: center;\">15 m<\/td>\n<td style=\"width: 7.72742%; height: 25px; text-align: center;\">5b<\/td>\n<\/tr>\n<tr style=\"height: 25px;\">\n<td style=\"width: 7.94271%; height: 25px; text-align: center;\">14<\/td>\n<td style=\"width: 23.4375%; height: 25px; text-align: center;\">Placa fissurada<\/td>\n<td style=\"width: 6.78928%; height: 25px; text-align: center;\">20 m<\/td>\n<td style=\"width: 7.72742%; height: 25px; text-align: center;\">4<\/td>\n<\/tr>\n<tr style=\"height: 25px;\">\n<td style=\"width: 7.94271%; height: 25px; text-align: center;\">15<\/td>\n<td style=\"width: 23.4375%; height: 25px; text-align: center;\">Via de la llastra<\/td>\n<td style=\"width: 6.78928%; height: 25px; text-align: center;\">25 m<\/td>\n<td style=\"width: 7.72742%; height: 25px; text-align: center;\">4+<\/td>\n<\/tr>\n<tr style=\"height: 25px;\">\n<td style=\"width: 7.94271%; height: 25px; text-align: center;\">16<\/td>\n<td style=\"width: 23.4375%; height: 25px; text-align: center;\">Via dels sostrets<\/td>\n<td style=\"width: 6.78928%; height: 25px; text-align: center;\">28 m<\/td>\n<td style=\"width: 7.72742%; height: 25px; text-align: center;\">6a<\/td>\n<\/tr>\n<tr style=\"height: 25px;\">\n<td style=\"width: 7.94271%; height: 25px; text-align: center;\">17<\/td>\n<td style=\"width: 23.4375%; height: 25px; text-align: center;\">Via chapeau<\/td>\n<td style=\"width: 6.78928%; height: 25px; text-align: center;\">28 m<\/td>\n<td style=\"width: 7.72742%; height: 25px; text-align: center;\">6a<\/td>\n<\/tr>\n<\/tbody>\n<\/table>\n<p>[\/vc_column_text][\/vc_column][\/vc_row][vc_row][vc_column width=\u00bb1\/2&#8243;][vc_column_text]<\/p>\n<h5>PICO DE R\u00cdBULS<\/h5>\n<p align=\"JUSTIFY\"><span lang=\"ES\">El pico de R\u00edbuls (2.827 m) es una de las cumbres que cierran el circo de Pessons. La aproximaci\u00f3n m\u00e1s habitual se efect\u00faa desde el aparcamiento de la estaci\u00f3n de Grau Roig: se sube hasta el lago Estany Primer y despu\u00e9s de bordear la orilla se deja el camino, que sigue hacia la derecha, para continuar por en medio del valle siguiendo el curso del riachuelo. Despu\u00e9s de aproximadamente hora y media de camino, se llega al pie de la pared. La escalada se desarrolla principalmente en fisura y diedro, y se recomienda ir bien equipado para el fr\u00edo, incluso en pleno verano, debido a la altitud y a la exposici\u00f3n de las v\u00edas. Una vez alcanzada la cumbre, el descenso empieza siguiendo la cresta en direcci\u00f3n este hasta la collada, y desde ah\u00ed el descenso se realiza por una fuerte pendiente siguiendo un camino, en direcci\u00f3n norte, hasta el pie de la pared.<\/span><\/p>\n<p>[\/vc_column_text][\/vc_column][vc_column width=\u00bb1\/2&#8243;][vc_column_text]<\/p>\n<h5 align=\"JUSTIFY\">DIRECTA AL ESPOL\u00d3N N-O (270 METROS)<\/h5>\n<p class=\"western\" style=\"text-align: justify;\"><span lang=\"ES\">La v\u00eda empieza en el punto m\u00e1s bajo del espol\u00f3n y a partir del quinto largo sigue el recorrido de la cl\u00e1sica.<\/span><\/p>\n<p class=\"western\" style=\"text-align: justify;\"><span lang=\"ES\">Los cuatro primeros largos tienen entre 15 y 25 metros, con dificultad de cuarto, quinto y quinto superior, excepto el primer tramo, de tercer grado. Est\u00e1 equipada con clavos y hay que llevar diez cintas expr\u00e9s, material para las reuniones, un juego de fisureros y un juego de friends.<\/span><\/p>\n<p>[\/vc_column_text][\/vc_column][\/vc_row][vc_row][vc_column width=\u00bb1\/2&#8243;][vc_column_text]<\/p>\n<h5>V\u00cdA \u201cAMANECER\u201d (180 METROS)<\/h5>\n<p><span lang=\"ES\">V\u00eda de quinto y quinto superior con un paso de sexto que sube por la placa de grandes dimensiones que hay en medio de la vertiente este. Est\u00e1 equipada con clavos y espits. Hay que llevar diez cintas expr\u00e9s, material para las reuniones y un juego de fisureros. Cuatro largos, de cuarenta metros los dos primeros y de cincuenta los otros dos, y desde la \u00faltima reuni\u00f3n hay que montar un r\u00e1pel de unos 15 metros para bajar del espol\u00f3n y alcanzar la cumbre.<\/span>[\/vc_column_text][\/vc_column][vc_column width=\u00bb1\/2&#8243;][vc_column_text]<\/p>\n<h5 align=\"JUSTIFY\">CL\u00c1SICA AL ESPOL\u00d3N N-O (240 METROS)<\/h5>\n<p align=\"JUSTIFY\"><span lang=\"ES\">Escalada de tercer y cuarto, con algunos tramos de quinto, que arranca desde la canal que hay a la derecha del espol\u00f3n. La canal a menudo est\u00e1 h\u00fameda y se puede encontrar nieve al pie de la pared hasta comienzos de verano. La v\u00eda ofrece cinco largos de entre treinta y cuarenta metros y est\u00e1 equipada con clavos. Son necesarias ocho cintas expr\u00e9s, material para las reuniones y un juego de fisureros. Al final de la v\u00eda hay que montar un r\u00e1pel de cerca de quince metros para bajar del espol\u00f3n y seguir la cresta hasta la cumbre.<\/span><\/p>\n<p>[\/vc_column_text][\/vc_column][\/vc_row][vc_row][vc_column width=\u00bb1\/2&#8243;][vc_column_text]<\/p>\n<h5 align=\"JUSTIFY\">V\u00cdA \u201cSOL SOLET\u201d (150 METROS)<\/h5>\n<p><span lang=\"ES\">La v\u00eda sube a unos veinte metros de la v\u00eda \u201cAmanecer\u201d, en medio del pilar que sobresale entre el gran diedro que corta toda la pared y el diedro m\u00e1s peque\u00f1o de la izquierda, situado junto a la placa. Arriba del pilar hay que superar un desplome antes de llegar a un tramo m\u00e1s f\u00e1cil que enlaza con la tercera reuni\u00f3n de la v\u00eda \u201cAmanecer\u201d y seguir el recorrido de \u00e9sta hasta la cumbre. La dificultad de la v\u00eda es quinto superior, con pasos de A2. Est\u00e1 equipada con clavos y anillos de cordino. Necesitaremos diez cintas expr\u00e9s, material para las reuniones, un juego de fisureros y algunos clavos.<\/span>[\/vc_column_text][\/vc_column][vc_column width=\u00bb1\/2&#8243;][vc_column_text]<\/p>\n<h5 align=\"JUSTIFY\">ROC DE LA GUILLA<\/h5>\n<p align=\"JUSTIFY\"><span lang=\"ES\">Es un conjunto rocoso de granito, con exposici\u00f3n oeste y situado a 1.400 metros, donde hay abiertas un total de 33 v\u00edas, equipadas con parabolts de M10, con largos que van de 6 a 25 metros y que permiten practicar diferentes modalidades de escalada. Hay v\u00edas de diversas graduaciones de 5, 6 y 7. Integran la zona de escalada tres sectores: El Rebedor, Fa Temps y Can Caire.<\/span><\/p>\n<p>[\/vc_column_text][\/vc_column][\/vc_row][vc_row][vc_column width=\u00bb1\/2&#8243;][vc_column_text]<\/p>\n<table style=\"border-collapse: collapse; width: 100%;\" border=\"1\">\n<tbody>\n<tr style=\"height: 25px;\">\n<td style=\"width: 7.94271%; height: 25px; text-align: center;\">1<\/td>\n<td style=\"width: 23.4375%; height: 25px; text-align: center;\">Bruto tempo<\/td>\n<td style=\"width: 6.78928%; height: 25px; text-align: center;\">15 m<\/td>\n<td style=\"width: 7.72742%; height: 25px; text-align: center;\">5c<\/td>\n<\/tr>\n<tr style=\"height: 25px;\">\n<td style=\"width: 7.94271%; height: 25px; text-align: center;\">2<\/td>\n<td style=\"width: 23.4375%; height: 25px; text-align: center;\">Independ\u00e8ncia total<\/td>\n<td style=\"width: 6.78928%; height: 25px; text-align: center;\">15 m<\/td>\n<td style=\"width: 7.72742%; height: 25px; text-align: center;\">5b<\/td>\n<\/tr>\n<tr style=\"height: 25px;\">\n<td style=\"width: 7.94271%; height: 25px; text-align: center;\">3<\/td>\n<td style=\"width: 23.4375%; height: 25px; text-align: center;\">Classificaci\u00f3 ACR<\/td>\n<td style=\"width: 6.78928%; height: 25px; text-align: center;\">18 m<\/td>\n<td style=\"width: 7.72742%; height: 25px; text-align: center;\">6a<\/td>\n<\/tr>\n<tr style=\"height: 25px;\">\n<td style=\"width: 7.94271%; height: 25px; text-align: center;\">4<\/td>\n<td style=\"width: 23.4375%; height: 25px; text-align: center;\">La pedra \u00e9 mobile<\/td>\n<td style=\"width: 6.78928%; height: 25px; text-align: center;\">15 m<\/td>\n<td style=\"width: 7.72742%; height: 25px; text-align: center;\">7c<\/td>\n<\/tr>\n<tr style=\"height: 25px;\">\n<td style=\"width: 7.94271%; height: 25px; text-align: center;\">5<\/td>\n<td style=\"width: 23.4375%; height: 25px; text-align: center;\">Caire rai<\/td>\n<td style=\"width: 6.78928%; height: 25px; text-align: center;\">15 m<\/td>\n<td style=\"width: 7.72742%; height: 25px; text-align: center;\">5a<\/td>\n<\/tr>\n<tr style=\"height: 25px;\">\n<td style=\"width: 7.94271%; height: 25px; text-align: center;\">6<\/td>\n<td style=\"width: 23.4375%; height: 25px; text-align: center;\">Els furtius<\/td>\n<td style=\"width: 6.78928%; height: 25px; text-align: center;\">15 m<\/td>\n<td style=\"width: 7.72742%; height: 25px; text-align: center;\">5c<\/td>\n<\/tr>\n<tr style=\"height: 25px;\">\n<td style=\"width: 7.94271%; height: 25px; text-align: center;\">7<\/td>\n<td style=\"width: 23.4375%; height: 25px; text-align: center;\">L&#8217;inacabable<\/td>\n<td style=\"width: 6.78928%; height: 25px; text-align: center;\">15 m<\/td>\n<td style=\"width: 7.72742%; height: 25px; text-align: center;\">5a<\/td>\n<\/tr>\n<tr style=\"height: 25px;\">\n<td style=\"width: 7.94271%; height: 25px; text-align: center;\">8<\/td>\n<td style=\"width: 23.4375%; height: 25px; text-align: center;\">Sorra de dos<\/td>\n<td style=\"width: 6.78928%; height: 25px; text-align: center;\">15 m<\/td>\n<td style=\"width: 7.72742%; height: 25px; text-align: center;\">5b<\/td>\n<\/tr>\n<tr style=\"height: 25px;\">\n<td style=\"width: 7.94271%; height: 25px; text-align: center;\">9<\/td>\n<td style=\"width: 23.4375%; height: 25px; text-align: center;\">Quatre passes<\/td>\n<td style=\"width: 6.78928%; height: 25px; text-align: center;\">10 m<\/td>\n<td style=\"width: 7.72742%; height: 25px; text-align: center;\">6b<\/td>\n<\/tr>\n<tr style=\"height: 25px;\">\n<td style=\"width: 7.94271%; text-align: center; height: 25px;\">10<\/td>\n<td style=\"width: 23.4375%; text-align: center; height: 25px;\">Els mataplats<\/td>\n<td style=\"width: 6.78928%; text-align: center; height: 25px;\">10 m<\/td>\n<td style=\"width: 7.72742%; text-align: center; height: 25px;\">6b<\/td>\n<\/tr>\n<\/tbody>\n<\/table>\n<p>[\/vc_column_text][\/vc_column][vc_column width=\u00bb1\/2&#8243;][vc_column_text]<\/p>\n<table style=\"border-collapse: collapse; width: 100%;\" border=\"1\">\n<tbody>\n<tr style=\"height: 25px;\">\n<td style=\"width: 7.94271%; height: 25px; text-align: center;\">11<\/td>\n<td style=\"width: 23.4375%; height: 25px; text-align: center;\">Carrer formigues<\/td>\n<td style=\"width: 6.78928%; height: 25px; text-align: center;\">10 m<\/td>\n<td style=\"width: 7.72742%; height: 25px; text-align: center;\">6a<\/td>\n<\/tr>\n<tr style=\"height: 25px;\">\n<td style=\"width: 7.94271%; height: 25px; text-align: center;\">12<\/td>\n<td style=\"width: 23.4375%; height: 25px; text-align: center;\">Som i serem<\/td>\n<td style=\"width: 6.78928%; height: 25px; text-align: center;\">10 m<\/td>\n<td style=\"width: 7.72742%; height: 25px; text-align: center;\">6a<\/td>\n<\/tr>\n<tr style=\"height: 25px;\">\n<td style=\"width: 7.94271%; height: 25px; text-align: center;\">13<\/td>\n<td style=\"width: 23.4375%; height: 25px; text-align: center;\">Vais vere volare<\/td>\n<td style=\"width: 6.78928%; height: 25px; text-align: center;\">10 m<\/td>\n<td style=\"width: 7.72742%; height: 25px; text-align: center;\">6b<\/td>\n<\/tr>\n<tr style=\"height: 25px;\">\n<td style=\"width: 7.94271%; height: 25px; text-align: center;\">14<\/td>\n<td style=\"width: 23.4375%; height: 25px; text-align: center;\">Del roc no es guilla<\/td>\n<td style=\"width: 6.78928%; height: 25px; text-align: center;\">10 m<\/td>\n<td style=\"width: 7.72742%; height: 25px; text-align: center;\">6a<\/td>\n<\/tr>\n<tr style=\"height: 25px;\">\n<td style=\"width: 7.94271%; height: 25px; text-align: center;\">15<\/td>\n<td style=\"width: 23.4375%; height: 25px; text-align: center;\">El cuc<\/td>\n<td style=\"width: 6.78928%; height: 25px; text-align: center;\">10 m<\/td>\n<td style=\"width: 7.72742%; height: 25px; text-align: center;\">6a+<\/td>\n<\/tr>\n<tr style=\"height: 25px;\">\n<td style=\"width: 7.94271%; height: 25px; text-align: center;\">16<\/td>\n<td style=\"width: 23.4375%; height: 25px; text-align: center;\">Els perdigons ens toquen els collons<\/td>\n<td style=\"width: 6.78928%; height: 25px; text-align: center;\">10 m<\/td>\n<td style=\"width: 7.72742%; height: 25px; text-align: center;\">6a+<\/td>\n<\/tr>\n<tr style=\"height: 25px;\">\n<td style=\"width: 7.94271%; height: 25px; text-align: center;\">17<\/td>\n<td style=\"width: 23.4375%; height: 25px; text-align: center;\">Al tanto amb el green-pi<\/td>\n<td style=\"width: 6.78928%; height: 25px; text-align: center;\">6 m<\/td>\n<td style=\"width: 7.72742%; height: 25px; text-align: center;\">&#8211;<\/td>\n<\/tr>\n<tr style=\"height: 25px;\">\n<td style=\"width: 7.94271%; height: 25px; text-align: center;\">18<\/td>\n<td style=\"width: 23.4375%; height: 25px; text-align: center;\">S\u00f2nia<\/td>\n<td style=\"width: 6.78928%; height: 25px; text-align: center;\">6 m<\/td>\n<td style=\"width: 7.72742%; height: 25px; text-align: center;\">&#8211;<\/td>\n<\/tr>\n<tr style=\"height: 25px;\">\n<td style=\"width: 7.94271%; height: 25px; text-align: center;\">19<\/td>\n<td style=\"width: 23.4375%; height: 25px; text-align: center;\">Quincella-boy e quincalleta<\/td>\n<td style=\"width: 6.78928%; height: 25px; text-align: center;\">6 m<\/td>\n<td style=\"width: 7.72742%; height: 25px; text-align: center;\">&#8211;<\/td>\n<\/tr>\n<tr style=\"height: 25px;\">\n<td style=\"width: 7.94271%; text-align: center; height: 25px;\">20<\/td>\n<td style=\"width: 23.4375%; text-align: center; height: 25px;\">Terra promesa<\/td>\n<td style=\"width: 6.78928%; text-align: center; height: 25px;\">6 m<\/td>\n<td style=\"width: 7.72742%; text-align: center; height: 25px;\">&#8211;<\/td>\n<\/tr>\n<\/tbody>\n<\/table>\n<p>[\/vc_column_text][\/vc_column][\/vc_row][vc_row][vc_column][vc_column_text css=\u00bb\u00bb]<\/p>\n<h3>V\u00cdAS FERRATAS<\/h3>\n<p>[\/vc_column_text][\/vc_column][\/vc_row][vc_row][vc_column][vc_column_text]<\/p>\n<h5>ROC D\u2019ESQUERS<\/h5>\n<p><span lang=\"ES\">V\u00eda ferrata orientada al suroeste, de nivel entre f\u00e1cil y medio. Para llegar hay que salir del camino de Les Molleres y, a cincuenta metros, coger el camino de la derecha y seguirlo unos diez minutos hasta el pie de la v\u00eda. El desnivel es de 250 metros hasta los 1.780 metros de la cumbre. La ascensi\u00f3n se realiza entre 1 h 45 y 2 horas; el descenso a pie, en cambio, dura una hora. Hacia las tres cuartas partes de la v\u00eda hay una zona de descanso y es preciso cruzar un puente tibetano para llegar a la cumbre.<\/span>[\/vc_column_text][\/vc_column][\/vc_row][vc_row][vc_column][vc_column_text]<\/p>\n<h3><b>ASCENSIONES<\/b><\/h3>\n<p>[\/vc_column_text][\/vc_column][\/vc_row][vc_row][vc_column width=\u00bb1\/2&#8243;][vc_column_text]<\/p>\n<h5>PICO DE MONTURULL (TORRE DELS SOLDATS)<\/h5>\n<p align=\"JUSTIFY\"><span lang=\"ES\">Desde el puente de Sassanat se sigue el GR7 hasta Entremesaigu\u0308es, donde hay que girar a la derecha para iniciar la subida al refugio de Perafita y al lago Estany de la Nou. Un vez all\u00ed, hay que seguir las indicaciones del GRP hasta el refugio de Claror, y desde aqu\u00ed remontar el canchal que baja del pico Pic Negre hasta alcanzar la collada. Despu\u00e9s tan s\u00f3lo hay que seguir la ancha cresta hasta la cumbre. El descenso se efect\u00faa por la misma ruta<\/span><span style=\"font-family: Arial,sans-serif;\"><span style=\"font-size: small;\">.<\/span><\/span><\/p>\n<ul>\n<li>Tiempo aproximado: 8 horas (se puede hacer en dos d\u00edas, haciendo noche en el refugio de Claror)<\/li>\n<li>Desnivell: 1.350 metros<\/li>\n<li>Dificultat: media<\/li>\n<\/ul>\n<p>[\/vc_column_text][\/vc_column][vc_column width=\u00bb1\/2&#8243;][vc_column_text]<\/p>\n<h5>PICO DE LES \u00c0GOLS<\/h5>\n<div>\n<p align=\"JUSTIFY\"><span lang=\"ES\">Subir por la carretera de Els Cortals d\u2019Encamp (CS220) hasta la carretera de Les Pardines (PK 3,5). Ah\u00ed encontramos unos dep\u00f3sitos de agua. Tendremos que coger el camino que hay a la izquierda, marcado con puntos amarillos, hasta encontrar el camino de Les Agols. Seguir \u00e9ste hasta el refugio de Les Agols y una vez all\u00ed, seguir las indicaciones del pico de Les Agols, pasando por la cresta del lago Estany Blau para llegar a los lagos Estanys Forcats desde donde se divisa el refugio y el lago Estany de l\u2019Illa.<\/span><\/p>\n<\/div>\n<ul>\n<li>Tiempo aproximado: 5 horas<\/li>\n<li>Desnivel: 1.100 metros<\/li>\n<li>Dificultad: f\u00e1cil<\/li>\n<\/ul>\n<p>[\/vc_column_text][\/vc_column][\/vc_row][vc_row][vc_column width=\u00bb1\/2&#8243;][vc_column_text]<\/p>\n<h5>PICO DE LA PORTELLETA (TOSSA PLANA DE LLES)<\/h5>\n<p><span lang=\"ES\">Se remonta el curso del Madriu hasta el refugio del r\u00edo de Els Orris, donde se cruza el r\u00edo y se sigue hacia el sur, remontando pendientes de hierba y pastizales h\u00famedos hasta la zona superior del canchal. Una canal rocosa y bastante pendiente conduce al puerto de Setut, donde se gira direcci\u00f3n este siguiendo el hilo de la cresta rocosa (f\u00e1cil) hasta el pico de Setut. La ascensi\u00f3n contin\u00faa en direcci\u00f3n sureste, y poco despu\u00e9s hacia el este, por la arista casi plana y la rampa herbosa que lleva a la cumbre. Para el descenso y en direcci\u00f3n noreste, hay que coger pendientes f\u00e1ciles que conducen a la Collada de La Portelleta y desde ah\u00ed bajar una rampa empinada de piedra fina hasta llegar al pie del circo de La Portelleta. Continuaremos en direcci\u00f3n norte hasta el r\u00edo Madriu.<\/span><\/p>\n<p>Tiempo aproximado: 2 horas (desde Setut hasta la cumbre)<br \/>\nDesnivel: 600 metros<br \/>\nDificultad: f\u00e1cil[\/vc_column_text][\/vc_column][vc_column width=\u00bb1\/2&#8243;][vc_column_text]<\/p>\n<h5>ALT DEL GRIU Y PICO D\u2019ENSAGENTS<\/h5>\n<p><span lang=\"ES\">En la carretera de Els Cortals d\u2019Encamp (CS220) y a la altura del roc\u00f3dromo, iniciar el camino hacia el r\u00edo, atravesando un puente suspendido. Seguir la pista hasta encontrar un panel de madera que indica Cam\u00ed del bosc del Campe\u00e0. Seguir los puntos amarillos hasta llegar al prado Prat de Baix y despu\u00e9s a la izquierda, donde un panel de madera indica Collada d\u2019Entinyola. Llegar\u00e9is a los lagos de Ensagents para subir, siguiendo el camino de la izquierda, al pico del Griu. Bajar siguiendo la cresta para llegar a las Collades Baixes d\u2019Emportona y, por \u00faltimo, al pico de Ensagents. Si se desea, continuar por la cresta hasta la Collada de Pessons.<\/span><\/p>\n<ul>\n<li>Tiempo aproximado: 4 horas<\/li>\n<li>Desnivel: 700 metros<\/li>\n<li>Dificultad: media-alta<\/li>\n<\/ul>\n<p>[\/vc_column_text][\/vc_column][\/vc_row][vc_row][vc_column][vc_column_text]<\/p>\n<h5>LA MUGA, POR ARISTA NORESTE<\/h5>\n<p><span lang=\"ES\">Desde el refugio de l\u2019Illa se coge el camino que sale al sureste en direcci\u00f3n al puerto de Vall Civera. Se atraviesa el puerto y se contin\u00faa en diagonal hacia la derecha, en direcci\u00f3n a la vertiente noroeste de La Muga, hasta el pie de la arista que destaca a la izquierda. El primer tramo, muy a\u00e9reo, gana altura r\u00e1pidamente entre gendarmes y brechas, aunque sin grandes dificultades. A partir de ah\u00ed, la arista se va ensanchando poco a poco hasta la cumbre. El descenso se hace por la arista oeste hasta la Collada de La Muga y se retrocede hasta la Collada de Vall Civera y el refugio.<\/span><\/p>\n<ul>\n<li>Tiempo aproximado: 2 horas (desde el refugio)<\/li>\n<li>Desnivel: 400 metros<\/li>\n<li>Dificultad: f\u00e1cil-media<\/li>\n<\/ul>\n<p>[\/vc_column_text][\/vc_column][\/vc_row]<\/p>\n<\/div>","protected":false},"excerpt":{"rendered":"<p>[vc_row][vc_column][vc_separator][vc_single_image image=\u00bb34498&#8243; img_size=\u00bbfull\u00bb][\/vc_column][\/vc_row][vc_row][vc_column][vc_column_text css=\u00bb\u00bb] ascenciones y escaladas [\/vc_column_text][vc_column_text]Los picos y crestas de monta\u00f1as del valle del Madriu-Perafita-Claror proporcionan al aficionado&#8230;<\/p>\n","protected":false},"author":1,"featured_media":0,"parent":0,"menu_order":0,"comment_status":"closed","ping_status":"closed","template":"","meta":{"_acf_changed":false,"footnotes":""},"class_list":["post-35084","page","type-page","status-publish"],"acf":[],"_links":{"self":[{"href":"https:\/\/www.madriu-perafita-claror.ad\/es\/wp-json\/wp\/v2\/pages\/35084","targetHints":{"allow":["GET"]}}],"collection":[{"href":"https:\/\/www.madriu-perafita-claror.ad\/es\/wp-json\/wp\/v2\/pages"}],"about":[{"href":"https:\/\/www.madriu-perafita-claror.ad\/es\/wp-json\/wp\/v2\/types\/page"}],"author":[{"embeddable":true,"href":"https:\/\/www.madriu-perafita-claror.ad\/es\/wp-json\/wp\/v2\/users\/1"}],"replies":[{"embeddable":true,"href":"https:\/\/www.madriu-perafita-claror.ad\/es\/wp-json\/wp\/v2\/comments?post=35084"}],"version-history":[{"count":0,"href":"https:\/\/www.madriu-perafita-claror.ad\/es\/wp-json\/wp\/v2\/pages\/35084\/revisions"}],"wp:attachment":[{"href":"https:\/\/www.madriu-perafita-claror.ad\/es\/wp-json\/wp\/v2\/media?parent=35084"}],"curies":[{"name":"wp","href":"https:\/\/api.w.org\/{rel}","templated":true}]}}