{"id":35209,"date":"2019-04-08T18:23:02","date_gmt":"2019-04-08T17:23:02","guid":{"rendered":"https:\/\/www.madriu-perafita-claror.ad\/rutes-suggerides"},"modified":"2024-07-10T12:57:08","modified_gmt":"2024-07-10T11:57:08","slug":"rutas-sugeridas","status":"publish","type":"page","link":"https:\/\/www.madriu-perafita-claror.ad\/es\/rutas-sugeridas\/","title":{"rendered":"Rutas sugeridas"},"content":{"rendered":"<div class=\"wpb-content-wrapper\"><p>[vc_row][vc_column][vc_separator][vc_single_image image=\u00bb34504&#8243; img_size=\u00bbfull\u00bb][\/vc_column][\/vc_row][vc_row][vc_column][vc_column_text css=\u00bb\u00bb]<\/p>\n<h2>RUTAS SUGERIDAS<\/h2>\n<p>[\/vc_column_text][vc_column_text]El valle ofrece un entorno \u00fanico para realizar excursiones, m\u00e1s o menos largas, m\u00e1s o menos dif\u00edciles. A continuaci\u00f3n encontrar\u00e1n algunos itinerarios de los que se pueden inspirar:<\/p>\n<h2 style=\"text-align: center;\"><img class=\"alignnone size-full wp-image-36223\" src=\"https:\/\/www.madriu-perafita-claror.ad\/wp-content\/uploads\/2019\/08\/scheme-routes-numerades.jpg\" alt=\"\" width=\"1260\" height=\"760\" \/><\/h2>\n<p>[\/vc_column_text][\/vc_column][\/vc_row][vc_row el_id=\u00bbbaixa\u00bb][vc_column][vc_tta_tabs][vc_tta_section title=\u00bbDificultad baja (II)\u00bb tab_id=\u00bbbaixa\u00bb][vc_row_inner][vc_column_inner width=\u00bb1\/3&#8243;][vc_single_image image=\u00bb34909&#8243; img_size=\u00bbfull\u00bb alignment=\u00bbcenter\u00bb][vc_column_text]<\/p>\n<p style=\"text-align: center;\"><a href=\"https:\/\/www.madriu-perafita-claror.ad\/es\/itinerari-01\" target=\"_blank\" rel=\"noopener\"><strong>ITINERARIO 1<\/strong><\/a><\/p>\n<p style=\"text-align: center;\">Vuelta a R\u00e0mio desde la fuente de la Closa (circular)<\/p>\n<p>[\/vc_column_text][\/vc_column_inner][vc_column_inner width=\u00bb1\/3&#8243;][vc_single_image image=\u00bb34912&#8243; img_size=\u00bbfull\u00bb alignment=\u00bbcenter\u00bb][vc_column_text]<\/p>\n<p style=\"text-align: center;\"><a href=\"https:\/\/www.madriu-perafita-claror.ad\/es\/itinerari-01-bis\" target=\"_blank\" rel=\"noopener\"><strong>ITINERARIO 1 bis<\/strong><\/a><\/p>\n<p style=\"text-align: center;\">Engolasters-Fontverd-La Plana (traves\u00eda)<\/p>\n<p>[\/vc_column_text][\/vc_column_inner][vc_column_inner width=\u00bb1\/3&#8243;][vc_single_image image=\u00bb34915&#8243; img_size=\u00bbfull\u00bb alignment=\u00bbcenter\u00bb][vc_column_text]<\/p>\n<p style=\"text-align: center;\"><a href=\"https:\/\/www.madriu-perafita-claror.ad\/es\/itinerari-09\" target=\"_blank\" rel=\"noopener\"><strong>ITINERARIO 9<\/strong><\/a><\/p>\n<p style=\"text-align: center;\">La Rabassa-Claror-Perafita-La Plana (traves\u00eda)<\/p>\n<p>[\/vc_column_text][\/vc_column_inner][\/vc_row_inner][\/vc_tta_section][vc_tta_section title=\u00bbDificultad moderada (III)\u00bb tab_id=\u00bbmoderada\u00bb][vc_row_inner][vc_column_inner width=\u00bb1\/3&#8243;][vc_single_image image=\u00bb34900&#8243; img_size=\u00bbfull\u00bb alignment=\u00bbcenter\u00bb][vc_column_text]<\/p>\n<p style=\"text-align: center;\"><a href=\"https:\/\/www.madriu-perafita-claror.ad\/es\/itinerari-02\" target=\"_blank\" rel=\"noopener\"><strong>ITINERARIO 2<\/strong><\/a><\/p>\n<p style=\"text-align: center;\">Madriu-collada de la Maiana-Perafita (circular)<\/p>\n<p>[\/vc_column_text][\/vc_column_inner][vc_column_inner width=\u00bb1\/3&#8243;][vc_single_image image=\u00bb34903&#8243; img_size=\u00bbfull\u00bb alignment=\u00bbcenter\u00bb][vc_column_text]<\/p>\n<p style=\"text-align: center;\"><a href=\"https:\/\/www.madriu-perafita-claror.ad\/es\/itinerari-04\" target=\"_blank\" rel=\"noopener\"><strong>ITINERARIO 4<\/strong><\/a><\/p>\n<p style=\"text-align: center;\">Lago de la Nou-Claror-Perafita (circular)<\/p>\n<p>[\/vc_column_text][\/vc_column_inner][vc_column_inner width=\u00bb1\/3&#8243;][vc_single_image image=\u00bb34906&#8243; img_size=\u00bbfull\u00bb alignment=\u00bbcenter\u00bb][vc_column_text]<\/p>\n<p style=\"text-align: center;\"><a href=\"https:\/\/www.madriu-perafita-claror.ad\/es\/itinerari-06\" target=\"_blank\" rel=\"noopener\"><strong>ITINERARIO 6<\/strong><\/a><\/p>\n<p style=\"text-align: center;\">Lago de l\u2019Illa des de Grau Roig (circular)<\/p>\n<p>[\/vc_column_text][\/vc_column_inner][\/vc_row_inner][\/vc_tta_section][vc_tta_section title=\u00bbRutas de mayor dificultad (IV)\u00bb tab_id=\u00bbalta\u00bb][vc_row_inner][vc_column_inner width=\u00bb1\/3&#8243;][vc_single_image image=\u00bb34879&#8243; img_size=\u00bbfull\u00bb alignment=\u00bbcenter\u00bb][vc_column_text]<\/p>\n<p style=\"text-align: center;\"><a href=\"https:\/\/www.madriu-perafita-claror.ad\/es\/itinerari-03\" target=\"_blank\" rel=\"noopener\"><strong>ITINERARIO 3<\/strong><\/a><\/p>\n<p style=\"text-align: center;\">Agols-estany de l\u2019Illa-Madriu desde Engolasters (circular)<\/p>\n<p>[\/vc_column_text][\/vc_column_inner][vc_column_inner width=\u00bb1\/3&#8243;][vc_single_image image=\u00bb34882&#8243; img_size=\u00bbfull\u00bb alignment=\u00bbcenter\u00bb][vc_column_text]<\/p>\n<p style=\"text-align: center;\"><a href=\"https:\/\/www.madriu-perafita-claror.ad\/es\/itinerari-05\" target=\"_blank\" rel=\"noopener\"><strong>ITINERARIO 5<\/strong><\/a><\/p>\n<p style=\"text-align: center;\">Prat Primer y Calm de Claror (circular)<\/p>\n<p>[\/vc_column_text][\/vc_column_inner][vc_column_inner width=\u00bb1\/3&#8243;][vc_single_image image=\u00bb34885&#8243; img_size=\u00bbfull\u00bb alignment=\u00bbcenter\u00bb][vc_column_text]<\/p>\n<p style=\"text-align: center;\"><a href=\"https:\/\/www.madriu-perafita-claror.ad\/es\/itinerari-07\" target=\"_blank\" rel=\"noopener\"><strong>ITINERARIO 7<\/strong><\/a><\/p>\n<p style=\"text-align: center;\">La tosa del Braibal y estany Blau (circular)<\/p>\n<p>[\/vc_column_text][\/vc_column_inner][\/vc_row_inner][vc_row_inner][vc_column_inner width=\u00bb1\/4&#8243;][vc_single_image image=\u00bb34888&#8243; img_size=\u00bbfull\u00bb alignment=\u00bbcenter\u00bb][vc_column_text]<\/p>\n<p style=\"text-align: center;\"><a href=\"https:\/\/www.madriu-perafita-claror.ad\/es\/itinerari-08\" target=\"_blank\" rel=\"noopener\"><strong>ITINERARIO 8<\/strong><\/a><\/p>\n<p style=\"text-align: center;\">Cumbre de Perafita desde el lago de la Pera (circular)<\/p>\n<p>[\/vc_column_text][\/vc_column_inner][vc_column_inner width=\u00bb1\/4&#8243;][vc_single_image image=\u00bb34891&#8243; img_size=\u00bbfull\u00bb alignment=\u00bbcenter\u00bb][vc_column_text]<\/p>\n<p style=\"text-align: center;\"><a href=\"https:\/\/www.madriu-perafita-claror.ad\/es\/itinerari-08-bis\" target=\"_blank\" rel=\"noopener\"><strong>ITINERARIO 8 bis<\/strong><\/a><\/p>\n<p style=\"text-align: center;\">Perafita-Maiana-Tosa Plana-Torre dels Soldats-Claror.\u00a0La nou (circular)<\/p>\n<p>[\/vc_column_text][\/vc_column_inner][vc_column_inner width=\u00bb1\/4&#8243;][vc_single_image image=\u00bb34894&#8243; img_size=\u00bbfull\u00bb alignment=\u00bbcenter\u00bb][vc_column_text]<\/p>\n<p style=\"text-align: center;\"><a href=\"https:\/\/www.madriu-perafita-claror.ad\/es\/itinerari-10\" target=\"_blank\" rel=\"noopener\"><strong>ITINERARIO 10<\/strong><\/a><\/p>\n<p style=\"text-align: center;\">Ensagents-lago de la Illa desde Cortals de Encamp (circular)<\/p>\n<p>[\/vc_column_text][\/vc_column_inner][vc_column_inner width=\u00bb1\/4&#8243;][vc_single_image image=\u00bb34897&#8243; img_size=\u00bbfull\u00bb alignment=\u00bbcenter\u00bb][vc_column_text]<\/p>\n<p style=\"text-align: center;\"><a href=\"https:\/\/www.madriu-perafita-claror.ad\/es\/itinerari-11\" target=\"_blank\" rel=\"noopener\"><strong>ITINERARIO 11<\/strong><\/a><\/p>\n<p style=\"text-align: center;\">Los lagos del norte (traves\u00eda)<\/p>\n<p>[\/vc_column_text][\/vc_column_inner][\/vc_row_inner][\/vc_tta_section][\/vc_tta_tabs][\/vc_column][\/vc_row]<\/p>\n<\/div>","protected":false},"excerpt":{"rendered":"<p>[vc_row][vc_column][vc_separator][vc_single_image image=\u00bb34504&#8243; img_size=\u00bbfull\u00bb][\/vc_column][\/vc_row][vc_row][vc_column][vc_column_text css=\u00bb\u00bb] RUTAS SUGERIDAS [\/vc_column_text][vc_column_text]El valle ofrece un entorno \u00fanico para realizar excursiones, m\u00e1s o menos largas, m\u00e1s&#8230;<\/p>\n","protected":false},"author":1,"featured_media":0,"parent":0,"menu_order":0,"comment_status":"closed","ping_status":"closed","template":"","meta":{"_acf_changed":false,"footnotes":""},"class_list":["post-35209","page","type-page","status-publish"],"acf":[],"_links":{"self":[{"href":"https:\/\/www.madriu-perafita-claror.ad\/es\/wp-json\/wp\/v2\/pages\/35209","targetHints":{"allow":["GET"]}}],"collection":[{"href":"https:\/\/www.madriu-perafita-claror.ad\/es\/wp-json\/wp\/v2\/pages"}],"about":[{"href":"https:\/\/www.madriu-perafita-claror.ad\/es\/wp-json\/wp\/v2\/types\/page"}],"author":[{"embeddable":true,"href":"https:\/\/www.madriu-perafita-claror.ad\/es\/wp-json\/wp\/v2\/users\/1"}],"replies":[{"embeddable":true,"href":"https:\/\/www.madriu-perafita-claror.ad\/es\/wp-json\/wp\/v2\/comments?post=35209"}],"version-history":[{"count":0,"href":"https:\/\/www.madriu-perafita-claror.ad\/es\/wp-json\/wp\/v2\/pages\/35209\/revisions"}],"wp:attachment":[{"href":"https:\/\/www.madriu-perafita-claror.ad\/es\/wp-json\/wp\/v2\/media?parent=35209"}],"curies":[{"name":"wp","href":"https:\/\/api.w.org\/{rel}","templated":true}]}}