{"id":34946,"date":"2019-06-05T15:46:27","date_gmt":"2019-06-05T14:46:27","guid":{"rendered":"https:\/\/www.madriu-perafita-claror.ad\/institucions"},"modified":"2024-08-29T13:42:41","modified_gmt":"2024-08-29T12:42:41","slug":"institucions","status":"publish","type":"page","link":"https:\/\/www.madriu-perafita-claror.ad\/fr\/institucions\/","title":{"rendered":"Institutions\/Organismes internationaux"},"content":{"rendered":"<div class=\"wpb-content-wrapper\"><p>[vc_row][vc_column][vc_separator][vc_single_image image=\u00a0\u00bb34464&Prime; img_size=\u00a0\u00bbfull\u00a0\u00bb][\/vc_column][\/vc_row][vc_row equal_height=\u00a0\u00bbyes\u00a0\u00bb disable_element=\u00a0\u00bbyes\u00a0\u00bb css=\u00a0\u00bb.vc_custom_1553869245528{margin-top: -18px !important;margin-right: 0px !important;margin-bottom: 0px !important;margin-left: 0px !important;}\u00a0\u00bb][vc_column width=\u00a0\u00bb1\/2&Prime; css=\u00a0\u00bb.vc_custom_1457788634484{margin-left: 0px !important;padding-bottom: 400px !important;background-image: url(https:\/\/www.madriu-perafita-claror.ad\/wp-content\/uploads\/2016\/03\/5-6.jpg?id=9893) !important;background-position: center !important;background-repeat: no-repeat !important;background-size: cover !important;}\u00a0\u00bb][\/vc_column][vc_column width=\u00a0\u00bb1\/2&Prime; css=\u00a0\u00bb.vc_custom_1457788641047{margin-right: 0px !important;padding-bottom: 400px !important;background-image: url(https:\/\/www.madriu-perafita-claror.ad\/wp-content\/uploads\/2016\/03\/15.jpg?id=9913) !important;background-position: center !important;background-repeat: no-repeat !important;background-size: cover !important;}\u00a0\u00bb][\/vc_column][\/vc_row][vc_row equal_height=\u00a0\u00bbyes\u00a0\u00bb disable_element=\u00a0\u00bbyes\u00a0\u00bb css=\u00a0\u00bb.vc_custom_1553166057414{margin-right: 0px !important;margin-bottom: 0px !important;margin-left: 0px !important;}\u00a0\u00bb][vc_column width=\u00a0\u00bb1\/2&Prime; css=\u00a0\u00bb.vc_custom_1457788029212{background-image: url(https:\/\/www.madriu-perafita-claror.ad\/wp-content\/uploads\/2016\/03\/1-18.jpg?id=11923) !important;background-position: center !important;background-repeat: no-repeat !important;background-size: cover !important;}\u00a0\u00bb]<div class=\"clearboth\"><\/div><style>#thegem-divider-69f455312c699 {margin-top: 25px !important;}<\/style><div id=\"thegem-divider-69f455312c699\" class=\"gem-divider  \" style=\"\" ><\/div><div class=\"centered-box\"><div class=\"gem-icon gem-icon-pack-material gem-icon-size-medium  gem-icon-shape-circle \"  style=\"border-color: rgba(135,123,228,0.34);border-color: rgba(84,79,135,0.18);opacity: 1;\"><div class=\"gem-icon-inner\" style=\"background-color: rgba(135,123,228,0.34);\"><span class=\"gem-icon-half-1\" style=\"color: #ffffff;\"><span class=\"back-angle\">&#xf398;<\/span><\/span><span class=\"gem-icon-half-2\" style=\"color: #ffffff;\"><span class=\"back-angle\">&#xf398;<\/span><\/span><\/div><\/div><\/div><div class=\"clearboth\"><\/div><style>#thegem-divider-69f455312c6fd {margin-top: 25px !important;}<\/style><div id=\"thegem-divider-69f455312c6fd\" class=\"gem-divider  \" style=\"\" ><\/div>[vc_column_text]<\/p>\n<div class=\"title-h4\" style=\"text-align: center;\"><span style=\"color: #ffffff;\">dolor ipsum<\/span><br \/>\n<span style=\"color: #ffffff;\">dolor sit amet<\/span><\/div>\n<p>[\/vc_column_text][vc_column_text]<\/p>\n<div style=\"text-align: center;\"><span style=\"color: #ffffff;\">Lorem ipsum dolor sit amet, consectetur adipisicing elit, sed do eiusmod tempor incididunt ut labore et dolore magna aliqua.<\/span><\/div>\n<p>[\/vc_column_text][\/vc_column][vc_column width=\u00a0\u00bb1\/2&Prime; css=\u00a0\u00bb.vc_custom_1457788645891{padding-top: 400px !important;background-image: url(https:\/\/www.madriu-perafita-claror.ad\/wp-content\/uploads\/2016\/03\/3-7.jpg?id=9889) !important;background-position: center !important;background-repeat: no-repeat !important;background-size: cover !important;}\u00a0\u00bb][\/vc_column][\/vc_row][vc_row][vc_column][vc_column_text]<\/p>\n<h2><span style=\"color: #808080;\">Institutions\/Organismes internationaux<\/span><\/h2>\n<p>[\/vc_column_text][vc_column_text css=\u00a0\u00bb\u00a0\u00bb]<!--:ca--><\/p>\n<h4>INSTITUTIONS DE GESTION DE LA VALL\u00c9E<\/h4>\n<h5>Direction du Plan de Gestion de la Vall\u00e9e Madriu-Perafita-Claror<\/h5>\n<p>C\/ Prat de la Creu 74-76, Baixos\u00a0(Edifici comunal) \u2013 AD500 Andorra la Vella<br \/>\nTel. : (+376) 823 000<\/p>\n<ul>\n<li><a href=\"mailto:portal@madriu-perafita-claror.ad\">portal@madriu-perafita-claror.ad<\/a><\/li>\n<\/ul>\n<h5><b>Com\u00fa d\u2019Encamp<\/b><\/h5>\n<ul>\n<li>Pla\u00e7a dels Ar\u00ednsols, s\/n.\u00a0AD200 Encamp<br \/>\nTel. : (+376) 873 200 \u2013 Fax: (+376) 832 532<br \/>\n<a href=\"http:\/\/www.comuencamp.ad\/\" target=\"_blank\" rel=\"noopener\">&gt; Com\u00fa d\u2019Encamp<\/a><\/li>\n<\/ul>\n<h5><b>Com\u00fa d\u2019Andorra la Vella<\/b><\/h5>\n<ul>\n<li>Pla\u00e7a Pr\u00edncep Benlloch, 1.\u00a0AD500 Andorra la Vella<br \/>\nTel. : (+376) 873 100 \u2013 Fax: (+376) 861 499<br \/>\n<a href=\"http:\/\/www.comuandorra.ad\/\" target=\"_blank\" rel=\"noopener\">&gt; Com\u00fa d\u2019Andorra la Vella<\/a><\/li>\n<\/ul>\n<h5><b>Com\u00fa de Sant Juli\u00e0 de L\u00f2ria<\/b><\/h5>\n<ul>\n<li>Av. Verge de Can\u00f2lich, s\/n.\u00a0AD600 Sant Juli\u00e0 de L\u00f2ria<br \/>\nTel. (+376) 871700 \u2013 Fax: (+376) 871 736<br \/>\n<a href=\"http:\/\/www.santjulia.ad\/\" target=\"_blank\" rel=\"noopener\">&gt; Com\u00fa de Sant Juli\u00e0 de L\u00f2ria<\/a><\/li>\n<\/ul>\n<h5><b>Com\u00fa d\u2019Escaldes-Engordany<\/b><\/h5>\n<ul>\n<li>Parc de la Mola, 9.\u00a0AD700 Escaldes-Engordany<br \/>\nTel. : (+376) 890 890 \u2013 Fax: (+376) 890 886<br \/>\n<a href=\"http:\/\/www.e-e.ad\/\" target=\"_blank\" rel=\"noopener\">&gt; Com\u00fa d\u2019Escaldes-Engordany<\/a><\/li>\n<\/ul>\n<h5><b>Govern d\u2019Andorra<\/b><\/h5>\n<ul>\n<li>Prat de la Creu, 62-64.\u00a0AD500 Andorra la Vella<br \/>\nTel. : (+376) 875 700<br \/>\n<a href=\"http:\/\/www.govern.ad\/\" target=\"_blank\" rel=\"noopener\">&gt; Govern d\u2019Andorra<\/a><br \/>\n<a href=\"http:\/\/www.cultura.ad\/\" target=\"_blank\" rel=\"noopener\">&gt; Departament de Cultura del Govern d\u2019Andorra<\/a><br \/>\n<a href=\"http:\/\/www.turisme.ad\/\" target=\"_blank\" rel=\"noopener\">&gt; Departament de Turisme del Govern d\u2019Andorra<\/a><br \/>\n<a href=\"http:\/\/www.mediambient.ad\/\" target=\"_blank\" rel=\"noopener\">&gt; Departament de Medi Ambient del Govern d\u2019Andorra<\/a><br \/>\n&gt; <a href=\"https:\/\/www.agricultura.ad\/\" target=\"_blank\" rel=\"noopener\">Departament d\u2019Agricultura del Govern d\u2019Andorra<\/a><\/li>\n<\/ul>\n<h4>INSTITUTIONS ET ORGANISMES LI\u00c9ES \u00c0 LA VALL\u00c9E MADRIU-PERAFITA-CLAROR<\/h4>\n<ul>\n<li><a href=\"http:\/\/visitandorra.com\/ca\/home\" target=\"_blank\" rel=\"noopener\">&gt; Web oficial d\u2019Andorra Turisme<\/a><\/li>\n<li><a href=\"http:\/\/www.fam.ad\/\" target=\"_blank\" rel=\"noopener\">&gt; Federaci\u00f3 Andorrana de Muntanyisme<\/a><\/li>\n<li>&gt;<a href=\"https:\/\/www.unesco.ad\/\" target=\"_blank\" rel=\"noopener\"> Comissi\u00f3 Nacional Andorrana per a la UNESCO<\/a><\/li>\n<li><a href=\"http:\/\/www.adn-andorra.org\/\" target=\"_blank\" rel=\"noopener\">&gt; Associaci\u00f3 per a la Defensa de la Natura (ADN)<\/a><\/li>\n<li>&gt; <a href=\"mailto:icomosandorra.icomos@andorra.ad\">icomosandorra.icomos@andorra.ad<\/a><\/li>\n<li><a href=\"http:\/\/www.feda.ad\/\" target=\"_blank\" rel=\"noopener\">&gt; Forces El\u00e8ctriques d\u2019Andorra (FEDA)<\/a><\/li>\n<li><a href=\"http:\/\/www.iea.ad\/\" target=\"_blank\" rel=\"noopener\">&gt; Institut d\u2019Estudis Andorrans (IEA)<\/a><\/li>\n<\/ul>\n<h4>INSTITUTIONS INTERNATIONALES<\/h4>\n<ul>\n<li><a href=\"http:\/\/whc.unesco.org\/nwhc\/pages\/home\/pages\/homepage.htm\" target=\"_blank\" rel=\"noopener\">&gt; World Heritage Center (Centre del Patrimoni Mundial)<\/a><\/li>\n<li><a href=\"http:\/\/www.icomos.org\/\" target=\"_blank\" rel=\"noopener\">&gt; International Council on Monuments and Sites (ICOMOS)<\/a><\/li>\n<li><a href=\"http:\/\/www.iccrom.org\/\" target=\"_blank\" rel=\"noopener\">&gt; International Centre for the Study of the Preservation and Restoration of Cultural Property (ICCROM)<\/a><\/li>\n<li><a href=\"http:\/\/www.iucn.org\/\" target=\"_blank\" rel=\"noopener\">&gt; International Union for the Conservation of Nature (IUCN)<\/a><\/li>\n<li><a href=\"http:\/\/www.unep-wcmc.org\/\" target=\"_blank\" rel=\"noopener\">&gt; World Conservation Monitoring Center (WCMC)<\/a><\/li>\n<\/ul>\n<h4><b>UNESCO<\/b><\/h4>\n<ul>\n<li><a href=\"https:\/\/www.unesco.org\/fr\" target=\"_blank\" rel=\"noopener\">P\u00e0gina principal UNESCO<\/a><\/li>\n<li><a href=\"http:\/\/whc.unesco.org\/fr\/list\/\" target=\"_blank\" rel=\"noopener\">Llista del Patrimoni Mundial\u00a0<\/a><\/li>\n<li><a href=\"http:\/\/whc.unesco.org\/fr\/list\/1160\" target=\"_blank\" rel=\"noopener\">P\u00e0gina de la vall del Madriu-Perafita-Claror en el centre del Patrimoni Mundial de la UNESCO<\/a><\/li>\n<\/ul>\n<h4><b>RAMSAR<\/b><\/h4>\n<ul>\n<li><a href=\"https:\/\/www.ramsar.org\/fr\" target=\"_blank\" rel=\"noopener\">P\u00e0gina principal de RAMSAR<\/a><\/li>\n<li><a href=\"https:\/\/www.ramsar.org\/fr\/notre-travail\/zones-humides-dimportance-internationale\/la-liste-de-ramsar\" target=\"_blank\" rel=\"noopener\">La Llista Ramsar de Zones Humides d\u2019Import\u00e0ncia Internacional<\/a><\/li>\n<li><a href=\"https:\/\/www.ramsar.org\/fr\/news\/deuxieme-site-ramsar-dandorre\" target=\"_blank\" rel=\"noopener\">P\u00e0gina de la vall del Madriu-Perafita-Claror dins la p\u00e0gina de RAMSAR<\/a><\/li>\n<\/ul>\n<p>[\/vc_column_text][\/vc_column][\/vc_row]<\/p>\n<\/div>","protected":false},"excerpt":{"rendered":"<p>[vc_row][vc_column][vc_separator][vc_single_image image=\u00a0\u00bb34464&Prime; img_size=\u00a0\u00bbfull\u00a0\u00bb][\/vc_column][\/vc_row][vc_row equal_height=\u00a0\u00bbyes\u00a0\u00bb disable_element=\u00a0\u00bbyes\u00a0\u00bb css=\u00a0\u00bb.vc_custom_1553869245528{margin-top: -18px !important;margin-right: 0px !important;margin-bottom: 0px !important;margin-left: 0px !important;}\u00a0\u00bb][vc_column width=\u00a0\u00bb1\/2&Prime; css=\u00a0\u00bb.vc_custom_1457788634484{margin-left: 0px !important;padding-bottom: 400px !important;background-image:&#8230;<\/p>\n","protected":false},"author":1,"featured_media":0,"parent":0,"menu_order":0,"comment_status":"closed","ping_status":"closed","template":"","meta":{"_acf_changed":false,"footnotes":""},"class_list":["post-34946","page","type-page","status-publish"],"acf":[],"_links":{"self":[{"href":"https:\/\/www.madriu-perafita-claror.ad\/fr\/wp-json\/wp\/v2\/pages\/34946","targetHints":{"allow":["GET"]}}],"collection":[{"href":"https:\/\/www.madriu-perafita-claror.ad\/fr\/wp-json\/wp\/v2\/pages"}],"about":[{"href":"https:\/\/www.madriu-perafita-claror.ad\/fr\/wp-json\/wp\/v2\/types\/page"}],"author":[{"embeddable":true,"href":"https:\/\/www.madriu-perafita-claror.ad\/fr\/wp-json\/wp\/v2\/users\/1"}],"replies":[{"embeddable":true,"href":"https:\/\/www.madriu-perafita-claror.ad\/fr\/wp-json\/wp\/v2\/comments?post=34946"}],"version-history":[{"count":0,"href":"https:\/\/www.madriu-perafita-claror.ad\/fr\/wp-json\/wp\/v2\/pages\/34946\/revisions"}],"wp:attachment":[{"href":"https:\/\/www.madriu-perafita-claror.ad\/fr\/wp-json\/wp\/v2\/media?parent=34946"}],"curies":[{"name":"wp","href":"https:\/\/api.w.org\/{rel}","templated":true}]}}