{"id":34986,"date":"2019-04-27T15:09:36","date_gmt":"2019-04-27T14:09:36","guid":{"rendered":"https:\/\/www.madriu-perafita-claror.ad\/instagram"},"modified":"2019-07-24T12:49:25","modified_gmt":"2019-07-24T11:49:25","slug":"instagram","status":"publish","type":"page","link":"https:\/\/www.madriu-perafita-claror.ad\/fr\/instagram\/","title":{"rendered":"Instagram"},"content":{"rendered":"<div class=\"wpb-content-wrapper\" id=\"wpb-content-root\"><p>[vc_row][vc_column][vc_separator][vc_single_image image=\u00a0\u00bb34464&Prime; img_size=\u00a0\u00bbfull\u00a0\u00bb][\/vc_column][\/vc_row][vc_row][vc_column][vc_column_text]<\/p>\n<h2><span style=\"color: #808080;\">INSTAGRAM<\/span><\/h2>\n<p>[\/vc_column_text][vc_column_text]\n<div id=\"sb_instagram\" role=\"region\" aria-label=\"Instagram feed\"  class=\"sbi sbi_mob_col_1 sbi_tab_col_2 sbi_col_3\" style=\"padding-bottom: 10px; width: 100%;\"\t data-feedid=\"*1\"  data-res=\"auto\" data-cols=\"3\" data-colsmobile=\"1\" data-colstablet=\"2\" data-num=\"6\" data-nummobile=\"3\" data-item-padding=\"5\"\t data-shortcode-atts=\"{}\"  data-postid=\"34986\" data-locatornonce=\"71b719ecce\" data-imageaspectratio=\"1:1\" data-sbi-flags=\"favorLocal\">\n\t\n\t<div id=\"sbi_images\" role=\"list\"  style=\"gap: 10px;\">\n\t\t<div class=\"sbi_item sbi_type_carousel sbi_new sbi_transition\" role=\"listitem\"\n\tid=\"sbi_18227424592325720\" data-date=\"1788159610\">\n\t<div class=\"sbi_photo_wrap\">\n\t\t<a class=\"sbi_photo\" href=\"https:\/\/www.instagram.com\/p\/DcsgBurkXCJ\/\" target=\"_blank\" rel=\"noopener nofollow\"\n\t\t\tdata-full-res=\"https:\/\/scontent-lhr11-1.cdninstagram.com\/v\/t39.30808-6\/763655494_1058196900088215_1552498542099465489_n.jpg?stp=dst-jpg_e35_tt6&#038;_nc_cat=111&#038;ccb=7-5&#038;_nc_sid=18de74&#038;efg=eyJlZmdfdGFnIjoiQ0FST1VTRUxfSVRFTS5iZXN0X2ltYWdlX3VybGdlbi5DMyJ9&#038;_nc_ohc=0d1ZJSxat-0Q7kNvwEv73mY&#038;_nc_oc=AdriQxkAZAqquTFyUd7QahEMVPYHp37u4w2KaKeBJx5Lj5zgOhzKIYQTKV09nG0XE90&#038;_nc_zt=23&#038;_nc_ht=scontent-lhr11-1.cdninstagram.com&#038;edm=AM6HXa8EAAAA&#038;_nc_gid=S8bjnWkMqeORgXTIW4jcQQ&#038;oh=00_AQIHneVlyIsZ6l9_FGMm5pPeb5uZdc37Hhos3bklNNAWQw&#038;oe=6A9DECBD\"\n\t\t\tdata-img-src-set=\"{&quot;d&quot;:&quot;https:\\\/\\\/scontent-lhr11-1.cdninstagram.com\\\/v\\\/t39.30808-6\\\/763655494_1058196900088215_1552498542099465489_n.jpg?stp=dst-jpg_e35_tt6&amp;_nc_cat=111&amp;ccb=7-5&amp;_nc_sid=18de74&amp;efg=eyJlZmdfdGFnIjoiQ0FST1VTRUxfSVRFTS5iZXN0X2ltYWdlX3VybGdlbi5DMyJ9&amp;_nc_ohc=0d1ZJSxat-0Q7kNvwEv73mY&amp;_nc_oc=AdriQxkAZAqquTFyUd7QahEMVPYHp37u4w2KaKeBJx5Lj5zgOhzKIYQTKV09nG0XE90&amp;_nc_zt=23&amp;_nc_ht=scontent-lhr11-1.cdninstagram.com&amp;edm=AM6HXa8EAAAA&amp;_nc_gid=S8bjnWkMqeORgXTIW4jcQQ&amp;oh=00_AQIHneVlyIsZ6l9_FGMm5pPeb5uZdc37Hhos3bklNNAWQw&amp;oe=6A9DECBD&quot;,&quot;150&quot;:&quot;https:\\\/\\\/scontent-lhr11-1.cdninstagram.com\\\/v\\\/t39.30808-6\\\/763655494_1058196900088215_1552498542099465489_n.jpg?stp=dst-jpg_e35_tt6&amp;_nc_cat=111&amp;ccb=7-5&amp;_nc_sid=18de74&amp;efg=eyJlZmdfdGFnIjoiQ0FST1VTRUxfSVRFTS5iZXN0X2ltYWdlX3VybGdlbi5DMyJ9&amp;_nc_ohc=0d1ZJSxat-0Q7kNvwEv73mY&amp;_nc_oc=AdriQxkAZAqquTFyUd7QahEMVPYHp37u4w2KaKeBJx5Lj5zgOhzKIYQTKV09nG0XE90&amp;_nc_zt=23&amp;_nc_ht=scontent-lhr11-1.cdninstagram.com&amp;edm=AM6HXa8EAAAA&amp;_nc_gid=S8bjnWkMqeORgXTIW4jcQQ&amp;oh=00_AQIHneVlyIsZ6l9_FGMm5pPeb5uZdc37Hhos3bklNNAWQw&amp;oe=6A9DECBD&quot;,&quot;320&quot;:&quot;https:\\\/\\\/scontent-lhr11-1.cdninstagram.com\\\/v\\\/t39.30808-6\\\/763655494_1058196900088215_1552498542099465489_n.jpg?stp=dst-jpg_e35_tt6&amp;_nc_cat=111&amp;ccb=7-5&amp;_nc_sid=18de74&amp;efg=eyJlZmdfdGFnIjoiQ0FST1VTRUxfSVRFTS5iZXN0X2ltYWdlX3VybGdlbi5DMyJ9&amp;_nc_ohc=0d1ZJSxat-0Q7kNvwEv73mY&amp;_nc_oc=AdriQxkAZAqquTFyUd7QahEMVPYHp37u4w2KaKeBJx5Lj5zgOhzKIYQTKV09nG0XE90&amp;_nc_zt=23&amp;_nc_ht=scontent-lhr11-1.cdninstagram.com&amp;edm=AM6HXa8EAAAA&amp;_nc_gid=S8bjnWkMqeORgXTIW4jcQQ&amp;oh=00_AQIHneVlyIsZ6l9_FGMm5pPeb5uZdc37Hhos3bklNNAWQw&amp;oe=6A9DECBD&quot;,&quot;640&quot;:&quot;https:\\\/\\\/scontent-lhr11-1.cdninstagram.com\\\/v\\\/t39.30808-6\\\/763655494_1058196900088215_1552498542099465489_n.jpg?stp=dst-jpg_e35_tt6&amp;_nc_cat=111&amp;ccb=7-5&amp;_nc_sid=18de74&amp;efg=eyJlZmdfdGFnIjoiQ0FST1VTRUxfSVRFTS5iZXN0X2ltYWdlX3VybGdlbi5DMyJ9&amp;_nc_ohc=0d1ZJSxat-0Q7kNvwEv73mY&amp;_nc_oc=AdriQxkAZAqquTFyUd7QahEMVPYHp37u4w2KaKeBJx5Lj5zgOhzKIYQTKV09nG0XE90&amp;_nc_zt=23&amp;_nc_ht=scontent-lhr11-1.cdninstagram.com&amp;edm=AM6HXa8EAAAA&amp;_nc_gid=S8bjnWkMqeORgXTIW4jcQQ&amp;oh=00_AQIHneVlyIsZ6l9_FGMm5pPeb5uZdc37Hhos3bklNNAWQw&amp;oe=6A9DECBD&quot;}\">\n\t\t\t<span class=\"sbi-screenreader\">Donem la benvinguda a la xarxa d&#039;ambaixadors de la<\/span>\n\t\t\t<svg class=\"svg-inline--fa fa-clone fa-w-16 sbi_lightbox_carousel_icon\" aria-hidden=\"true\" aria-label=\"Clone\" data-fa-pro\u0192cessed=\"\" data-prefix=\"far\" data-icon=\"clone\" role=\"img\" xmlns=\"http:\/\/www.w3.org\/2000\/svg\" viewBox=\"0 0 512 512\">\n                    <path fill=\"currentColor\" d=\"M464 0H144c-26.51 0-48 21.49-48 48v48H48c-26.51 0-48 21.49-48 48v320c0 26.51 21.49 48 48 48h320c26.51 0 48-21.49 48-48v-48h48c26.51 0 48-21.49 48-48V48c0-26.51-21.49-48-48-48zM362 464H54a6 6 0 0 1-6-6V150a6 6 0 0 1 6-6h42v224c0 26.51 21.49 48 48 48h224v42a6 6 0 0 1-6 6zm96-96H150a6 6 0 0 1-6-6V54a6 6 0 0 1 6-6h308a6 6 0 0 1 6 6v308a6 6 0 0 1-6 6z\"><\/path>\n                <\/svg>\t\t\t\t\t\t<img src=\"https:\/\/www.madriu-perafita-claror.ad\/wp-content\/plugins\/instagram-feed\/img\/placeholder.png\" alt=\"Donem la benvinguda a la xarxa d&#039;ambaixadors de la Vall del Madriu-Perafita-Claror a Albert Ruzafa! \ud83c\udf3f\ud83c\udfd4\ufe0f\n \nBosc\u00f9ria, el projecte d&#039;Albert Ruzafa, ofereix experi\u00e8ncies i activitats guiades a la natura que conviden a descobrir la Vall del Madriu-Perafita-Claror des d&#039;una mirada propera, respectuosa i plena de significat.\n \nA partir d&#039;ara, l&#039;Albert forma part de la xarxa d&#039;ambaixadors de la Vall del Madriu-Perafita-Claror \u2014 Patrimoni Mundial de la UNESCO \u2014i es converteix en un aliat per transmetre als seus participants els valors naturals, culturals i hist\u00f2rics que fan d&#039;aquest espai un patrimoni \u00fanic.\n\nCada sortida \u00e9s una oportunitat per interpretar el paisatge, comprendre la relaci\u00f3 entre les persones i la muntanya i fomentar una manera de visitar la Vall basada en el respecte, el coneixement i la conservaci\u00f3.\n\nBenvingut a la fam\u00edlia d&#039;ambaixadors! \ud83d\ude4c\n \nAmb ell, cada sortida a la natura es converteix en una experi\u00e8ncia per descobrir la Vall amb uns altres ulls. \ud83c\udf32\n \n\ud83d\udccd Vall del Madriu-Perafita-Claror\n\ud83d\udcf8 Foto: @boscuria.andorra \n\ud83d\udd17 M\u00e9s informaci\u00f3: http:\/\/boscuria.com\/\n \n#AmbaixadorsVMPC #VallDelMadriuPerafitaClaror #PatrimoniMundialUNESCO #Andorra #TurismeActiuAndorra\" aria-hidden=\"true\">\n\t\t<\/a>\n\t<\/div>\n<\/div><div class=\"sbi_item sbi_type_carousel sbi_new sbi_transition\" role=\"listitem\"\n\tid=\"sbi_18019273958921391\" data-date=\"1787860813\">\n\t<div class=\"sbi_photo_wrap\">\n\t\t<a class=\"sbi_photo\" href=\"https:\/\/www.instagram.com\/p\/DcjmHbgFJV-\/\" target=\"_blank\" rel=\"noopener nofollow\"\n\t\t\tdata-full-res=\"https:\/\/scontent-lhr6-1.cdninstagram.com\/v\/t39.30808-6\/756444298_1053922303849008_11362654667259422_n.jpg?stp=dst-jpg_e35_tt6&#038;_nc_cat=102&#038;ccb=7-5&#038;_nc_sid=18de74&#038;efg=eyJlZmdfdGFnIjoiQ0FST1VTRUxfSVRFTS5iZXN0X2ltYWdlX3VybGdlbi5DMyJ9&#038;_nc_ohc=rk4UcA-tkWUQ7kNvwGvJGFb&#038;_nc_oc=Ado64vSTaxBp0M3c6E__P5s7Sgh8o7R8-p-A-qu8uS3osr5LYuMSsa7P7fq7MaA-mZA&#038;_nc_zt=23&#038;_nc_ht=scontent-lhr6-1.cdninstagram.com&#038;edm=AM6HXa8EAAAA&#038;_nc_gid=S8bjnWkMqeORgXTIW4jcQQ&#038;oh=00_AQLo9ugqr3SQ_Vb6qlzk6mP6dUKWROEJGzWTN5cxG16JAg&#038;oe=6A9DCE1C\"\n\t\t\tdata-img-src-set=\"{&quot;d&quot;:&quot;https:\\\/\\\/scontent-lhr6-1.cdninstagram.com\\\/v\\\/t39.30808-6\\\/756444298_1053922303849008_11362654667259422_n.jpg?stp=dst-jpg_e35_tt6&amp;_nc_cat=102&amp;ccb=7-5&amp;_nc_sid=18de74&amp;efg=eyJlZmdfdGFnIjoiQ0FST1VTRUxfSVRFTS5iZXN0X2ltYWdlX3VybGdlbi5DMyJ9&amp;_nc_ohc=rk4UcA-tkWUQ7kNvwGvJGFb&amp;_nc_oc=Ado64vSTaxBp0M3c6E__P5s7Sgh8o7R8-p-A-qu8uS3osr5LYuMSsa7P7fq7MaA-mZA&amp;_nc_zt=23&amp;_nc_ht=scontent-lhr6-1.cdninstagram.com&amp;edm=AM6HXa8EAAAA&amp;_nc_gid=S8bjnWkMqeORgXTIW4jcQQ&amp;oh=00_AQLo9ugqr3SQ_Vb6qlzk6mP6dUKWROEJGzWTN5cxG16JAg&amp;oe=6A9DCE1C&quot;,&quot;150&quot;:&quot;https:\\\/\\\/scontent-lhr6-1.cdninstagram.com\\\/v\\\/t39.30808-6\\\/756444298_1053922303849008_11362654667259422_n.jpg?stp=dst-jpg_e35_tt6&amp;_nc_cat=102&amp;ccb=7-5&amp;_nc_sid=18de74&amp;efg=eyJlZmdfdGFnIjoiQ0FST1VTRUxfSVRFTS5iZXN0X2ltYWdlX3VybGdlbi5DMyJ9&amp;_nc_ohc=rk4UcA-tkWUQ7kNvwGvJGFb&amp;_nc_oc=Ado64vSTaxBp0M3c6E__P5s7Sgh8o7R8-p-A-qu8uS3osr5LYuMSsa7P7fq7MaA-mZA&amp;_nc_zt=23&amp;_nc_ht=scontent-lhr6-1.cdninstagram.com&amp;edm=AM6HXa8EAAAA&amp;_nc_gid=S8bjnWkMqeORgXTIW4jcQQ&amp;oh=00_AQLo9ugqr3SQ_Vb6qlzk6mP6dUKWROEJGzWTN5cxG16JAg&amp;oe=6A9DCE1C&quot;,&quot;320&quot;:&quot;https:\\\/\\\/scontent-lhr6-1.cdninstagram.com\\\/v\\\/t39.30808-6\\\/756444298_1053922303849008_11362654667259422_n.jpg?stp=dst-jpg_e35_tt6&amp;_nc_cat=102&amp;ccb=7-5&amp;_nc_sid=18de74&amp;efg=eyJlZmdfdGFnIjoiQ0FST1VTRUxfSVRFTS5iZXN0X2ltYWdlX3VybGdlbi5DMyJ9&amp;_nc_ohc=rk4UcA-tkWUQ7kNvwGvJGFb&amp;_nc_oc=Ado64vSTaxBp0M3c6E__P5s7Sgh8o7R8-p-A-qu8uS3osr5LYuMSsa7P7fq7MaA-mZA&amp;_nc_zt=23&amp;_nc_ht=scontent-lhr6-1.cdninstagram.com&amp;edm=AM6HXa8EAAAA&amp;_nc_gid=S8bjnWkMqeORgXTIW4jcQQ&amp;oh=00_AQLo9ugqr3SQ_Vb6qlzk6mP6dUKWROEJGzWTN5cxG16JAg&amp;oe=6A9DCE1C&quot;,&quot;640&quot;:&quot;https:\\\/\\\/scontent-lhr6-1.cdninstagram.com\\\/v\\\/t39.30808-6\\\/756444298_1053922303849008_11362654667259422_n.jpg?stp=dst-jpg_e35_tt6&amp;_nc_cat=102&amp;ccb=7-5&amp;_nc_sid=18de74&amp;efg=eyJlZmdfdGFnIjoiQ0FST1VTRUxfSVRFTS5iZXN0X2ltYWdlX3VybGdlbi5DMyJ9&amp;_nc_ohc=rk4UcA-tkWUQ7kNvwGvJGFb&amp;_nc_oc=Ado64vSTaxBp0M3c6E__P5s7Sgh8o7R8-p-A-qu8uS3osr5LYuMSsa7P7fq7MaA-mZA&amp;_nc_zt=23&amp;_nc_ht=scontent-lhr6-1.cdninstagram.com&amp;edm=AM6HXa8EAAAA&amp;_nc_gid=S8bjnWkMqeORgXTIW4jcQQ&amp;oh=00_AQLo9ugqr3SQ_Vb6qlzk6mP6dUKWROEJGzWTN5cxG16JAg&amp;oe=6A9DCE1C&quot;}\">\n\t\t\t<span class=\"sbi-screenreader\">Donem la benvinguda a la xarxa d&#039;ambaixadors de la<\/span>\n\t\t\t<svg class=\"svg-inline--fa fa-clone fa-w-16 sbi_lightbox_carousel_icon\" aria-hidden=\"true\" aria-label=\"Clone\" data-fa-pro\u0192cessed=\"\" data-prefix=\"far\" data-icon=\"clone\" role=\"img\" xmlns=\"http:\/\/www.w3.org\/2000\/svg\" viewBox=\"0 0 512 512\">\n                    <path fill=\"currentColor\" d=\"M464 0H144c-26.51 0-48 21.49-48 48v48H48c-26.51 0-48 21.49-48 48v320c0 26.51 21.49 48 48 48h320c26.51 0 48-21.49 48-48v-48h48c26.51 0 48-21.49 48-48V48c0-26.51-21.49-48-48-48zM362 464H54a6 6 0 0 1-6-6V150a6 6 0 0 1 6-6h42v224c0 26.51 21.49 48 48 48h224v42a6 6 0 0 1-6 6zm96-96H150a6 6 0 0 1-6-6V54a6 6 0 0 1 6-6h308a6 6 0 0 1 6 6v308a6 6 0 0 1-6 6z\"><\/path>\n                <\/svg>\t\t\t\t\t\t<img src=\"https:\/\/www.madriu-perafita-claror.ad\/wp-content\/plugins\/instagram-feed\/img\/placeholder.png\" alt=\"Donem la benvinguda a la xarxa d&#039;ambaixadors de la Vall del Madriu-Perafita-Claror a @eradelrafel ! \ud83c\udf3f\ud83c\udfd4\ufe0f\n\nEra del Rafel \u00e9s un allotjament amb encant al centre d&#039;Escaldes-Engordany, ubicat en una antiga borda rehabilitada que conserva l&#039;ess\u00e8ncia de l&#039;arquitectura tradicional de muntanya i ens evoca les construccions que formen part del paisatge de la Vall del Madriu-Perafita-Claror.\n\nA partir d&#039;ara, Era del Rafel forma part de la xarxa d&#039;ambaixadors de la Vall del Madriu-Perafita-Claror \u2014 Patrimoni Mundial de la UNESCO \u2014 i es converteix en un aliat per donar a con\u00e8ixer aquest paisatge cultural excepcional, convidant els seus hostes a descobrir-lo amb respecte i a valorar el patrimoni que el fa \u00fanic.\n\nLa rehabilitaci\u00f3 d&#039;edificis tradicionals com aquesta antiga borda \u00e9s tamb\u00e9 una manera de mantenir viu el nostre llegat i de recordar l&#039;arquitectura que ha modelat el paisatge andorr\u00e0 al llarg dels segles.\n\nBenvinguts a la fam\u00edlia d&#039;ambaixadors! \ud83d\ude4c\n\nUn allotjament c\u00e0lid i acollidor, on tradici\u00f3 i confort es donen la m\u00e0 per oferir una experi\u00e8ncia aut\u00e8ntica. \ud83c\udfe1\n\n\ud83d\udccd Cam\u00ed de la Peletera, Escaldes-Engordany\n\ud83d\udcf8 Fotos: @eradelrafel@eradelrafel \n\ud83d\udd17 www.eradelrafel.com\n\n#AmbaixadorsVMPC #VallDelMadriuPerafitaClaror #PatrimoniMundialUNESCO #Andorra #TurismeAndorra\" aria-hidden=\"true\">\n\t\t<\/a>\n\t<\/div>\n<\/div><div class=\"sbi_item sbi_type_carousel sbi_new sbi_transition\" role=\"listitem\"\n\tid=\"sbi_18622625557000670\" data-date=\"1787580047\">\n\t<div class=\"sbi_photo_wrap\">\n\t\t<a class=\"sbi_photo\" href=\"https:\/\/www.instagram.com\/p\/DcbOmP3DAa6\/\" target=\"_blank\" rel=\"noopener nofollow\"\n\t\t\tdata-full-res=\"https:\/\/scontent-lhr6-2.cdninstagram.com\/v\/t39.30808-6\/757010978_1053015273939711_2503511015348224125_n.jpg?stp=dst-jpg_e35_tt6&#038;_nc_cat=105&#038;ccb=7-5&#038;_nc_sid=18de74&#038;efg=eyJlZmdfdGFnIjoiQ0FST1VTRUxfSVRFTS5iZXN0X2ltYWdlX3VybGdlbi5DMyJ9&#038;_nc_ohc=wR9XCjJWlQEQ7kNvwG1ddH5&#038;_nc_oc=Adqw9mbX5ZkXIZ2K6jj0tTea2PPub2UIg4WNi5X6bVovVGufMI6gLh0CK9mDG_v2ybY&#038;_nc_zt=23&#038;_nc_ht=scontent-lhr6-2.cdninstagram.com&#038;edm=AM6HXa8EAAAA&#038;_nc_gid=S8bjnWkMqeORgXTIW4jcQQ&#038;oh=00_AQI77lqhPK6UuUdOMTCje4BgtLWkfPHhZjii-ShVdO87Rg&#038;oe=6A9DE4A1\"\n\t\t\tdata-img-src-set=\"{&quot;d&quot;:&quot;https:\\\/\\\/scontent-lhr6-2.cdninstagram.com\\\/v\\\/t39.30808-6\\\/757010978_1053015273939711_2503511015348224125_n.jpg?stp=dst-jpg_e35_tt6&amp;_nc_cat=105&amp;ccb=7-5&amp;_nc_sid=18de74&amp;efg=eyJlZmdfdGFnIjoiQ0FST1VTRUxfSVRFTS5iZXN0X2ltYWdlX3VybGdlbi5DMyJ9&amp;_nc_ohc=wR9XCjJWlQEQ7kNvwG1ddH5&amp;_nc_oc=Adqw9mbX5ZkXIZ2K6jj0tTea2PPub2UIg4WNi5X6bVovVGufMI6gLh0CK9mDG_v2ybY&amp;_nc_zt=23&amp;_nc_ht=scontent-lhr6-2.cdninstagram.com&amp;edm=AM6HXa8EAAAA&amp;_nc_gid=S8bjnWkMqeORgXTIW4jcQQ&amp;oh=00_AQI77lqhPK6UuUdOMTCje4BgtLWkfPHhZjii-ShVdO87Rg&amp;oe=6A9DE4A1&quot;,&quot;150&quot;:&quot;https:\\\/\\\/scontent-lhr6-2.cdninstagram.com\\\/v\\\/t39.30808-6\\\/757010978_1053015273939711_2503511015348224125_n.jpg?stp=dst-jpg_e35_tt6&amp;_nc_cat=105&amp;ccb=7-5&amp;_nc_sid=18de74&amp;efg=eyJlZmdfdGFnIjoiQ0FST1VTRUxfSVRFTS5iZXN0X2ltYWdlX3VybGdlbi5DMyJ9&amp;_nc_ohc=wR9XCjJWlQEQ7kNvwG1ddH5&amp;_nc_oc=Adqw9mbX5ZkXIZ2K6jj0tTea2PPub2UIg4WNi5X6bVovVGufMI6gLh0CK9mDG_v2ybY&amp;_nc_zt=23&amp;_nc_ht=scontent-lhr6-2.cdninstagram.com&amp;edm=AM6HXa8EAAAA&amp;_nc_gid=S8bjnWkMqeORgXTIW4jcQQ&amp;oh=00_AQI77lqhPK6UuUdOMTCje4BgtLWkfPHhZjii-ShVdO87Rg&amp;oe=6A9DE4A1&quot;,&quot;320&quot;:&quot;https:\\\/\\\/scontent-lhr6-2.cdninstagram.com\\\/v\\\/t39.30808-6\\\/757010978_1053015273939711_2503511015348224125_n.jpg?stp=dst-jpg_e35_tt6&amp;_nc_cat=105&amp;ccb=7-5&amp;_nc_sid=18de74&amp;efg=eyJlZmdfdGFnIjoiQ0FST1VTRUxfSVRFTS5iZXN0X2ltYWdlX3VybGdlbi5DMyJ9&amp;_nc_ohc=wR9XCjJWlQEQ7kNvwG1ddH5&amp;_nc_oc=Adqw9mbX5ZkXIZ2K6jj0tTea2PPub2UIg4WNi5X6bVovVGufMI6gLh0CK9mDG_v2ybY&amp;_nc_zt=23&amp;_nc_ht=scontent-lhr6-2.cdninstagram.com&amp;edm=AM6HXa8EAAAA&amp;_nc_gid=S8bjnWkMqeORgXTIW4jcQQ&amp;oh=00_AQI77lqhPK6UuUdOMTCje4BgtLWkfPHhZjii-ShVdO87Rg&amp;oe=6A9DE4A1&quot;,&quot;640&quot;:&quot;https:\\\/\\\/scontent-lhr6-2.cdninstagram.com\\\/v\\\/t39.30808-6\\\/757010978_1053015273939711_2503511015348224125_n.jpg?stp=dst-jpg_e35_tt6&amp;_nc_cat=105&amp;ccb=7-5&amp;_nc_sid=18de74&amp;efg=eyJlZmdfdGFnIjoiQ0FST1VTRUxfSVRFTS5iZXN0X2ltYWdlX3VybGdlbi5DMyJ9&amp;_nc_ohc=wR9XCjJWlQEQ7kNvwG1ddH5&amp;_nc_oc=Adqw9mbX5ZkXIZ2K6jj0tTea2PPub2UIg4WNi5X6bVovVGufMI6gLh0CK9mDG_v2ybY&amp;_nc_zt=23&amp;_nc_ht=scontent-lhr6-2.cdninstagram.com&amp;edm=AM6HXa8EAAAA&amp;_nc_gid=S8bjnWkMqeORgXTIW4jcQQ&amp;oh=00_AQI77lqhPK6UuUdOMTCje4BgtLWkfPHhZjii-ShVdO87Rg&amp;oe=6A9DE4A1&quot;}\">\n\t\t\t<span class=\"sbi-screenreader\">Donem la benvinguda a la xarxa d&#039;ambaixadors de la<\/span>\n\t\t\t<svg class=\"svg-inline--fa fa-clone fa-w-16 sbi_lightbox_carousel_icon\" aria-hidden=\"true\" aria-label=\"Clone\" data-fa-pro\u0192cessed=\"\" data-prefix=\"far\" data-icon=\"clone\" role=\"img\" xmlns=\"http:\/\/www.w3.org\/2000\/svg\" viewBox=\"0 0 512 512\">\n                    <path fill=\"currentColor\" d=\"M464 0H144c-26.51 0-48 21.49-48 48v48H48c-26.51 0-48 21.49-48 48v320c0 26.51 21.49 48 48 48h320c26.51 0 48-21.49 48-48v-48h48c26.51 0 48-21.49 48-48V48c0-26.51-21.49-48-48-48zM362 464H54a6 6 0 0 1-6-6V150a6 6 0 0 1 6-6h42v224c0 26.51 21.49 48 48 48h224v42a6 6 0 0 1-6 6zm96-96H150a6 6 0 0 1-6-6V54a6 6 0 0 1 6-6h308a6 6 0 0 1 6 6v308a6 6 0 0 1-6 6z\"><\/path>\n                <\/svg>\t\t\t\t\t\t<img src=\"https:\/\/www.madriu-perafita-claror.ad\/wp-content\/plugins\/instagram-feed\/img\/placeholder.png\" alt=\"Donem la benvinguda a la xarxa d&#039;ambaixadors de la Vall del Madriu-Perafita-Claror a Pastisseria You Cakes! \ud83c\udf3f\ud83c\udfd4\ufe0f\n\n@youcakes_by_estopinan \u00e9s una pastisseria artesana d&#039;Escaldes-Engordany, un negoci familiar que avui lidera l&#039;Alexis Estopi\u00f1an, mantenint la passi\u00f3 per l&#039;ofici i l&#039;aposta per unes elaboracions cuidades i personalitzades per a cada celebraci\u00f3.\n\nA partir d&#039;ara, Pastisseria You Cakes forma part de la xarxa d&#039;ambaixadors de la Vall del Madriu-Perafita-Claror \u2014 Patrimoni Mundial de la UNESCO \u2014 i es converteix en un aliat per donar a con\u00e8ixer aquest paisatge cultural excepcional, compartint amb els seus clients els valors de la Vall i la import\u00e0ncia de preservar aquest patrimoni \u00fanic.\n\nArrelada a Escaldes-Engordany, You Cakes \u00e9s un exemple de comer\u00e7 local que contribueix a fer arribar el patrimoni a la ciutadania a trav\u00e9s de la proximitat, la qualitat i l&#039;estima per la feina ben feta.\n\nBenvinguts a la fam\u00edlia d&#039;ambaixadors! \ud83d\ude4c\n\nPastissos fets a mida per a cada celebraci\u00f3, amb el detall i la dol\u00e7or que mereixen els grans moments. \ud83c\udf82\n\n\ud83d\udccd Av. Copr\u00edncep de Gaulle, Escaldes-Engordany\n\ud83d\udcf8 Fotos: @youcakes_by_estopinan \n\ud83d\udd17 M\u00e9s informaci\u00f3: youcakes.com\n\n#AmbaixadorsVMPC #VallDelMadriuPerafitaClaror #PatrimoniMundialUNESCO #Andorra #ProducteLocal\" aria-hidden=\"true\">\n\t\t<\/a>\n\t<\/div>\n<\/div><div class=\"sbi_item sbi_type_carousel sbi_new sbi_transition\" role=\"listitem\"\n\tid=\"sbi_18122150362896595\" data-date=\"1787342417\">\n\t<div class=\"sbi_photo_wrap\">\n\t\t<a class=\"sbi_photo\" href=\"https:\/\/www.instagram.com\/p\/DcUJWpIj-ZA\/\" target=\"_blank\" rel=\"noopener nofollow\"\n\t\t\tdata-full-res=\"https:\/\/scontent-lhr11-1.cdninstagram.com\/v\/t39.30808-6\/757480556_1052373387337233_4088804361467953290_n.jpg?stp=dst-jpg_e35_tt6&#038;_nc_cat=104&#038;ccb=7-5&#038;_nc_sid=18de74&#038;efg=eyJlZmdfdGFnIjoiQ0FST1VTRUxfSVRFTS5iZXN0X2ltYWdlX3VybGdlbi5DMyJ9&#038;_nc_ohc=qsrPvGOoIFYQ7kNvwH6VsBn&#038;_nc_oc=Adr5YEJXsgkRTfnlfWdmBHxIDgpEB9XIktokXDylymcmS_H4TAVLycAAXguWmGrmGxU&#038;_nc_zt=23&#038;_nc_ht=scontent-lhr11-1.cdninstagram.com&#038;edm=AM6HXa8EAAAA&#038;_nc_gid=S8bjnWkMqeORgXTIW4jcQQ&#038;oh=00_AQKZs4CYDKxQzLqgoyMfnGgp-gT3oL61lNWHJgEVeXXPrA&#038;oe=6A9DD643\"\n\t\t\tdata-img-src-set=\"{&quot;d&quot;:&quot;https:\\\/\\\/scontent-lhr11-1.cdninstagram.com\\\/v\\\/t39.30808-6\\\/757480556_1052373387337233_4088804361467953290_n.jpg?stp=dst-jpg_e35_tt6&amp;_nc_cat=104&amp;ccb=7-5&amp;_nc_sid=18de74&amp;efg=eyJlZmdfdGFnIjoiQ0FST1VTRUxfSVRFTS5iZXN0X2ltYWdlX3VybGdlbi5DMyJ9&amp;_nc_ohc=qsrPvGOoIFYQ7kNvwH6VsBn&amp;_nc_oc=Adr5YEJXsgkRTfnlfWdmBHxIDgpEB9XIktokXDylymcmS_H4TAVLycAAXguWmGrmGxU&amp;_nc_zt=23&amp;_nc_ht=scontent-lhr11-1.cdninstagram.com&amp;edm=AM6HXa8EAAAA&amp;_nc_gid=S8bjnWkMqeORgXTIW4jcQQ&amp;oh=00_AQKZs4CYDKxQzLqgoyMfnGgp-gT3oL61lNWHJgEVeXXPrA&amp;oe=6A9DD643&quot;,&quot;150&quot;:&quot;https:\\\/\\\/scontent-lhr11-1.cdninstagram.com\\\/v\\\/t39.30808-6\\\/757480556_1052373387337233_4088804361467953290_n.jpg?stp=dst-jpg_e35_tt6&amp;_nc_cat=104&amp;ccb=7-5&amp;_nc_sid=18de74&amp;efg=eyJlZmdfdGFnIjoiQ0FST1VTRUxfSVRFTS5iZXN0X2ltYWdlX3VybGdlbi5DMyJ9&amp;_nc_ohc=qsrPvGOoIFYQ7kNvwH6VsBn&amp;_nc_oc=Adr5YEJXsgkRTfnlfWdmBHxIDgpEB9XIktokXDylymcmS_H4TAVLycAAXguWmGrmGxU&amp;_nc_zt=23&amp;_nc_ht=scontent-lhr11-1.cdninstagram.com&amp;edm=AM6HXa8EAAAA&amp;_nc_gid=S8bjnWkMqeORgXTIW4jcQQ&amp;oh=00_AQKZs4CYDKxQzLqgoyMfnGgp-gT3oL61lNWHJgEVeXXPrA&amp;oe=6A9DD643&quot;,&quot;320&quot;:&quot;https:\\\/\\\/scontent-lhr11-1.cdninstagram.com\\\/v\\\/t39.30808-6\\\/757480556_1052373387337233_4088804361467953290_n.jpg?stp=dst-jpg_e35_tt6&amp;_nc_cat=104&amp;ccb=7-5&amp;_nc_sid=18de74&amp;efg=eyJlZmdfdGFnIjoiQ0FST1VTRUxfSVRFTS5iZXN0X2ltYWdlX3VybGdlbi5DMyJ9&amp;_nc_ohc=qsrPvGOoIFYQ7kNvwH6VsBn&amp;_nc_oc=Adr5YEJXsgkRTfnlfWdmBHxIDgpEB9XIktokXDylymcmS_H4TAVLycAAXguWmGrmGxU&amp;_nc_zt=23&amp;_nc_ht=scontent-lhr11-1.cdninstagram.com&amp;edm=AM6HXa8EAAAA&amp;_nc_gid=S8bjnWkMqeORgXTIW4jcQQ&amp;oh=00_AQKZs4CYDKxQzLqgoyMfnGgp-gT3oL61lNWHJgEVeXXPrA&amp;oe=6A9DD643&quot;,&quot;640&quot;:&quot;https:\\\/\\\/scontent-lhr11-1.cdninstagram.com\\\/v\\\/t39.30808-6\\\/757480556_1052373387337233_4088804361467953290_n.jpg?stp=dst-jpg_e35_tt6&amp;_nc_cat=104&amp;ccb=7-5&amp;_nc_sid=18de74&amp;efg=eyJlZmdfdGFnIjoiQ0FST1VTRUxfSVRFTS5iZXN0X2ltYWdlX3VybGdlbi5DMyJ9&amp;_nc_ohc=qsrPvGOoIFYQ7kNvwH6VsBn&amp;_nc_oc=Adr5YEJXsgkRTfnlfWdmBHxIDgpEB9XIktokXDylymcmS_H4TAVLycAAXguWmGrmGxU&amp;_nc_zt=23&amp;_nc_ht=scontent-lhr11-1.cdninstagram.com&amp;edm=AM6HXa8EAAAA&amp;_nc_gid=S8bjnWkMqeORgXTIW4jcQQ&amp;oh=00_AQKZs4CYDKxQzLqgoyMfnGgp-gT3oL61lNWHJgEVeXXPrA&amp;oe=6A9DD643&quot;}\">\n\t\t\t<span class=\"sbi-screenreader\">Donem la benvinguda a la xarxa d&#039;ambaixadors de la<\/span>\n\t\t\t<svg class=\"svg-inline--fa fa-clone fa-w-16 sbi_lightbox_carousel_icon\" aria-hidden=\"true\" aria-label=\"Clone\" data-fa-pro\u0192cessed=\"\" data-prefix=\"far\" data-icon=\"clone\" role=\"img\" xmlns=\"http:\/\/www.w3.org\/2000\/svg\" viewBox=\"0 0 512 512\">\n                    <path fill=\"currentColor\" d=\"M464 0H144c-26.51 0-48 21.49-48 48v48H48c-26.51 0-48 21.49-48 48v320c0 26.51 21.49 48 48 48h320c26.51 0 48-21.49 48-48v-48h48c26.51 0 48-21.49 48-48V48c0-26.51-21.49-48-48-48zM362 464H54a6 6 0 0 1-6-6V150a6 6 0 0 1 6-6h42v224c0 26.51 21.49 48 48 48h224v42a6 6 0 0 1-6 6zm96-96H150a6 6 0 0 1-6-6V54a6 6 0 0 1 6-6h308a6 6 0 0 1 6 6v308a6 6 0 0 1-6 6z\"><\/path>\n                <\/svg>\t\t\t\t\t\t<img src=\"https:\/\/www.madriu-perafita-claror.ad\/wp-content\/plugins\/instagram-feed\/img\/placeholder.png\" alt=\"Donem la benvinguda a la xarxa d&#039;ambaixadors de la Vall del Madriu-Perafita-Claror a @hotelcomabella ! \ud83c\udf3f\ud83c\udfd4\ufe0f\n\nHotel Coma Bella \u00e9s un hotel envoltat de natura, a tocar del bosc de la Rabassa, a Sant Juli\u00e0 de L\u00f2ria, molt a prop d&#039;un dels accessos a la Vall del Madriu-Perafita-Claror.\n\nA partir d&#039;ara, Hotel Coma Bella forma part de la xarxa d&#039;ambaixadors de la Vall del Madriu-Perafita-Claror \u2014 Patrimoni Mundial de la UNESCO \u2014 i es converteix en un aliat per apropar aquest paisatge cultural excepcional als seus hostes, convidant-los a descobrir-lo amb respecte i a valorar-ne el patrimoni natural i cultural.\n\nLa seva ubicaci\u00f3 privilegiada el converteix en un excel\u00b7lent punt de partida per descobrir la Vall. A m\u00e9s, el seu restaurant ofereix una cuina de qualitat en un entorn acollidor, on gaudir de la gastronomia amb unes vistes privilegiades sobre les muntanyes d&#039;Andorra.\n\nBenvinguts a la fam\u00edlia d&#039;ambaixadors! \ud83d\ude4c\n\nEnvoltat de bosc i silenci, \u00e9s el rac\u00f3 perfecte per desconnectar, assaborir la gastronomia del pa\u00eds i respirar aire pur a la Rabassa. \ud83c\udf33\ud83c\udf7d\ufe0f\n\n\ud83d\udccd Ctra. de la Rabassa, Sant Juli\u00e0 de L\u00f2ria\n\ud83d\udcf8 Foto: @hotelcomabella \n\n#AmbaixadorsVMPC #VallDelMadriuPerafitaClaror #PatrimoniMundialUNESCO #Andorra #GastronomiaAndorra\" aria-hidden=\"true\">\n\t\t<\/a>\n\t<\/div>\n<\/div><div class=\"sbi_item sbi_type_carousel sbi_new sbi_transition\" role=\"listitem\"\n\tid=\"sbi_18111567148809459\" data-date=\"1787065207\">\n\t<div class=\"sbi_photo_wrap\">\n\t\t<a class=\"sbi_photo\" href=\"https:\/\/www.instagram.com\/p\/DcL4nkEDP0A\/\" target=\"_blank\" rel=\"noopener nofollow\"\n\t\t\tdata-full-res=\"https:\/\/scontent-lhr6-1.cdninstagram.com\/v\/t39.30808-6\/756148663_1052366534004585_1617598168391199898_n.jpg?stp=dst-jpg_e35_tt6&#038;_nc_cat=108&#038;ccb=7-5&#038;_nc_sid=18de74&#038;efg=eyJlZmdfdGFnIjoiQ0FST1VTRUxfSVRFTS5iZXN0X2ltYWdlX3VybGdlbi5DMyJ9&#038;_nc_ohc=CGfwJkllSjoQ7kNvwEkmQMk&#038;_nc_oc=Ados-Qg1exPQvmThqjg7NDFQDD0ZZu6PcID3pKnp6y92dVYNfYM_eSsP7NRHTAC20M4&#038;_nc_zt=23&#038;_nc_ht=scontent-lhr6-1.cdninstagram.com&#038;edm=AM6HXa8EAAAA&#038;_nc_gid=S8bjnWkMqeORgXTIW4jcQQ&#038;oh=00_AQLICt_nDWvS994OaLjUj5nPwOuFh9dIsAdMHsRcce1opA&#038;oe=6A9DF69E\"\n\t\t\tdata-img-src-set=\"{&quot;d&quot;:&quot;https:\\\/\\\/scontent-lhr6-1.cdninstagram.com\\\/v\\\/t39.30808-6\\\/756148663_1052366534004585_1617598168391199898_n.jpg?stp=dst-jpg_e35_tt6&amp;_nc_cat=108&amp;ccb=7-5&amp;_nc_sid=18de74&amp;efg=eyJlZmdfdGFnIjoiQ0FST1VTRUxfSVRFTS5iZXN0X2ltYWdlX3VybGdlbi5DMyJ9&amp;_nc_ohc=CGfwJkllSjoQ7kNvwEkmQMk&amp;_nc_oc=Ados-Qg1exPQvmThqjg7NDFQDD0ZZu6PcID3pKnp6y92dVYNfYM_eSsP7NRHTAC20M4&amp;_nc_zt=23&amp;_nc_ht=scontent-lhr6-1.cdninstagram.com&amp;edm=AM6HXa8EAAAA&amp;_nc_gid=S8bjnWkMqeORgXTIW4jcQQ&amp;oh=00_AQLICt_nDWvS994OaLjUj5nPwOuFh9dIsAdMHsRcce1opA&amp;oe=6A9DF69E&quot;,&quot;150&quot;:&quot;https:\\\/\\\/scontent-lhr6-1.cdninstagram.com\\\/v\\\/t39.30808-6\\\/756148663_1052366534004585_1617598168391199898_n.jpg?stp=dst-jpg_e35_tt6&amp;_nc_cat=108&amp;ccb=7-5&amp;_nc_sid=18de74&amp;efg=eyJlZmdfdGFnIjoiQ0FST1VTRUxfSVRFTS5iZXN0X2ltYWdlX3VybGdlbi5DMyJ9&amp;_nc_ohc=CGfwJkllSjoQ7kNvwEkmQMk&amp;_nc_oc=Ados-Qg1exPQvmThqjg7NDFQDD0ZZu6PcID3pKnp6y92dVYNfYM_eSsP7NRHTAC20M4&amp;_nc_zt=23&amp;_nc_ht=scontent-lhr6-1.cdninstagram.com&amp;edm=AM6HXa8EAAAA&amp;_nc_gid=S8bjnWkMqeORgXTIW4jcQQ&amp;oh=00_AQLICt_nDWvS994OaLjUj5nPwOuFh9dIsAdMHsRcce1opA&amp;oe=6A9DF69E&quot;,&quot;320&quot;:&quot;https:\\\/\\\/scontent-lhr6-1.cdninstagram.com\\\/v\\\/t39.30808-6\\\/756148663_1052366534004585_1617598168391199898_n.jpg?stp=dst-jpg_e35_tt6&amp;_nc_cat=108&amp;ccb=7-5&amp;_nc_sid=18de74&amp;efg=eyJlZmdfdGFnIjoiQ0FST1VTRUxfSVRFTS5iZXN0X2ltYWdlX3VybGdlbi5DMyJ9&amp;_nc_ohc=CGfwJkllSjoQ7kNvwEkmQMk&amp;_nc_oc=Ados-Qg1exPQvmThqjg7NDFQDD0ZZu6PcID3pKnp6y92dVYNfYM_eSsP7NRHTAC20M4&amp;_nc_zt=23&amp;_nc_ht=scontent-lhr6-1.cdninstagram.com&amp;edm=AM6HXa8EAAAA&amp;_nc_gid=S8bjnWkMqeORgXTIW4jcQQ&amp;oh=00_AQLICt_nDWvS994OaLjUj5nPwOuFh9dIsAdMHsRcce1opA&amp;oe=6A9DF69E&quot;,&quot;640&quot;:&quot;https:\\\/\\\/scontent-lhr6-1.cdninstagram.com\\\/v\\\/t39.30808-6\\\/756148663_1052366534004585_1617598168391199898_n.jpg?stp=dst-jpg_e35_tt6&amp;_nc_cat=108&amp;ccb=7-5&amp;_nc_sid=18de74&amp;efg=eyJlZmdfdGFnIjoiQ0FST1VTRUxfSVRFTS5iZXN0X2ltYWdlX3VybGdlbi5DMyJ9&amp;_nc_ohc=CGfwJkllSjoQ7kNvwEkmQMk&amp;_nc_oc=Ados-Qg1exPQvmThqjg7NDFQDD0ZZu6PcID3pKnp6y92dVYNfYM_eSsP7NRHTAC20M4&amp;_nc_zt=23&amp;_nc_ht=scontent-lhr6-1.cdninstagram.com&amp;edm=AM6HXa8EAAAA&amp;_nc_gid=S8bjnWkMqeORgXTIW4jcQQ&amp;oh=00_AQLICt_nDWvS994OaLjUj5nPwOuFh9dIsAdMHsRcce1opA&amp;oe=6A9DF69E&quot;}\">\n\t\t\t<span class=\"sbi-screenreader\">Donem la benvinguda a la xarxa d&#039;ambaixadors de la<\/span>\n\t\t\t<svg class=\"svg-inline--fa fa-clone fa-w-16 sbi_lightbox_carousel_icon\" aria-hidden=\"true\" aria-label=\"Clone\" data-fa-pro\u0192cessed=\"\" data-prefix=\"far\" data-icon=\"clone\" role=\"img\" xmlns=\"http:\/\/www.w3.org\/2000\/svg\" viewBox=\"0 0 512 512\">\n                    <path fill=\"currentColor\" d=\"M464 0H144c-26.51 0-48 21.49-48 48v48H48c-26.51 0-48 21.49-48 48v320c0 26.51 21.49 48 48 48h320c26.51 0 48-21.49 48-48v-48h48c26.51 0 48-21.49 48-48V48c0-26.51-21.49-48-48-48zM362 464H54a6 6 0 0 1-6-6V150a6 6 0 0 1 6-6h42v224c0 26.51 21.49 48 48 48h224v42a6 6 0 0 1-6 6zm96-96H150a6 6 0 0 1-6-6V54a6 6 0 0 1 6-6h308a6 6 0 0 1 6 6v308a6 6 0 0 1-6 6z\"><\/path>\n                <\/svg>\t\t\t\t\t\t<img src=\"https:\/\/www.madriu-perafita-claror.ad\/wp-content\/plugins\/instagram-feed\/img\/placeholder.png\" alt=\"Donem la benvinguda a la xarxa d&#039;ambaixadors de la Vall del Madriu-Perafita-Claror a Nicolas Bordes (@guiding4seasons )! \ud83c\udf3f\ud83c\udfd4\ufe0f\n\nNicolas Bordes (Guiding 4 Seasons) ofereix guiatge de muntanya durant les quatre estacions de l&#039;any, apropant els visitants als paisatges d&#039;Andorra amb professionalitat, seguretat i respecte pel medi natural.\n\nA partir d&#039;ara, Nicolas Bordes forma part de la xarxa d&#039;ambaixadors de la Vall del Madriu-Perafita-Claror \u2014 Patrimoni Mundial de la UNESCO \u2014 i es converteix en un aliat per donar a con\u00e8ixer aquest paisatge cultural excepcional, transmetent als seus clients els valors que el fan \u00fanic i promovent-ne una descoberta responsable.\n\nCada sortida \u00e9s una oportunitat per interpretar el territori, compartir-ne la hist\u00f2ria i fomentar el respecte per aquest patrimoni mundial.\n\nBenvingut a la fam\u00edlia d&#039;ambaixadors! \ud83d\ude4c\n\nHivern o estiu, en Nicolas us guiar\u00e0 per descobrir la muntanya en qualsevol estaci\u00f3 de l&#039;any. \u2744\ufe0f\u2600\ufe0f\n\n\ud83d\udccd Andorra\n\ud83d\udcf8 Fotos: @guiding4seasons \n\u2709\ufe0f Contacte: hello@guiding4seasons.com\n\n#AmbaixadorsVMPC #VallDelMadriuPerafitaClaror #PatrimoniMundialUNESCO #Andorra #TurismeActiuAndorra\" aria-hidden=\"true\">\n\t\t<\/a>\n\t<\/div>\n<\/div><div class=\"sbi_item sbi_type_carousel sbi_new sbi_transition\" role=\"listitem\"\n\tid=\"sbi_18101174414065178\" data-date=\"1786708816\">\n\t<div class=\"sbi_photo_wrap\">\n\t\t<a class=\"sbi_photo\" href=\"https:\/\/www.instagram.com\/p\/DcBQ24jiohD\/\" target=\"_blank\" rel=\"noopener nofollow\"\n\t\t\tdata-full-res=\"https:\/\/scontent-lhr11-1.cdninstagram.com\/v\/t39.30808-6\/757147450_1052352600672645_2877253610711986252_n.jpg?stp=dst-jpg_e35_tt6&#038;_nc_cat=101&#038;ccb=7-5&#038;_nc_sid=18de74&#038;efg=eyJlZmdfdGFnIjoiQ0FST1VTRUxfSVRFTS5iZXN0X2ltYWdlX3VybGdlbi5DMyJ9&#038;_nc_ohc=cJz32PHsEKgQ7kNvwFHTASb&#038;_nc_oc=Ado3WZmi_4u91I28G_m8iavgX_8_eNEZ6yln8EfnzF_J7XfrHN8GMP8BZLQxmdZPYzY&#038;_nc_zt=23&#038;_nc_ht=scontent-lhr11-1.cdninstagram.com&#038;edm=AM6HXa8EAAAA&#038;_nc_gid=S8bjnWkMqeORgXTIW4jcQQ&#038;oh=00_AQIUrezs3stM5iy6BmefRVkqvFwOMz7cekKeYCW6G2IbGw&#038;oe=6A9DC759\"\n\t\t\tdata-img-src-set=\"{&quot;d&quot;:&quot;https:\\\/\\\/scontent-lhr11-1.cdninstagram.com\\\/v\\\/t39.30808-6\\\/757147450_1052352600672645_2877253610711986252_n.jpg?stp=dst-jpg_e35_tt6&amp;_nc_cat=101&amp;ccb=7-5&amp;_nc_sid=18de74&amp;efg=eyJlZmdfdGFnIjoiQ0FST1VTRUxfSVRFTS5iZXN0X2ltYWdlX3VybGdlbi5DMyJ9&amp;_nc_ohc=cJz32PHsEKgQ7kNvwFHTASb&amp;_nc_oc=Ado3WZmi_4u91I28G_m8iavgX_8_eNEZ6yln8EfnzF_J7XfrHN8GMP8BZLQxmdZPYzY&amp;_nc_zt=23&amp;_nc_ht=scontent-lhr11-1.cdninstagram.com&amp;edm=AM6HXa8EAAAA&amp;_nc_gid=S8bjnWkMqeORgXTIW4jcQQ&amp;oh=00_AQIUrezs3stM5iy6BmefRVkqvFwOMz7cekKeYCW6G2IbGw&amp;oe=6A9DC759&quot;,&quot;150&quot;:&quot;https:\\\/\\\/scontent-lhr11-1.cdninstagram.com\\\/v\\\/t39.30808-6\\\/757147450_1052352600672645_2877253610711986252_n.jpg?stp=dst-jpg_e35_tt6&amp;_nc_cat=101&amp;ccb=7-5&amp;_nc_sid=18de74&amp;efg=eyJlZmdfdGFnIjoiQ0FST1VTRUxfSVRFTS5iZXN0X2ltYWdlX3VybGdlbi5DMyJ9&amp;_nc_ohc=cJz32PHsEKgQ7kNvwFHTASb&amp;_nc_oc=Ado3WZmi_4u91I28G_m8iavgX_8_eNEZ6yln8EfnzF_J7XfrHN8GMP8BZLQxmdZPYzY&amp;_nc_zt=23&amp;_nc_ht=scontent-lhr11-1.cdninstagram.com&amp;edm=AM6HXa8EAAAA&amp;_nc_gid=S8bjnWkMqeORgXTIW4jcQQ&amp;oh=00_AQIUrezs3stM5iy6BmefRVkqvFwOMz7cekKeYCW6G2IbGw&amp;oe=6A9DC759&quot;,&quot;320&quot;:&quot;https:\\\/\\\/scontent-lhr11-1.cdninstagram.com\\\/v\\\/t39.30808-6\\\/757147450_1052352600672645_2877253610711986252_n.jpg?stp=dst-jpg_e35_tt6&amp;_nc_cat=101&amp;ccb=7-5&amp;_nc_sid=18de74&amp;efg=eyJlZmdfdGFnIjoiQ0FST1VTRUxfSVRFTS5iZXN0X2ltYWdlX3VybGdlbi5DMyJ9&amp;_nc_ohc=cJz32PHsEKgQ7kNvwFHTASb&amp;_nc_oc=Ado3WZmi_4u91I28G_m8iavgX_8_eNEZ6yln8EfnzF_J7XfrHN8GMP8BZLQxmdZPYzY&amp;_nc_zt=23&amp;_nc_ht=scontent-lhr11-1.cdninstagram.com&amp;edm=AM6HXa8EAAAA&amp;_nc_gid=S8bjnWkMqeORgXTIW4jcQQ&amp;oh=00_AQIUrezs3stM5iy6BmefRVkqvFwOMz7cekKeYCW6G2IbGw&amp;oe=6A9DC759&quot;,&quot;640&quot;:&quot;https:\\\/\\\/scontent-lhr11-1.cdninstagram.com\\\/v\\\/t39.30808-6\\\/757147450_1052352600672645_2877253610711986252_n.jpg?stp=dst-jpg_e35_tt6&amp;_nc_cat=101&amp;ccb=7-5&amp;_nc_sid=18de74&amp;efg=eyJlZmdfdGFnIjoiQ0FST1VTRUxfSVRFTS5iZXN0X2ltYWdlX3VybGdlbi5DMyJ9&amp;_nc_ohc=cJz32PHsEKgQ7kNvwFHTASb&amp;_nc_oc=Ado3WZmi_4u91I28G_m8iavgX_8_eNEZ6yln8EfnzF_J7XfrHN8GMP8BZLQxmdZPYzY&amp;_nc_zt=23&amp;_nc_ht=scontent-lhr11-1.cdninstagram.com&amp;edm=AM6HXa8EAAAA&amp;_nc_gid=S8bjnWkMqeORgXTIW4jcQQ&amp;oh=00_AQIUrezs3stM5iy6BmefRVkqvFwOMz7cekKeYCW6G2IbGw&amp;oe=6A9DC759&quot;}\">\n\t\t\t<span class=\"sbi-screenreader\">Donem la benvinguda a la xarxa d&#039;ambaixadors de la<\/span>\n\t\t\t<svg class=\"svg-inline--fa fa-clone fa-w-16 sbi_lightbox_carousel_icon\" aria-hidden=\"true\" aria-label=\"Clone\" data-fa-pro\u0192cessed=\"\" data-prefix=\"far\" data-icon=\"clone\" role=\"img\" xmlns=\"http:\/\/www.w3.org\/2000\/svg\" viewBox=\"0 0 512 512\">\n                    <path fill=\"currentColor\" d=\"M464 0H144c-26.51 0-48 21.49-48 48v48H48c-26.51 0-48 21.49-48 48v320c0 26.51 21.49 48 48 48h320c26.51 0 48-21.49 48-48v-48h48c26.51 0 48-21.49 48-48V48c0-26.51-21.49-48-48-48zM362 464H54a6 6 0 0 1-6-6V150a6 6 0 0 1 6-6h42v224c0 26.51 21.49 48 48 48h224v42a6 6 0 0 1-6 6zm96-96H150a6 6 0 0 1-6-6V54a6 6 0 0 1 6-6h308a6 6 0 0 1 6 6v308a6 6 0 0 1-6 6z\"><\/path>\n                <\/svg>\t\t\t\t\t\t<img src=\"https:\/\/www.madriu-perafita-claror.ad\/wp-content\/plugins\/instagram-feed\/img\/placeholder.png\" alt=\"Donem la benvinguda a la xarxa d&#039;ambaixadors de la Vall del Madriu-Perafita-Claror a @naturland_andorra ! \ud83c\udf3f\ud83c\udfd4\ufe0f\n \nNaturland \u00e9s un parc d&#039;activitats i allotjament rural situat a la Rabassa, a Sant Juli\u00e0 de L\u00f2ria, molt a prop d&#039;un dels accessos a la Vall del Madriu-Perafita-Claror.\n\nA partir d&#039;ara, Naturland forma part de la xarxa d&#039;ambaixadors de la Vall del Madriu-Perafita-Claror \u2014 Patrimoni Mundial de la UNESCO \u2014 i es converteix en un aliat per apropar aquest paisatge cultural excepcional als seus visitants, convidant-los a descobrir-lo, respectar-lo i contribuir a la seva conservaci\u00f3.\n\nAmb milers de persones que hi passen cada any, Naturland \u00e9s un punt estrat\u00e8gic per divulgar els valors de la Vall i promoure un turisme responsable i comprom\u00e8s amb el patrimoni.\n\nBenvinguts a la fam\u00edlia d&#039;ambaixadors! \ud83d\ude4c\n \nUn espai per a totes les edats, on la natura es viu amb activitats, allotjament i bons \u00e0pats. \ud83c\udfd5\ufe0f\n \n\ud83d\udccd Crta. de la Rabassa, Sant Juli\u00e0 de L\u00f2ria\n\ud83d\udcf8 Foto i etiqueta: @naturland_andorra \n \n#AmbaixadorsVMPC #VallDelMadriuPerafitaClaror #PatrimoniMundialUNESCO #Andorra #TurismeActiuAndorra\" aria-hidden=\"true\">\n\t\t<\/a>\n\t<\/div>\n<\/div>\t<\/div>\n\n\t<div id=\"sbi_load\" >\n\n\t<div class=\"sbi-screenreader\" aria-live=\"polite\" aria-atomic=\"true\" data-sbi-feed-status><\/div>\n\n\t\t\t<button class=\"sbi_load_btn\"\n\t\t\ttype=\"button\" >\n\t\t\t<span class=\"sbi_btn_text\" >Cargar m\u00e1s...<\/span>\n\t\t\t<span class=\"sbi_loader sbi_hidden\" style=\"background-color: rgb(255, 255, 255);\" aria-hidden=\"true\"><\/span>\n\t\t<\/button>\n\t\n\t\t\t<span class=\"sbi_follow_btn\" >\n\t\t\t<a target=\"_blank\"\n\t\t\t\trel=\"nofollow noopener\"  href=\"https:\/\/www.instagram.com\/vall_madriu_perafita_claror\/\">\n\t\t\t\t<svg class=\"svg-inline--fa fa-instagram fa-w-14\" aria-hidden=\"true\" data-fa-processed=\"\" aria-label=\"Instagram\" data-prefix=\"fab\" data-icon=\"instagram\" role=\"img\" viewBox=\"0 0 448 512\">\n                    <path fill=\"currentColor\" d=\"M224.1 141c-63.6 0-114.9 51.3-114.9 114.9s51.3 114.9 114.9 114.9S339 319.5 339 255.9 287.7 141 224.1 141zm0 189.6c-41.1 0-74.7-33.5-74.7-74.7s33.5-74.7 74.7-74.7 74.7 33.5 74.7 74.7-33.6 74.7-74.7 74.7zm146.4-194.3c0 14.9-12 26.8-26.8 26.8-14.9 0-26.8-12-26.8-26.8s12-26.8 26.8-26.8 26.8 12 26.8 26.8zm76.1 27.2c-1.7-35.9-9.9-67.7-36.2-93.9-26.2-26.2-58-34.4-93.9-36.2-37-2.1-147.9-2.1-184.9 0-35.8 1.7-67.6 9.9-93.9 36.1s-34.4 58-36.2 93.9c-2.1 37-2.1 147.9 0 184.9 1.7 35.9 9.9 67.7 36.2 93.9s58 34.4 93.9 36.2c37 2.1 147.9 2.1 184.9 0 35.9-1.7 67.7-9.9 93.9-36.2 26.2-26.2 34.4-58 36.2-93.9 2.1-37 2.1-147.8 0-184.8zM398.8 388c-7.8 19.6-22.9 34.7-42.6 42.6-29.5 11.7-99.5 9-132.1 9s-102.7 2.6-132.1-9c-19.6-7.8-34.7-22.9-42.6-42.6-11.7-29.5-9-99.5-9-132.1s-2.6-102.7 9-132.1c7.8-19.6 22.9-34.7 42.6-42.6 29.5-11.7 99.5-9 132.1-9s102.7-2.6 132.1 9c19.6 7.8 34.7 22.9 42.6 42.6 11.7 29.5 9 99.5 9 132.1s2.7 102.7-9 132.1z\"><\/path>\n                <\/svg>\t\t\t\t<span>S\u00edguenos en Instagram<\/span>\n\t\t\t<\/a>\n\t\t<\/span>\n\t\n<\/div>\n\t\t<span class=\"sbi_resized_image_data\" data-feed-id=\"*1\"\n\t\t  data-resized=\"{&quot;18101174414065178&quot;:{&quot;id&quot;:&quot;757147450_1052352600672645_2877253610711986252_n&quot;,&quot;ratio&quot;:&quot;0.80&quot;,&quot;sizes&quot;:{&quot;full&quot;:640,&quot;low&quot;:320,&quot;thumb&quot;:150},&quot;extension&quot;:&quot;.webp&quot;},&quot;18111567148809459&quot;:{&quot;id&quot;:&quot;756148663_1052366534004585_1617598168391199898_n&quot;,&quot;ratio&quot;:&quot;0.80&quot;,&quot;sizes&quot;:{&quot;full&quot;:640,&quot;low&quot;:320,&quot;thumb&quot;:150},&quot;extension&quot;:&quot;.webp&quot;},&quot;18122150362896595&quot;:{&quot;id&quot;:&quot;757480556_1052373387337233_4088804361467953290_n&quot;,&quot;ratio&quot;:&quot;0.80&quot;,&quot;sizes&quot;:{&quot;full&quot;:640,&quot;low&quot;:320,&quot;thumb&quot;:150},&quot;extension&quot;:&quot;.webp&quot;},&quot;18622625557000670&quot;:{&quot;id&quot;:&quot;757010978_1053015273939711_2503511015348224125_n&quot;,&quot;ratio&quot;:&quot;0.80&quot;,&quot;sizes&quot;:{&quot;full&quot;:640,&quot;low&quot;:320,&quot;thumb&quot;:150},&quot;extension&quot;:&quot;.webp&quot;},&quot;18019273958921391&quot;:{&quot;id&quot;:&quot;756444298_1053922303849008_11362654667259422_n&quot;,&quot;ratio&quot;:&quot;0.80&quot;,&quot;sizes&quot;:{&quot;full&quot;:640,&quot;low&quot;:320,&quot;thumb&quot;:150},&quot;extension&quot;:&quot;.webp&quot;},&quot;18227424592325720&quot;:{&quot;id&quot;:&quot;763655494_1058196900088215_1552498542099465489_n&quot;,&quot;ratio&quot;:&quot;0.80&quot;,&quot;sizes&quot;:{&quot;full&quot;:640,&quot;low&quot;:320,&quot;thumb&quot;:150},&quot;extension&quot;:&quot;.webp&quot;}}\">\n\t<\/span>\n\t<\/div>\n\n[\/vc_column_text][\/vc_column][\/vc_row]<\/p>\n<\/div>","protected":false},"excerpt":{"rendered":"<p>[vc_row][vc_column][vc_separator][vc_single_image image=\u00a0\u00bb34464&Prime; img_size=\u00a0\u00bbfull\u00a0\u00bb][\/vc_column][\/vc_row][vc_row][vc_column][vc_column_text] INSTAGRAM [\/vc_column_text][vc_column_text][\/vc_column_text][\/vc_column][\/vc_row]<\/p>\n","protected":false},"author":1,"featured_media":0,"parent":0,"menu_order":0,"comment_status":"closed","ping_status":"closed","template":"","meta":{"_acf_changed":false,"footnotes":""},"class_list":["post-34986","page","type-page","status-publish"],"acf":[],"_links":{"self":[{"href":"https:\/\/www.madriu-perafita-claror.ad\/fr\/wp-json\/wp\/v2\/pages\/34986","targetHints":{"allow":["GET"]}}],"collection":[{"href":"https:\/\/www.madriu-perafita-claror.ad\/fr\/wp-json\/wp\/v2\/pages"}],"about":[{"href":"https:\/\/www.madriu-perafita-claror.ad\/fr\/wp-json\/wp\/v2\/types\/page"}],"author":[{"embeddable":true,"href":"https:\/\/www.madriu-perafita-claror.ad\/fr\/wp-json\/wp\/v2\/users\/1"}],"replies":[{"embeddable":true,"href":"https:\/\/www.madriu-perafita-claror.ad\/fr\/wp-json\/wp\/v2\/comments?post=34986"}],"version-history":[{"count":0,"href":"https:\/\/www.madriu-perafita-claror.ad\/fr\/wp-json\/wp\/v2\/pages\/34986\/revisions"}],"wp:attachment":[{"href":"https:\/\/www.madriu-perafita-claror.ad\/fr\/wp-json\/wp\/v2\/media?parent=34986"}],"curies":[{"name":"wp","href":"https:\/\/api.w.org\/{rel}","templated":true}]}}