{"id":35060,"date":"2019-04-13T20:33:57","date_gmt":"2019-04-13T19:33:57","guid":{"rendered":"https:\/\/www.madriu-perafita-claror.ad\/arxiu-fotografic"},"modified":"2024-07-10T14:44:40","modified_gmt":"2024-07-10T13:44:40","slug":"fond-photographique","status":"publish","type":"page","link":"https:\/\/www.madriu-perafita-claror.ad\/fr\/fond-photographique\/","title":{"rendered":"Fond photographique"},"content":{"rendered":"<div class=\"wpb-content-wrapper\"><p>[vc_row][vc_column][vc_separator][vc_single_image image=\u00a0\u00bb42863&Prime; img_size=\u00a0\u00bbfull\u00a0\u00bb css=\u00a0\u00bb\u00a0\u00bb][\/vc_column][\/vc_row][vc_row][vc_column][vc_column_text css=\u00a0\u00bb\u00a0\u00bb]<\/p>\n<h2>FOND PHOTOGRAPHIQUE<\/h2>\n<p>[\/vc_column_text][vc_column_text]Ces photographies proviennent des archives photographiques du Centre de randonn\u00e9e de Catalogne, \u00e9galement connu sous son sigle AFCEC. Les collections documentaires qui int\u00e8grent l&rsquo;AFCEC proviennent de dons et de legs particuliers, aujourd&rsquo;hui elle compte plus de 400 000 images. L&rsquo;AFCEC est devenu une archive g\u00e9n\u00e9rale en raison de la diversit\u00e9 de ses dons, donc tout n&rsquo;est pas li\u00e9 \u00e0 la montagne. L&#8217;emplacement g\u00e9ographique et th\u00e9matique des photographies est tr\u00e8s vari\u00e9 (arch\u00e9ologie, sp\u00e9l\u00e9ologie, nautique, a\u00e9ronautique, cyclisme, boxe &#8230;).<\/p>\n<p>L&rsquo;AFCEC contient un important h\u00e9ritage historique reconnu avec le prix d&rsquo;honneur Jaume I en 1981 et la m\u00e9daille de l&rsquo;Unesco en 1999, est un exemple des premi\u00e8res initiatives d&rsquo;\u00e9tudes scientifiques en Catalogne, l\u2019appel randonn\u00e9e scientifique.[\/vc_column_text][vc_column_text]<div id=\"envira-gallery-wrap-40456\" class=\"envira-gallery-wrap envira-gallery-theme-base envira-lightbox-theme-base\" itemscope itemtype=\"https:\/\/schema.org\/ImageGallery\"><div data-row-height=\"\" data-gallery-theme=\"\" id=\"envira-gallery-40456\" class=\"envira-gallery-public  envira-gallery-3-columns envira-clear enviratope envira-gallery-css-animations\" data-envira-columns=\"3\"><div id=\"envira-gallery-item-30748\" class=\"envira-gallery-item enviratope-item envira-gallery-item-1 envira-lazy-load\" style=\"padding-left: 5px; padding-bottom: 10px; padding-right: 5px;\"  itemscope itemtype=\"https:\/\/schema.org\/ImageObject\"><div class=\"envira-gallery-item-inner\"><div class=\"envira-gallery-position-overlay  envira-gallery-top-left\"><\/div><div class=\"envira-gallery-position-overlay  envira-gallery-top-right\"><\/div><div class=\"envira-gallery-position-overlay  envira-gallery-bottom-left\"><\/div><div class=\"envira-gallery-position-overlay  envira-gallery-bottom-right\"><\/div><a href=\"https:\/\/www.madriu-perafita-claror.ad\/wp-content\/uploads\/2019\/04\/1915-1936-cabana-estall-serrer.jpg\" class=\"envira-gallery-40456 envira-gallery-link\" rel=\"enviragallery40456\" title=\"1915-1936-cabana-estall-serrer\" data-envira-caption=\"1915-1936-cabana-estall-serrer\" data-envira-retina=\"\" data-thumbnail=\"\"  itemprop=\"contentUrl\"><div class=\"envira-lazy\" data-test-width=\"640\" data-test-height=\"480\" style=\"padding-bottom:75%;\"><img id=\"envira-gallery-image-30748\" class=\"envira-gallery-image envira-gallery-image-1\" data-envira-index=\"1\" src=\"https:\/\/www.madriu-perafita-claror.ad\/wp-content\/uploads\/2019\/04\/1915-1936-cabana-estall-serrer-640x480_c.jpg\" data-envira-src=\"https:\/\/www.madriu-perafita-claror.ad\/wp-content\/uploads\/2019\/04\/1915-1936-cabana-estall-serrer-640x480_c.jpg\" data-envira-gallery-id=\"40456\" data-envira-item-id=\"30748\" data-envira-caption=\"1915-1936-cabana-estall-serrer\" alt=\"\" title=\"1915-1936-cabana-estall-serrer\"  data-no-lazy=\"1\"  itemprop=\"thumbnailUrl\" data-envira-srcset=\"https:\/\/www.madriu-perafita-claror.ad\/wp-content\/uploads\/2019\/04\/1915-1936-cabana-estall-serrer-640x480_c.jpg 400w,https:\/\/www.madriu-perafita-claror.ad\/wp-content\/uploads\/2019\/04\/1915-1936-cabana-estall-serrer-640x480_c.jpg 2x\" srcset=\"data:image\/gif;base64,R0lGODlhAQABAIAAAP\/\/\/\/\/\/\/yH5BAEKAAEALAAAAAABAAEAAAICTAEAOw==\" \/><\/div><\/a><\/div><\/div><div id=\"envira-gallery-item-30749\" class=\"envira-gallery-item enviratope-item envira-gallery-item-2 envira-lazy-load\" style=\"padding-left: 5px; padding-bottom: 10px; padding-right: 5px;\"  itemscope itemtype=\"https:\/\/schema.org\/ImageObject\"><div class=\"envira-gallery-item-inner\"><div class=\"envira-gallery-position-overlay  envira-gallery-top-left\"><\/div><div class=\"envira-gallery-position-overlay  envira-gallery-top-right\"><\/div><div class=\"envira-gallery-position-overlay  envira-gallery-bottom-left\"><\/div><div class=\"envira-gallery-position-overlay  envira-gallery-bottom-right\"><\/div><a href=\"https:\/\/www.madriu-perafita-claror.ad\/wp-content\/uploads\/2019\/04\/Vista_general_de_la_Vall_del_Madriu_i_el_riu1.jpg\" class=\"envira-gallery-40456 envira-gallery-link\" rel=\"enviragallery40456\" title=\"Vista_general_de_la_Vall_del_Madriu_i_el_riu1\" data-envira-caption=\"Vista_general_de_la_Vall_del_Madriu_i_el_riu1\" data-envira-retina=\"\" data-thumbnail=\"\"  itemprop=\"contentUrl\"><div class=\"envira-lazy\" data-test-width=\"640\" data-test-height=\"480\" style=\"padding-bottom:75%;\"><img id=\"envira-gallery-image-30749\" class=\"envira-gallery-image envira-gallery-image-2\" data-envira-index=\"2\" src=\"https:\/\/www.madriu-perafita-claror.ad\/wp-content\/uploads\/2019\/04\/Vista_general_de_la_Vall_del_Madriu_i_el_riu1-1024x393-640x480_c.jpg\" data-envira-src=\"https:\/\/www.madriu-perafita-claror.ad\/wp-content\/uploads\/2019\/04\/Vista_general_de_la_Vall_del_Madriu_i_el_riu1-1024x393-640x480_c.jpg\" data-envira-gallery-id=\"40456\" data-envira-item-id=\"30749\" data-envira-caption=\"Vista_general_de_la_Vall_del_Madriu_i_el_riu1\" alt=\"Vista general de la Vall del Madriu-Perafita-Claror (2)\" title=\"Vista_general_de_la_Vall_del_Madriu_i_el_riu1\"  data-no-lazy=\"1\"  itemprop=\"thumbnailUrl\" data-envira-srcset=\"https:\/\/www.madriu-perafita-claror.ad\/wp-content\/uploads\/2019\/04\/Vista_general_de_la_Vall_del_Madriu_i_el_riu1-1024x393-640x480_c.jpg 400w,https:\/\/www.madriu-perafita-claror.ad\/wp-content\/uploads\/2019\/04\/Vista_general_de_la_Vall_del_Madriu_i_el_riu1-1024x393-640x480_c.jpg 2x\" srcset=\"data:image\/gif;base64,R0lGODlhAQABAIAAAP\/\/\/\/\/\/\/yH5BAEKAAEALAAAAAABAAEAAAICTAEAOw==\" \/><\/div><\/a><\/div><\/div><div id=\"envira-gallery-item-30750\" class=\"envira-gallery-item enviratope-item envira-gallery-item-3 envira-lazy-load\" style=\"padding-left: 5px; padding-bottom: 10px; padding-right: 5px;\"  itemscope itemtype=\"https:\/\/schema.org\/ImageObject\"><div class=\"envira-gallery-item-inner\"><div class=\"envira-gallery-position-overlay  envira-gallery-top-left\"><\/div><div class=\"envira-gallery-position-overlay  envira-gallery-top-right\"><\/div><div class=\"envira-gallery-position-overlay  envira-gallery-bottom-left\"><\/div><div class=\"envira-gallery-position-overlay  envira-gallery-bottom-right\"><\/div><a href=\"https:\/\/www.madriu-perafita-claror.ad\/wp-content\/uploads\/2019\/04\/Vista_general_de_la_Vall_del_Madriu_i_el_riu.jpg\" class=\"envira-gallery-40456 envira-gallery-link\" rel=\"enviragallery40456\" title=\"Vista_general_de_la_Vall_del_Madriu_i_el_riu\" data-envira-caption=\"Vista_general_de_la_Vall_del_Madriu_i_el_riu\" data-envira-retina=\"\" data-thumbnail=\"\"  itemprop=\"contentUrl\"><div class=\"envira-lazy\" data-test-width=\"640\" data-test-height=\"480\" style=\"padding-bottom:75%;\"><img id=\"envira-gallery-image-30750\" class=\"envira-gallery-image envira-gallery-image-3\" data-envira-index=\"3\" src=\"https:\/\/www.madriu-perafita-claror.ad\/wp-content\/uploads\/2019\/04\/Vista_general_de_la_Vall_del_Madriu_i_el_riu-1024x391-640x480_c.jpg\" data-envira-src=\"https:\/\/www.madriu-perafita-claror.ad\/wp-content\/uploads\/2019\/04\/Vista_general_de_la_Vall_del_Madriu_i_el_riu-1024x391-640x480_c.jpg\" data-envira-gallery-id=\"40456\" data-envira-item-id=\"30750\" data-envira-caption=\"Vista_general_de_la_Vall_del_Madriu_i_el_riu\" alt=\"Vista general de la Vall del Madriu-Perafita-Claror\" title=\"Vista_general_de_la_Vall_del_Madriu_i_el_riu\"  data-no-lazy=\"1\"  itemprop=\"thumbnailUrl\" data-envira-srcset=\"https:\/\/www.madriu-perafita-claror.ad\/wp-content\/uploads\/2019\/04\/Vista_general_de_la_Vall_del_Madriu_i_el_riu-1024x391-640x480_c.jpg 400w,https:\/\/www.madriu-perafita-claror.ad\/wp-content\/uploads\/2019\/04\/Vista_general_de_la_Vall_del_Madriu_i_el_riu-1024x391-640x480_c.jpg 2x\" srcset=\"data:image\/gif;base64,R0lGODlhAQABAIAAAP\/\/\/\/\/\/\/yH5BAEKAAEALAAAAAABAAEAAAICTAEAOw==\" \/><\/div><\/a><\/div><\/div><div id=\"envira-gallery-item-30751\" class=\"envira-gallery-item enviratope-item envira-gallery-item-4 envira-lazy-load\" style=\"padding-left: 5px; padding-bottom: 10px; padding-right: 5px;\"  itemscope itemtype=\"https:\/\/schema.org\/ImageObject\"><div class=\"envira-gallery-item-inner\"><div class=\"envira-gallery-position-overlay  envira-gallery-top-left\"><\/div><div class=\"envira-gallery-position-overlay  envira-gallery-top-right\"><\/div><div class=\"envira-gallery-position-overlay  envira-gallery-bottom-left\"><\/div><div class=\"envira-gallery-position-overlay  envira-gallery-bottom-right\"><\/div><a href=\"https:\/\/www.madriu-perafita-claror.ad\/wp-content\/uploads\/2019\/04\/Riu_de_la_Vall_del_Madriu_dAndorra1.jpg\" class=\"envira-gallery-40456 envira-gallery-link\" rel=\"enviragallery40456\" title=\"Riu_de_la_Vall_del_Madriu_dAndorra1\" data-envira-caption=\"Riu_de_la_Vall_del_Madriu_dAndorra1\" data-envira-retina=\"\" data-thumbnail=\"\"  itemprop=\"contentUrl\"><div class=\"envira-lazy\" data-test-width=\"640\" data-test-height=\"480\" style=\"padding-bottom:75%;\"><img id=\"envira-gallery-image-30751\" class=\"envira-gallery-image envira-gallery-image-4\" data-envira-index=\"4\" src=\"https:\/\/www.madriu-perafita-claror.ad\/wp-content\/uploads\/2019\/04\/Riu_de_la_Vall_del_Madriu_dAndorra1-1024x396-640x480_c.jpg\" data-envira-src=\"https:\/\/www.madriu-perafita-claror.ad\/wp-content\/uploads\/2019\/04\/Riu_de_la_Vall_del_Madriu_dAndorra1-1024x396-640x480_c.jpg\" data-envira-gallery-id=\"40456\" data-envira-item-id=\"30751\" data-envira-caption=\"Riu_de_la_Vall_del_Madriu_dAndorra1\" alt=\"Riu Madriu (2)\" title=\"Riu_de_la_Vall_del_Madriu_dAndorra1\"  data-no-lazy=\"1\"  itemprop=\"thumbnailUrl\" data-envira-srcset=\"https:\/\/www.madriu-perafita-claror.ad\/wp-content\/uploads\/2019\/04\/Riu_de_la_Vall_del_Madriu_dAndorra1-1024x396-640x480_c.jpg 400w,https:\/\/www.madriu-perafita-claror.ad\/wp-content\/uploads\/2019\/04\/Riu_de_la_Vall_del_Madriu_dAndorra1-1024x396-640x480_c.jpg 2x\" srcset=\"data:image\/gif;base64,R0lGODlhAQABAIAAAP\/\/\/\/\/\/\/yH5BAEKAAEALAAAAAABAAEAAAICTAEAOw==\" \/><\/div><\/a><\/div><\/div><div id=\"envira-gallery-item-30752\" class=\"envira-gallery-item enviratope-item envira-gallery-item-5 envira-lazy-load\" style=\"padding-left: 5px; padding-bottom: 10px; padding-right: 5px;\"  itemscope itemtype=\"https:\/\/schema.org\/ImageObject\"><div class=\"envira-gallery-item-inner\"><div class=\"envira-gallery-position-overlay  envira-gallery-top-left\"><\/div><div class=\"envira-gallery-position-overlay  envira-gallery-top-right\"><\/div><div class=\"envira-gallery-position-overlay  envira-gallery-bottom-left\"><\/div><div class=\"envira-gallery-position-overlay  envira-gallery-bottom-right\"><\/div><a href=\"https:\/\/www.madriu-perafita-claror.ad\/wp-content\/uploads\/2019\/04\/Riu_de_la_Vall_del_Madriu_dAndorra.jpg\" class=\"envira-gallery-40456 envira-gallery-link\" rel=\"enviragallery40456\" title=\"Riu_de_la_Vall_del_Madriu_dAndorra\" data-envira-caption=\"Riu_de_la_Vall_del_Madriu_dAndorra\" data-envira-retina=\"\" data-thumbnail=\"\"  itemprop=\"contentUrl\"><div class=\"envira-lazy\" data-test-width=\"640\" data-test-height=\"480\" style=\"padding-bottom:75%;\"><img id=\"envira-gallery-image-30752\" class=\"envira-gallery-image envira-gallery-image-5\" data-envira-index=\"5\" src=\"https:\/\/www.madriu-perafita-claror.ad\/wp-content\/uploads\/2019\/04\/Riu_de_la_Vall_del_Madriu_dAndorra-1024x400-640x480_c.jpg\" data-envira-src=\"https:\/\/www.madriu-perafita-claror.ad\/wp-content\/uploads\/2019\/04\/Riu_de_la_Vall_del_Madriu_dAndorra-1024x400-640x480_c.jpg\" data-envira-gallery-id=\"40456\" data-envira-item-id=\"30752\" data-envira-caption=\"Riu_de_la_Vall_del_Madriu_dAndorra\" alt=\"Riu Madriu\" title=\"Riu_de_la_Vall_del_Madriu_dAndorra\"  data-no-lazy=\"1\"  itemprop=\"thumbnailUrl\" data-envira-srcset=\"https:\/\/www.madriu-perafita-claror.ad\/wp-content\/uploads\/2019\/04\/Riu_de_la_Vall_del_Madriu_dAndorra-1024x400-640x480_c.jpg 400w,https:\/\/www.madriu-perafita-claror.ad\/wp-content\/uploads\/2019\/04\/Riu_de_la_Vall_del_Madriu_dAndorra-1024x400-640x480_c.jpg 2x\" srcset=\"data:image\/gif;base64,R0lGODlhAQABAIAAAP\/\/\/\/\/\/\/yH5BAEKAAEALAAAAAABAAEAAAICTAEAOw==\" \/><\/div><\/a><\/div><\/div><div id=\"envira-gallery-item-30753\" class=\"envira-gallery-item enviratope-item envira-gallery-item-6 envira-lazy-load\" style=\"padding-left: 5px; padding-bottom: 10px; padding-right: 5px;\"  itemscope itemtype=\"https:\/\/schema.org\/ImageObject\"><div class=\"envira-gallery-item-inner\"><div class=\"envira-gallery-position-overlay  envira-gallery-top-left\"><\/div><div class=\"envira-gallery-position-overlay  envira-gallery-top-right\"><\/div><div class=\"envira-gallery-position-overlay  envira-gallery-bottom-left\"><\/div><div class=\"envira-gallery-position-overlay  envira-gallery-bottom-right\"><\/div><a href=\"https:\/\/www.madriu-perafita-claror.ad\/wp-content\/uploads\/2019\/04\/Prat_florit_a_Fontverd.jpg\" class=\"envira-gallery-40456 envira-gallery-link\" rel=\"enviragallery40456\" title=\"Prat_florit_a_Fontverd\" data-envira-caption=\"Prat_florit_a_Fontverd\" data-envira-retina=\"\" data-thumbnail=\"\"  itemprop=\"contentUrl\"><div class=\"envira-lazy\" data-test-width=\"640\" data-test-height=\"480\" style=\"padding-bottom:75%;\"><img id=\"envira-gallery-image-30753\" class=\"envira-gallery-image envira-gallery-image-6\" data-envira-index=\"6\" src=\"https:\/\/www.madriu-perafita-claror.ad\/wp-content\/uploads\/2019\/04\/Prat_florit_a_Fontverd-1024x426-640x480_c.jpg\" data-envira-src=\"https:\/\/www.madriu-perafita-claror.ad\/wp-content\/uploads\/2019\/04\/Prat_florit_a_Fontverd-1024x426-640x480_c.jpg\" data-envira-gallery-id=\"40456\" data-envira-item-id=\"30753\" data-envira-caption=\"Prat_florit_a_Fontverd\" alt=\"\" title=\"Prat_florit_a_Fontverd\"  data-no-lazy=\"1\"  itemprop=\"thumbnailUrl\" data-envira-srcset=\"https:\/\/www.madriu-perafita-claror.ad\/wp-content\/uploads\/2019\/04\/Prat_florit_a_Fontverd-1024x426-640x480_c.jpg 400w,https:\/\/www.madriu-perafita-claror.ad\/wp-content\/uploads\/2019\/04\/Prat_florit_a_Fontverd-1024x426-640x480_c.jpg 2x\" srcset=\"data:image\/gif;base64,R0lGODlhAQABAIAAAP\/\/\/\/\/\/\/yH5BAEKAAEALAAAAAABAAEAAAICTAEAOw==\" \/><\/div><\/a><\/div><\/div><div id=\"envira-gallery-item-30754\" class=\"envira-gallery-item enviratope-item envira-gallery-item-7 envira-lazy-load\" style=\"padding-left: 5px; padding-bottom: 10px; padding-right: 5px;\"  itemscope itemtype=\"https:\/\/schema.org\/ImageObject\"><div class=\"envira-gallery-item-inner\"><div class=\"envira-gallery-position-overlay  envira-gallery-top-left\"><\/div><div class=\"envira-gallery-position-overlay  envira-gallery-top-right\"><\/div><div class=\"envira-gallery-position-overlay  envira-gallery-bottom-left\"><\/div><div class=\"envira-gallery-position-overlay  envira-gallery-bottom-right\"><\/div><a href=\"https:\/\/www.madriu-perafita-claror.ad\/wp-content\/uploads\/2019\/04\/Pont_sobre_el_riu_Madriu_al_seu_pas_per_les_Escaldes1.jpg\" class=\"envira-gallery-40456 envira-gallery-link\" rel=\"enviragallery40456\" title=\"Pont_sobre_el_riu_Madriu_al_seu_pas_per_les_Escaldes1\" data-envira-caption=\"Pont_sobre_el_riu_Madriu_al_seu_pas_per_les_Escaldes1\" data-envira-retina=\"\" data-thumbnail=\"\"  itemprop=\"contentUrl\"><div class=\"envira-lazy\" data-test-width=\"640\" data-test-height=\"480\" style=\"padding-bottom:75%;\"><img id=\"envira-gallery-image-30754\" class=\"envira-gallery-image envira-gallery-image-7\" data-envira-index=\"7\" src=\"https:\/\/www.madriu-perafita-claror.ad\/wp-content\/uploads\/2019\/04\/Pont_sobre_el_riu_Madriu_al_seu_pas_per_les_Escaldes1-640x480_c.jpg\" data-envira-src=\"https:\/\/www.madriu-perafita-claror.ad\/wp-content\/uploads\/2019\/04\/Pont_sobre_el_riu_Madriu_al_seu_pas_per_les_Escaldes1-640x480_c.jpg\" data-envira-gallery-id=\"40456\" data-envira-item-id=\"30754\" data-envira-caption=\"Pont_sobre_el_riu_Madriu_al_seu_pas_per_les_Escaldes1\" alt=\"Pont sobre el riu Madriu al seu pas per Escaldes (2)\" title=\"Pont_sobre_el_riu_Madriu_al_seu_pas_per_les_Escaldes1\"  data-no-lazy=\"1\"  itemprop=\"thumbnailUrl\" data-envira-srcset=\"https:\/\/www.madriu-perafita-claror.ad\/wp-content\/uploads\/2019\/04\/Pont_sobre_el_riu_Madriu_al_seu_pas_per_les_Escaldes1-640x480_c.jpg 400w,https:\/\/www.madriu-perafita-claror.ad\/wp-content\/uploads\/2019\/04\/Pont_sobre_el_riu_Madriu_al_seu_pas_per_les_Escaldes1-640x480_c.jpg 2x\" srcset=\"data:image\/gif;base64,R0lGODlhAQABAIAAAP\/\/\/\/\/\/\/yH5BAEKAAEALAAAAAABAAEAAAICTAEAOw==\" \/><\/div><\/a><\/div><\/div><div id=\"envira-gallery-item-30755\" class=\"envira-gallery-item enviratope-item envira-gallery-item-8 envira-lazy-load\" style=\"padding-left: 5px; padding-bottom: 10px; padding-right: 5px;\"  itemscope itemtype=\"https:\/\/schema.org\/ImageObject\"><div class=\"envira-gallery-item-inner\"><div class=\"envira-gallery-position-overlay  envira-gallery-top-left\"><\/div><div class=\"envira-gallery-position-overlay  envira-gallery-top-right\"><\/div><div class=\"envira-gallery-position-overlay  envira-gallery-bottom-left\"><\/div><div class=\"envira-gallery-position-overlay  envira-gallery-bottom-right\"><\/div><a href=\"https:\/\/www.madriu-perafita-claror.ad\/wp-content\/uploads\/2019\/04\/Pont_sobre_el_riu_Madriu_al_seu_pas_per_les_Escaldes.jpg\" class=\"envira-gallery-40456 envira-gallery-link\" rel=\"enviragallery40456\" title=\"Pont_sobre_el_riu_Madriu_al_seu_pas_per_les_Escaldes\" data-envira-caption=\"Pont_sobre_el_riu_Madriu_al_seu_pas_per_les_Escaldes\" data-envira-retina=\"\" data-thumbnail=\"\"  itemprop=\"contentUrl\"><div class=\"envira-lazy\" data-test-width=\"640\" data-test-height=\"480\" style=\"padding-bottom:75%;\"><img id=\"envira-gallery-image-30755\" class=\"envira-gallery-image envira-gallery-image-8\" data-envira-index=\"8\" src=\"https:\/\/www.madriu-perafita-claror.ad\/wp-content\/uploads\/2019\/04\/Pont_sobre_el_riu_Madriu_al_seu_pas_per_les_Escaldes-640x480_c.jpg\" data-envira-src=\"https:\/\/www.madriu-perafita-claror.ad\/wp-content\/uploads\/2019\/04\/Pont_sobre_el_riu_Madriu_al_seu_pas_per_les_Escaldes-640x480_c.jpg\" data-envira-gallery-id=\"40456\" data-envira-item-id=\"30755\" data-envira-caption=\"Pont_sobre_el_riu_Madriu_al_seu_pas_per_les_Escaldes\" alt=\"Pont sobre el riu Madriu al seu pas per Escaldes\" title=\"Pont_sobre_el_riu_Madriu_al_seu_pas_per_les_Escaldes\"  data-no-lazy=\"1\"  itemprop=\"thumbnailUrl\" data-envira-srcset=\"https:\/\/www.madriu-perafita-claror.ad\/wp-content\/uploads\/2019\/04\/Pont_sobre_el_riu_Madriu_al_seu_pas_per_les_Escaldes-640x480_c.jpg 400w,https:\/\/www.madriu-perafita-claror.ad\/wp-content\/uploads\/2019\/04\/Pont_sobre_el_riu_Madriu_al_seu_pas_per_les_Escaldes-640x480_c.jpg 2x\" srcset=\"data:image\/gif;base64,R0lGODlhAQABAIAAAP\/\/\/\/\/\/\/yH5BAEKAAEALAAAAAABAAEAAAICTAEAOw==\" \/><\/div><\/a><\/div><\/div><div id=\"envira-gallery-item-30756\" class=\"envira-gallery-item enviratope-item envira-gallery-item-9 envira-lazy-load\" style=\"padding-left: 5px; padding-bottom: 10px; padding-right: 5px;\"  itemscope itemtype=\"https:\/\/schema.org\/ImageObject\"><div class=\"envira-gallery-item-inner\"><div class=\"envira-gallery-position-overlay  envira-gallery-top-left\"><\/div><div class=\"envira-gallery-position-overlay  envira-gallery-top-right\"><\/div><div class=\"envira-gallery-position-overlay  envira-gallery-bottom-left\"><\/div><div class=\"envira-gallery-position-overlay  envira-gallery-bottom-right\"><\/div><a href=\"https:\/\/www.madriu-perafita-claror.ad\/wp-content\/uploads\/2019\/04\/La_vall_del_Madriu_amb_el_pic_de_Port_Negre_al_fons.jpg\" class=\"envira-gallery-40456 envira-gallery-link\" rel=\"enviragallery40456\" title=\"La_vall_del_Madriu_amb_el_pic_de_Port_Negre_al_fons\" data-envira-caption=\"La_vall_del_Madriu_amb_el_pic_de_Port_Negre_al_fons\" data-envira-retina=\"\" data-thumbnail=\"\"  itemprop=\"contentUrl\"><div class=\"envira-lazy\" data-test-width=\"640\" data-test-height=\"480\" style=\"padding-bottom:75%;\"><img id=\"envira-gallery-image-30756\" class=\"envira-gallery-image envira-gallery-image-9\" data-envira-index=\"9\" src=\"https:\/\/www.madriu-perafita-claror.ad\/wp-content\/uploads\/2019\/04\/La_vall_del_Madriu_amb_el_pic_de_Port_Negre_al_fons-1024x758-640x480_c.jpg\" data-envira-src=\"https:\/\/www.madriu-perafita-claror.ad\/wp-content\/uploads\/2019\/04\/La_vall_del_Madriu_amb_el_pic_de_Port_Negre_al_fons-1024x758-640x480_c.jpg\" data-envira-gallery-id=\"40456\" data-envira-item-id=\"30756\" data-envira-caption=\"La_vall_del_Madriu_amb_el_pic_de_Port_Negre_al_fons\" alt=\"Vall del Madriu-Perafita-Claror, pic de Port Negre al fons (2)\" title=\"La_vall_del_Madriu_amb_el_pic_de_Port_Negre_al_fons\"  data-no-lazy=\"1\"  itemprop=\"thumbnailUrl\" data-envira-srcset=\"https:\/\/www.madriu-perafita-claror.ad\/wp-content\/uploads\/2019\/04\/La_vall_del_Madriu_amb_el_pic_de_Port_Negre_al_fons-1024x758-640x480_c.jpg 400w,https:\/\/www.madriu-perafita-claror.ad\/wp-content\/uploads\/2019\/04\/La_vall_del_Madriu_amb_el_pic_de_Port_Negre_al_fons-1024x758-640x480_c.jpg 2x\" srcset=\"data:image\/gif;base64,R0lGODlhAQABAIAAAP\/\/\/\/\/\/\/yH5BAEKAAEALAAAAAABAAEAAAICTAEAOw==\" \/><\/div><\/a><\/div><\/div><div id=\"envira-gallery-item-30757\" class=\"envira-gallery-item enviratope-item envira-gallery-item-10 envira-lazy-load\" style=\"padding-left: 5px; padding-bottom: 10px; padding-right: 5px;\"  itemscope itemtype=\"https:\/\/schema.org\/ImageObject\"><div class=\"envira-gallery-item-inner\"><div class=\"envira-gallery-position-overlay  envira-gallery-top-left\"><\/div><div class=\"envira-gallery-position-overlay  envira-gallery-top-right\"><\/div><div class=\"envira-gallery-position-overlay  envira-gallery-bottom-left\"><\/div><div class=\"envira-gallery-position-overlay  envira-gallery-bottom-right\"><\/div><a href=\"https:\/\/www.madriu-perafita-claror.ad\/wp-content\/uploads\/2019\/04\/Baixant_pel_riu_Madriu_a_les_Escaldes.jpg\" class=\"envira-gallery-40456 envira-gallery-link\" rel=\"enviragallery40456\" title=\"Baixant_pel_riu_Madriu_a_les_Escaldes\" data-envira-caption=\"Baixant_pel_riu_Madriu_a_les_Escaldes\" data-envira-retina=\"\" data-thumbnail=\"\"  itemprop=\"contentUrl\"><div class=\"envira-lazy\" data-test-width=\"640\" data-test-height=\"480\" style=\"padding-bottom:75%;\"><img id=\"envira-gallery-image-30757\" class=\"envira-gallery-image envira-gallery-image-10\" data-envira-index=\"10\" src=\"https:\/\/www.madriu-perafita-claror.ad\/wp-content\/uploads\/2019\/04\/Baixant_pel_riu_Madriu_a_les_Escaldes-1024x761-640x480_c.jpg\" data-envira-src=\"https:\/\/www.madriu-perafita-claror.ad\/wp-content\/uploads\/2019\/04\/Baixant_pel_riu_Madriu_a_les_Escaldes-1024x761-640x480_c.jpg\" data-envira-gallery-id=\"40456\" data-envira-item-id=\"30757\" data-envira-caption=\"Baixant_pel_riu_Madriu_a_les_Escaldes\" alt=\"Baixant pel riu Madriu a les Escaldes\" title=\"Baixant_pel_riu_Madriu_a_les_Escaldes\"  data-no-lazy=\"1\"  itemprop=\"thumbnailUrl\" data-envira-srcset=\"https:\/\/www.madriu-perafita-claror.ad\/wp-content\/uploads\/2019\/04\/Baixant_pel_riu_Madriu_a_les_Escaldes-1024x761-640x480_c.jpg 400w,https:\/\/www.madriu-perafita-claror.ad\/wp-content\/uploads\/2019\/04\/Baixant_pel_riu_Madriu_a_les_Escaldes-1024x761-640x480_c.jpg 2x\" srcset=\"data:image\/gif;base64,R0lGODlhAQABAIAAAP\/\/\/\/\/\/\/yH5BAEKAAEALAAAAAABAAEAAAICTAEAOw==\" \/><\/div><\/a><\/div><\/div><div id=\"envira-gallery-item-30758\" class=\"envira-gallery-item enviratope-item envira-gallery-item-11 envira-lazy-load\" style=\"padding-left: 5px; padding-bottom: 10px; padding-right: 5px;\"  itemscope itemtype=\"https:\/\/schema.org\/ImageObject\"><div class=\"envira-gallery-item-inner\"><div class=\"envira-gallery-position-overlay  envira-gallery-top-left\"><\/div><div class=\"envira-gallery-position-overlay  envira-gallery-top-right\"><\/div><div class=\"envira-gallery-position-overlay  envira-gallery-bottom-left\"><\/div><div class=\"envira-gallery-position-overlay  envira-gallery-bottom-right\"><\/div><a href=\"https:\/\/www.madriu-perafita-claror.ad\/wp-content\/uploads\/2019\/04\/Arbres_a_la_vall_del_Madriu_al_fons_el_pic_de_Port_Negre.jpg\" class=\"envira-gallery-40456 envira-gallery-link\" rel=\"enviragallery40456\" title=\"Arbres_a_la_vall_del_Madriu_al_fons_el_pic_de_Port_Negre\" data-envira-caption=\"Arbres_a_la_vall_del_Madriu_al_fons_el_pic_de_Port_Negre\" data-envira-retina=\"\" data-thumbnail=\"\"  itemprop=\"contentUrl\"><div class=\"envira-lazy\" data-test-width=\"640\" data-test-height=\"480\" style=\"padding-bottom:75%;\"><img id=\"envira-gallery-image-30758\" class=\"envira-gallery-image envira-gallery-image-11\" data-envira-index=\"11\" src=\"https:\/\/www.madriu-perafita-claror.ad\/wp-content\/uploads\/2019\/04\/Arbres_a_la_vall_del_Madriu_al_fons_el_pic_de_Port_Negre-640x480_c.jpg\" data-envira-src=\"https:\/\/www.madriu-perafita-claror.ad\/wp-content\/uploads\/2019\/04\/Arbres_a_la_vall_del_Madriu_al_fons_el_pic_de_Port_Negre-640x480_c.jpg\" data-envira-gallery-id=\"40456\" data-envira-item-id=\"30758\" data-envira-caption=\"Arbres_a_la_vall_del_Madriu_al_fons_el_pic_de_Port_Negre\" alt=\"Vall del Madriu-Perafita-Claror, pic de Port Negre al fons\" title=\"Arbres_a_la_vall_del_Madriu_al_fons_el_pic_de_Port_Negre\"  data-no-lazy=\"1\"  itemprop=\"thumbnailUrl\" data-envira-srcset=\"https:\/\/www.madriu-perafita-claror.ad\/wp-content\/uploads\/2019\/04\/Arbres_a_la_vall_del_Madriu_al_fons_el_pic_de_Port_Negre-640x480_c.jpg 400w,https:\/\/www.madriu-perafita-claror.ad\/wp-content\/uploads\/2019\/04\/Arbres_a_la_vall_del_Madriu_al_fons_el_pic_de_Port_Negre-640x480_c.jpg 2x\" srcset=\"data:image\/gif;base64,R0lGODlhAQABAIAAAP\/\/\/\/\/\/\/yH5BAEKAAEALAAAAAABAAEAAAICTAEAOw==\" \/><\/div><\/a><\/div><\/div><\/div><\/div><noscript><img data-no-lazy=\"1\"  src=\"https:\/\/www.madriu-perafita-claror.ad\/wp-content\/uploads\/2019\/04\/1915-1936-cabana-estall-serrer.jpg\" alt=\"\" \/><img data-no-lazy=\"1\"  src=\"https:\/\/www.madriu-perafita-claror.ad\/wp-content\/uploads\/2019\/04\/Vista_general_de_la_Vall_del_Madriu_i_el_riu1.jpg\" alt=\"Vista general de la Vall del Madriu-Perafita-Claror (2)\" \/><img data-no-lazy=\"1\"  src=\"https:\/\/www.madriu-perafita-claror.ad\/wp-content\/uploads\/2019\/04\/Vista_general_de_la_Vall_del_Madriu_i_el_riu.jpg\" alt=\"Vista general de la Vall del Madriu-Perafita-Claror\" \/><img data-no-lazy=\"1\"  src=\"https:\/\/www.madriu-perafita-claror.ad\/wp-content\/uploads\/2019\/04\/Riu_de_la_Vall_del_Madriu_dAndorra1.jpg\" alt=\"Riu Madriu (2)\" \/><img data-no-lazy=\"1\"  src=\"https:\/\/www.madriu-perafita-claror.ad\/wp-content\/uploads\/2019\/04\/Riu_de_la_Vall_del_Madriu_dAndorra.jpg\" alt=\"Riu Madriu\" \/><img data-no-lazy=\"1\"  src=\"https:\/\/www.madriu-perafita-claror.ad\/wp-content\/uploads\/2019\/04\/Prat_florit_a_Fontverd.jpg\" alt=\"\" \/><img data-no-lazy=\"1\"  src=\"https:\/\/www.madriu-perafita-claror.ad\/wp-content\/uploads\/2019\/04\/Pont_sobre_el_riu_Madriu_al_seu_pas_per_les_Escaldes1.jpg\" alt=\"Pont sobre el riu Madriu al seu pas per Escaldes (2)\" \/><img data-no-lazy=\"1\"  src=\"https:\/\/www.madriu-perafita-claror.ad\/wp-content\/uploads\/2019\/04\/Pont_sobre_el_riu_Madriu_al_seu_pas_per_les_Escaldes.jpg\" alt=\"Pont sobre el riu Madriu al seu pas per Escaldes\" \/><img data-no-lazy=\"1\"  src=\"https:\/\/www.madriu-perafita-claror.ad\/wp-content\/uploads\/2019\/04\/La_vall_del_Madriu_amb_el_pic_de_Port_Negre_al_fons.jpg\" alt=\"Vall del Madriu-Perafita-Claror, pic de Port Negre al fons (2)\" \/><img data-no-lazy=\"1\"  src=\"https:\/\/www.madriu-perafita-claror.ad\/wp-content\/uploads\/2019\/04\/Baixant_pel_riu_Madriu_a_les_Escaldes.jpg\" alt=\"Baixant pel riu Madriu a les Escaldes\" \/><img data-no-lazy=\"1\"  src=\"https:\/\/www.madriu-perafita-claror.ad\/wp-content\/uploads\/2019\/04\/Arbres_a_la_vall_del_Madriu_al_fons_el_pic_de_Port_Negre.jpg\" alt=\"Vall del Madriu-Perafita-Claror, pic de Port Negre al fons\" \/><\/noscript>[\/vc_column_text][\/vc_column][\/vc_row]<\/p>\n<\/div>","protected":false},"excerpt":{"rendered":"<p>[vc_row][vc_column][vc_separator][vc_single_image image=\u00a0\u00bb42863&Prime; img_size=\u00a0\u00bbfull\u00a0\u00bb css=\u00a0\u00bb\u00a0\u00bb][\/vc_column][\/vc_row][vc_row][vc_column][vc_column_text css=\u00a0\u00bb\u00a0\u00bb] FOND PHOTOGRAPHIQUE [\/vc_column_text][vc_column_text]Ces photographies proviennent des archives photographiques du Centre de randonn\u00e9e de Catalogne, \u00e9galement&#8230;<\/p>\n","protected":false},"author":1,"featured_media":0,"parent":0,"menu_order":0,"comment_status":"closed","ping_status":"closed","template":"","meta":{"_acf_changed":false,"footnotes":""},"class_list":["post-35060","page","type-page","status-publish"],"acf":[],"_links":{"self":[{"href":"https:\/\/www.madriu-perafita-claror.ad\/fr\/wp-json\/wp\/v2\/pages\/35060","targetHints":{"allow":["GET"]}}],"collection":[{"href":"https:\/\/www.madriu-perafita-claror.ad\/fr\/wp-json\/wp\/v2\/pages"}],"about":[{"href":"https:\/\/www.madriu-perafita-claror.ad\/fr\/wp-json\/wp\/v2\/types\/page"}],"author":[{"embeddable":true,"href":"https:\/\/www.madriu-perafita-claror.ad\/fr\/wp-json\/wp\/v2\/users\/1"}],"replies":[{"embeddable":true,"href":"https:\/\/www.madriu-perafita-claror.ad\/fr\/wp-json\/wp\/v2\/comments?post=35060"}],"version-history":[{"count":0,"href":"https:\/\/www.madriu-perafita-claror.ad\/fr\/wp-json\/wp\/v2\/pages\/35060\/revisions"}],"wp:attachment":[{"href":"https:\/\/www.madriu-perafita-claror.ad\/fr\/wp-json\/wp\/v2\/media?parent=35060"}],"curies":[{"name":"wp","href":"https:\/\/api.w.org\/{rel}","templated":true}]}}