{"id":35164,"date":"2019-04-08T18:29:03","date_gmt":"2019-04-08T17:29:03","guid":{"rendered":"https:\/\/www.madriu-perafita-claror.ad\/itinerari-06"},"modified":"2024-02-26T08:40:11","modified_gmt":"2024-02-26T08:40:11","slug":"itineraire-06","status":"publish","type":"page","link":"https:\/\/www.madriu-perafita-claror.ad\/fr\/itineraire-06\/","title":{"rendered":"Itin\u00e9raire 06"},"content":{"rendered":"<div class=\"wpb-content-wrapper\"><p>[vc_row][vc_column][vc_column_text]<\/p>\n<h3 style=\"text-align: left;\"><img class=\"alignnone size-full wp-image-31559\" src=\"https:\/\/www.madriu-perafita-claror.ad\/wp-content\/uploads\/2019\/06\/Itinerari-6.jpg\" alt=\"\" width=\"1500\" height=\"480\" srcset=\"https:\/\/www.madriu-perafita-claror.ad\/wp-content\/uploads\/2019\/06\/Itinerari-6.jpg 1500w, https:\/\/www.madriu-perafita-claror.ad\/wp-content\/uploads\/2019\/06\/Itinerari-6-600x192.jpg 600w\" sizes=\"(max-width: 1500px) 100vw, 1500px\" \/><\/h3>\n<h3 style=\"text-align: left;\">ITINERAIRE 6: Lac de l\u2019Illa, au d\u00e9part de Grau Roig (circulaire)<\/h3>\n<p>[\/vc_column_text][\/vc_column][\/vc_row][vc_row][vc_column width=\u00a0\u00bb1\/2&Prime;][vc_column_text]<\/p>\n<h5 style=\"text-align: left;\"><img class=\"aligncenter wp-image-6592 size-full\" src=\"https:\/\/www.madriu-perafita-claror.ad\/wp-content\/uploads\/Perfil-itinerari-6.jpg\" alt=\"\" width=\"648\" height=\"356\" \/><\/h5>\n<p>[\/vc_column_text][\/vc_column][vc_column width=\u00a0\u00bb1\/2&Prime;][vc_column_text]<img class=\"aligncenter size-full wp-image-8497\" src=\"https:\/\/www.madriu-perafita-claror.ad\/wp-content\/uploads\/Itinerari-6-Wikiloc.jpg\" alt=\"\" width=\"848\" height=\"451\" \/><\/p>\n<p><a href=\"https:\/\/es.wikiloc.com\/rutas-senderismo\/estany-de-lilla-des-de-grau-roig-circular-23493287\">Ici vous trouverez le trac\u00e9 approximatif, il n&rsquo;est pas pr\u00e9cis, rien n&rsquo;est plus pour doner una id\u00e9e du parcours<\/a>[\/vc_column_text][\/vc_column][\/vc_row][vc_row][vc_column][vc_column_text]<\/p>\n<h5 style=\"text-align: left;\">Difficult\u00e9: III \/ D\u00e9nivel\u00e9: 732 M<\/h5>\n<p>Itin\u00e9raire magnifique, tr\u00e8s alpin et caract\u00e9ristique de la haute montagne, d\u2019une difficult\u00e9 moyenne due au fort d\u00e9nivel\u00e9, et un terrain technique pr\u00e8s de els Pessons. Une bonne condition physique est recommand\u00e9e.<\/p>\n<p><a href=\"https:\/\/www.google.ad\/maps\/@42.5187561,1.6988234,1363a,20y,41.02t\/data=!3m1!1e3\">Parking du Cubill (Grau Roig)<\/a>\u00a0[Acc\u00e8s par la station de ski de Grau Roig. Parking du Cubill , le plus \u00e0 droite de la station, au niveau inf\u00e9rieur] \/\u00a0<a href=\"https:\/\/www.google.ad\/maps\/@42.515317,1.6968775,757a,20y,41.1t\/data=!3m1!1e3\">Rivi\u00e8re des Colells\u00a0<\/a>\u00a0\/\u00a0<a href=\"https:\/\/www.google.ad\/maps\/@42.5129281,1.6914295,723a,20y,41.09t\/data=!3m1!1e3\">Lac de Coma Estremera\u00a0<\/a>\u00a0\/\u00a0<a href=\"https:\/\/www.google.ad\/maps\/@42.4966173,1.6938787,1679a,20y,40.94t\/data=!3m1!1e3\">Lacs du Colell\u00a0<\/a>\u00a0\/\u00a0<a href=\"https:\/\/www.google.ad\/maps\/@42.497274,1.6872392,1269a,20y,40.97t\/data=!3m1!1e3\">\u00a0Coll de Montmal\u00fas\u00a0<\/a>\u00a0\/\u00a0<a href=\"https:\/\/www.google.ad\/maps\/@42.5005531,1.6873096,423a,20y,82.06t\/data=!3m1!1e3\">Pic de Montmal\u00fas<\/a>\u00a0\/ \u00a0Coll de Montmal\u00fas \u00a0\/\u00a0<a href=\"https:\/\/www.google.ad\/maps\/@42.4949932,1.6808424,678a,20y,41.07t\/data=!3m1!1e3\">Refuge de Montmal\u00fas<\/a>\u00a0\/\u00a0<a href=\"https:\/\/www.google.ad\/maps\/@42.4870982,1.6812711,1162a,20y,41t\/data=!3m1!1e3\">Lac de Montmal\u00fas<\/a>\u00a0\/ GR11 \/\u00a0<a href=\"https:\/\/www.google.ad\/maps\/@42.4816037,1.6726865,1192a,20y,41.03t\/data=!3m1!1e3\">\u00a0Pla de Vallcivera\u00a0<\/a>\u00a0\/ GR11 \/\u00a0<a href=\"https:\/\/www.google.ad\/maps\/@42.4811499,1.6636615,1208a,20y,41t\/data=!3m1!1e3\">\u00a0Coll de l\u2019Illa \u00a0(+ \u00a0port de Vallcivera )<\/a>\u00a0\/ GR11 \/ Lac de l\u2019Illa \u00a0+\u00a0<a href=\"https:\/\/www.google.ad\/maps\/@42.4860734,1.6572051,1298a,20y,40.97t\/data=!3m1!1e3\">refuge de \u00a0l\u2019Illa\u00a0<\/a>\u00a0\/ Chemin de la Collada de Pessons GRP-GR7 \/\u00a0<a href=\"https:\/\/www.google.ad\/maps\/@42.5026596,1.6602461,788a,20y,41.01t\/data=!3m1!1e3\">\u00a0La Collada de Pessons\u00a0<\/a>\u00a0\/\u00a0<a href=\"https:\/\/www.google.ad\/maps\/@42.4991491,1.6646116,982a,20y,40.99t\/data=!3m1!1e3\">Pic de Pessons<\/a>\u00a0\/ Chemin de la Collada de Pessons \u00a0GRP-GR7 \/\u00a0<a href=\"https:\/\/www.google.ad\/maps\/@42.5140519,1.6639722,618m\/data=!3m1!1e3\">Lac du Cap de Pessons \u00a0+ lac des Fonts\u00a0<\/a>\u00a0\/\u00a0<a href=\"https:\/\/www.google.ad\/maps\/@42.5179181,1.6731363,286m\/data=!3m1!1e3\">Lac \/ Lac du Meligar\u00a0<\/a>\u00a0\/\u00a0<a href=\"https:\/\/www.google.ad\/maps\/@42.5236693,1.6838991,640m\/data=!3m1!1e3\">Lac Rod\u00f3 (de Pessons) \/ Lac Forcat (de Pessons) \/ Lac Primer<\/a> \/ Parking du Cubill (Grau Roig).[\/vc_column_text][\/vc_column][\/vc_row][vc_row][vc_column][vc_btn title=\u00a0\u00bbT\u00e9l\u00e9chargez l&rsquo;itin\u00e9raire ici (pdf)\u00a0\u00bb link=\u00a0\u00bburl:https%3A%2F%2Fwww.madriu-perafita-claror.ad%2Fwp-content%2Fuploads%2F2024%2F02%2FItinerari-6-fr.pdf|target:_blank\u00a0\u00bb][\/vc_column][\/vc_row]<\/p>\n<\/div>","protected":false},"excerpt":{"rendered":"<p>[vc_row][vc_column][vc_column_text] ITINERAIRE 6: Lac de l\u2019Illa, au d\u00e9part de Grau Roig (circulaire) [\/vc_column_text][\/vc_column][\/vc_row][vc_row][vc_column width=\u00a0\u00bb1\/2&Prime;][vc_column_text] [\/vc_column_text][\/vc_column][vc_column width=\u00a0\u00bb1\/2&Prime;][vc_column_text] Ici vous trouverez le&#8230;<\/p>\n","protected":false},"author":1,"featured_media":0,"parent":0,"menu_order":0,"comment_status":"closed","ping_status":"closed","template":"","meta":{"_acf_changed":false,"footnotes":""},"class_list":["post-35164","page","type-page","status-publish"],"acf":[],"_links":{"self":[{"href":"https:\/\/www.madriu-perafita-claror.ad\/fr\/wp-json\/wp\/v2\/pages\/35164","targetHints":{"allow":["GET"]}}],"collection":[{"href":"https:\/\/www.madriu-perafita-claror.ad\/fr\/wp-json\/wp\/v2\/pages"}],"about":[{"href":"https:\/\/www.madriu-perafita-claror.ad\/fr\/wp-json\/wp\/v2\/types\/page"}],"author":[{"embeddable":true,"href":"https:\/\/www.madriu-perafita-claror.ad\/fr\/wp-json\/wp\/v2\/users\/1"}],"replies":[{"embeddable":true,"href":"https:\/\/www.madriu-perafita-claror.ad\/fr\/wp-json\/wp\/v2\/comments?post=35164"}],"version-history":[{"count":0,"href":"https:\/\/www.madriu-perafita-claror.ad\/fr\/wp-json\/wp\/v2\/pages\/35164\/revisions"}],"wp:attachment":[{"href":"https:\/\/www.madriu-perafita-claror.ad\/fr\/wp-json\/wp\/v2\/media?parent=35164"}],"curies":[{"name":"wp","href":"https:\/\/api.w.org\/{rel}","templated":true}]}}