{"id":35337,"date":"2019-03-22T16:58:52","date_gmt":"2019-03-22T16:58:52","guid":{"rendered":"https:\/\/www.madriu-perafita-claror.ad\/la-ramaderia"},"modified":"2025-11-27T12:19:00","modified_gmt":"2025-11-27T12:19:00","slug":"lelevage","status":"publish","type":"page","link":"https:\/\/www.madriu-perafita-claror.ad\/fr\/lelevage\/","title":{"rendered":"L&rsquo;\u00e9levage"},"content":{"rendered":"<div class=\"wpb-content-wrapper\"><p>[vc_row][vc_column][vc_separator][vc_single_image image=\u00a0\u00bb34485&Prime; img_size=\u00a0\u00bbfull\u00a0\u00bb][\/vc_column][\/vc_row][vc_row][vc_column][vc_column_text css=\u00a0\u00bb\u00a0\u00bb]<\/p>\n<h2>L&rsquo;\u00c9LEVAGE<\/h2>\n<p>[\/vc_column_text][vc_column_text]<\/p>\n<p style=\"text-align: justify;\">L\u2019<strong>agriculture<\/strong> et <strong>l&rsquo;\u00e9levage<\/strong> ont \u00e9t\u00e9 les principales activit\u00e9s de l&rsquo;\u00e9conomie andorrane et, par cons\u00e9quent, de la Vall\u00e9e du Madriu-Perafita-Claror. Ici, le fond de la vall\u00e9e fut am\u00e9nag\u00e9 pour pouvoir y cultiver des produits agricoles, aussi bien pour la consommation humaine que pour celle du b\u00e9tail.<\/p>\n<p style=\"text-align: justify;\">Mais c\u2019est l&rsquo;\u00e9levage qui a laiss\u00e9 une trace plus importante dans la vall\u00e9e, et ce gr\u00e2ce au fait que l\u2019\u00e9levage a \u00e9t\u00e9, jusqu&rsquo;au milieu du si\u00e8cle dernier, une importante source de revenus pour l&rsquo;\u00e9conomie pays.<\/p>\n<p style=\"text-align: justify;\">La conqu\u00eate des p\u00e2tures a dessin\u00e9 de fa\u00e7on invisible une s\u00e9rie de divisions dans les terrains o\u00f9 l&rsquo;exploitation s\u2019exer\u00e7ait diff\u00e9remment selon les saisons. La classification des p\u00e2turages a \u00e9t\u00e9 \u00e9tablie sur la base de la qualit\u00e9 de l&rsquo;herbe et de la p\u00e9riode de l\u2019ann\u00e9e o\u00f9 ils pouvaient \u00eatre utilis\u00e9s. On distinguait les \u00ab\u00a0cortons\u00a0\u00bb (les plus appr\u00e9ci\u00e9s), les \u00ab\u00a0solans\u00a0\u00bb (qui pouvaient \u00eatre profit\u00e9s au printemps et \u00e0 l&rsquo;automne, et qui pendant l&rsquo;\u00e9t\u00e9 \u00e9taient interdits au b\u00e9tail afin d\u2019en r\u00e9server l\u2019herbe par les troupeaux qui descendent des hauts p\u00e2turages) et les \u00ab\u00a0rebaixants\u00a0\u00bb (situ\u00e9s au bas de la vall\u00e9e et r\u00e9serv\u00e9s pour le d\u00e9but du printemps et \u00e0 l&rsquo;automne, avant que les troupeaux ne montent dans les hauts p\u00e2turages ou lorsqu&rsquo;ils en descendaient). Elles ne sont pas directement perceptibles \u00e0 l&rsquo;\u0153il nu, mais ces r\u00e9alit\u00e9s repr\u00e9sentent un \u00e9l\u00e9ment essentiel du patrimoine immat\u00e9riel de la vall\u00e9e.<\/p>\n<p style=\"text-align: justify;\">De nos jours l&rsquo;homme continue d&rsquo;utiliser ce territoire, en s\u2019adaptant \u00e0 la r\u00e9alit\u00e9 actuelle,combinant les nouvelles exigences (principalement li\u00e9es aux activit\u00e9s de loisirs) avec des activit\u00e9s traditionnelles. <span class=\"JLqJ4b ChMk0b\" data-language-for-alternatives=\"fr\" data-language-to-translate-into=\"ca\" data-phrase-index=\"0\">L&rsquo;\u00e9levage continue de se d\u00e9velopper dans la vall\u00e9e de Madriu-Perafita-Claror, mais la tendance s&rsquo;est invers\u00e9e: les troupeaux les plus abondants sont les bovins, puis les chevaux et depuis 2015, apr\u00e8s une longue p\u00e9riode, les moutons sont \u00e0 nouveau \u00e9lev\u00e9s.<\/span> <span class=\"JLqJ4b ChMk0b\" data-language-for-alternatives=\"fr\" data-language-to-translate-into=\"ca\" data-phrase-index=\"1\">dans la vall\u00e9e.<\/span>\u00a0D&rsquo;un point de vue touristique, et nous pourrions m\u00eame dire artistique et litt\u00e9raire, la pr\u00e9sence de b\u00e9tail dans le paysage donne une dimension romantique et bucolique. Mais surtout, le b\u00e9tail qui pa\u00eetre dans les montagnes conserve les pr\u00e9s et les prairies libres de plantes colonisatrices et d\u2019arbustes, et contribue \u00e0 fertiliser le sol avec leurs excr\u00e9ments. Il emp\u00eache \u00e9galement les incendies en r\u00e9duisant la biomasse et \u00e9vite la prolif\u00e9ration des zones bois\u00e9es. Il est donc un \u00e9l\u00e9ment essentiel dans la gestion foresti\u00e8re et l&rsquo;entretien du paysage.<\/p>\n<p style=\"text-align: justify;\">Depuis l\u2019organe de gestion de la vall\u00e9e nous consacrons nos efforts \u00e0 ce que la pr\u00e9sence de b\u00e9tail dans nos montagnes ne diminue pas. Son recul se traduirait par une perte irr\u00e9parable de valeurs culturelles, naturelles, \u00e9cologiques et sociales. Avec sa diversit\u00e9 et sa qualit\u00e9, ces valeurs font partie de notre patrimoine, de notre histoire et de notre identit\u00e9.<\/p>\n<p>[\/vc_column_text][\/vc_column][\/vc_row]<\/p>\n<\/div>","protected":false},"excerpt":{"rendered":"<p>[vc_row][vc_column][vc_separator][vc_single_image image=\u00a0\u00bb34485&Prime; img_size=\u00a0\u00bbfull\u00a0\u00bb][\/vc_column][\/vc_row][vc_row][vc_column][vc_column_text css=\u00a0\u00bb\u00a0\u00bb] L&rsquo;\u00c9LEVAGE [\/vc_column_text][vc_column_text] L\u2019agriculture et l&rsquo;\u00e9levage ont \u00e9t\u00e9 les principales activit\u00e9s de l&rsquo;\u00e9conomie andorrane et, par cons\u00e9quent,&#8230;<\/p>\n","protected":false},"author":1,"featured_media":0,"parent":0,"menu_order":0,"comment_status":"closed","ping_status":"closed","template":"","meta":{"_acf_changed":false,"footnotes":""},"class_list":["post-35337","page","type-page","status-publish"],"acf":[],"_links":{"self":[{"href":"https:\/\/www.madriu-perafita-claror.ad\/fr\/wp-json\/wp\/v2\/pages\/35337","targetHints":{"allow":["GET"]}}],"collection":[{"href":"https:\/\/www.madriu-perafita-claror.ad\/fr\/wp-json\/wp\/v2\/pages"}],"about":[{"href":"https:\/\/www.madriu-perafita-claror.ad\/fr\/wp-json\/wp\/v2\/types\/page"}],"author":[{"embeddable":true,"href":"https:\/\/www.madriu-perafita-claror.ad\/fr\/wp-json\/wp\/v2\/users\/1"}],"replies":[{"embeddable":true,"href":"https:\/\/www.madriu-perafita-claror.ad\/fr\/wp-json\/wp\/v2\/comments?post=35337"}],"version-history":[{"count":0,"href":"https:\/\/www.madriu-perafita-claror.ad\/fr\/wp-json\/wp\/v2\/pages\/35337\/revisions"}],"wp:attachment":[{"href":"https:\/\/www.madriu-perafita-claror.ad\/fr\/wp-json\/wp\/v2\/media?parent=35337"}],"curies":[{"name":"wp","href":"https:\/\/api.w.org\/{rel}","templated":true}]}}