{"id":40720,"date":"2023-03-16T12:03:43","date_gmt":"2023-03-16T12:03:43","guid":{"rendered":"https:\/\/www.madriu-perafita-claror.ad\/?page_id=40720"},"modified":"2026-04-23T14:31:18","modified_gmt":"2026-04-23T13:31:18","slug":"activites-dete","status":"publish","type":"page","link":"https:\/\/www.madriu-perafita-claror.ad\/fr\/activites-dete\/","title":{"rendered":"Activites d&rsquo;ete (en catalan)"},"content":{"rendered":"<div class=\"wpb-content-wrapper\"><p>[vc_row][vc_column][vc_separator][vc_single_image image=\u00a0\u00bb39720&Prime; img_size=\u00a0\u00bbfull\u00a0\u00bb][\/vc_column][\/vc_row][vc_row][vc_column][vc_column_text css=\u00a0\u00bb\u00a0\u00bb]<\/p>\n<h2>ACTIVIT\u00c9S D&rsquo;\u00c9T\u00c9<\/h2>\n<p>[\/vc_column_text][vc_column_text css=\u00a0\u00bb\u00a0\u00bb]<\/p>\n<table style=\"width: 908px; height: 4460px;\" width=\"41\">\n<tbody>\n<tr style=\"height: 217px;\">\n<td style=\"width: 898px; height: 217px;\">\n<div class=\"title-h1\" style=\"text-align: center;\">ACTIVITATS<\/div>\n<\/td>\n<\/tr>\n<tr style=\"height: 243px;\">\n<td style=\"width: 898px; height: 243px;\">\n<p><strong>22\/04- Taller: \u00ab\u00a0L\u2019evoluci\u00f3 del paisatge\u00a0\u00bb\u00a0<\/strong><\/p>\n<p>Activitat per descobrir alguns dels detalls m\u00e9s interessants del paisatge d\u2019Andorra i\u00a0com ha canviat durant les ultimes d\u00e8cades mitjan\u00e7ant una xerrada molt visual i\u00a0participativa.<\/p>\n<p>Activitat organitzada amb la col\u00b7laboraci\u00f3 d\u2019<strong>Andorra Sostenible<\/strong>.<\/p>\n<p>Per a tots els p\u00fablics*<\/p>\n<ul>\n<li><strong>Dia:<\/strong> dimecres 22 d\u2019abril<\/li>\n<li><strong>Lloc:<\/strong> Portal de la Vall &#8211; Borda Gabriel (e-e)<\/li>\n<li><strong>Horari:<\/strong> de 18h00 a 19h00<\/li>\n<li><strong>Preu:<\/strong> Gratu\u00eft<\/li>\n<\/ul>\n<p>Les places s\u00f3n limitades, necess\u00e0ria inscripci\u00f3 pr\u00e8via<\/p>\n<p>&nbsp;<\/p>\n<p>* Infants majors de 8 anys.<\/p>\n<p>&nbsp;<\/p>\n<p><a href=\"https:\/\/www.madriu-perafita-claror.ad\/activitats\/evolucio_paisatge\/\">Fes aqu\u00ed la teva inscripci\u00f3<\/a><\/td>\n<\/tr>\n<tr>\n<td style=\"width: 201px;\">\n<p><strong>14\/05: Confer\u00e8ncia: \u201cEl paisatge de la VMPC: La interacci\u00f3 del clima sobre la geologia\u201d<\/strong><\/p>\n<p>Presentaci\u00f3 visual fascinant sobre la evoluci\u00f3 dels esdeveniments geol\u00f2gics, clim\u00e0tics i humans, que han donat lloc a la vall que coneixem actualment.<\/p>\n<p>Activitat organitzada amb la col\u00b7laboraci\u00f3 de <strong>Meteo Pirineus<\/strong>.<\/p>\n<ul>\n<li><strong>Lloc:<\/strong> Sala seminari 3. Centre Cultural Lauredi\u00e0<\/li>\n<li><strong>Horari:<\/strong> de 19h00 a 20h30<\/li>\n<li><strong>Preu:<\/strong> gratu\u00eft<\/li>\n<\/ul>\n<p>Les places s\u00f3n limitades, necess\u00e0ria inscripci\u00f3 pr\u00e8via<\/p>\n<p>&nbsp;<\/p>\n<p>Fes aqu\u00ed la teva inscripci\u00f3<\/td>\n<\/tr>\n<tr style=\"height: 280px;\">\n<td style=\"width: 898px; height: 280px;\">\n<p><strong>21\/05: Taller: biodiversitat\u00a0<\/strong><\/p>\n<p>Activitat din\u00e0mica sobre biodiversitat d\u2019Andorra per con\u00e8ixer alguns dels aspectes\u00a0m\u00e9s interessants de la fauna i flora del pa\u00eds mitjan\u00e7ant un joc de mem\u00f2ria.<\/p>\n<p>Activitat organitzada amb la col\u00b7laboraci\u00f3 d\u2019<strong>Andorra Sostenible<\/strong>.<\/p>\n<p>Per a tots els p\u00fablics*<\/p>\n<ul>\n<li><strong>Lloc:<\/strong> Portal de la Vall &#8211; Borda Gabriel (e-e)<\/li>\n<li><strong>Horari:<\/strong> de 18h00 a 19h00<\/li>\n<li><strong>Preu:<\/strong> Gratu\u00eft<\/li>\n<\/ul>\n<p>Les places s\u00f3n limitades, necess\u00e0ria inscripci\u00f3 pr\u00e8via<\/p>\n<p>&nbsp;<\/p>\n<p>* Infants majors de 8 anys.<\/p>\n<p>&nbsp;<\/p>\n<p>Fes aqu\u00ed la teva inscripci\u00f3<\/td>\n<\/tr>\n<tr style=\"height: 280px;\">\n<td style=\"width: 898px; height: 280px;\">\n<p><strong>30\/05: Sortida: \u201cVine a con\u00e8ixer la flora de la Vall del Madriu-Perafita-Claror\u201d<\/strong><\/p>\n<p>Sortida de descoberta amb els experts de l&rsquo;Institut Bot\u00e0nic de Barcelona. Coneix la flora del nostre entorn, o com aproximar-t&rsquo;hi amb eines actuals de IA i ci\u00e8ncia ciutadana. Activitat en\u00a0sin\u00e8rgies\u00a0del projecte FLORAPYR 3D i\u00a0Floralab+.<\/p>\n<p>Activitat organitzada amb la col\u00b7laboraci\u00f3 d\u2019<strong>Andorra Recerca + Innovaci\u00f3<\/strong>.<\/p>\n<p>Per a tots els p\u00fablics*<\/p>\n<ul>\n<li><strong>Lloc:<\/strong> Aparcament Engolasters Camp del Serrat<\/li>\n<li><strong>Horari:<\/strong> de 10h00 a 14h00<\/li>\n<li><strong>Preu:<\/strong> Gratu\u00eft<\/li>\n<\/ul>\n<p>Les places s\u00f3n limitades, necess\u00e0ria inscripci\u00f3 pr\u00e8via<\/p>\n<p>Inscripscions: <a href=\"mailto:info@ari.ad\">info@ari.ad<\/a><\/td>\n<\/tr>\n<tr>\n<td style=\"width: 898px;\">\n<p><strong>06\/06: Sortida: \u00ab\u00a0Etnobot\u00e0nica\u00a0\u00bb<\/strong><\/p>\n<p>Acompanyats d\u2019en Manel Niell, bi\u00f2leg de AR+I,\u00a0 farem un recorregut per la Vall on aprendrem a identificar algunes de les plantes que ens anirem trobant, aix\u00ed com l\u2019\u00fas i aprofitament que se n\u2019ha fet durant els anys. Activitat organitzada amb la col\u00b7laboraci\u00f3 d\u2019<strong>Andorra Recerca + Innovaci\u00f3<\/strong>.<\/p>\n<p>Per a tots els p\u00fablics*.<\/p>\n<ul>\n<li><strong>Lloc:<\/strong> Pont de la Plana<\/li>\n<li><strong>Itinerari:<\/strong> 9:30h Pont de la Plana\u2192 Entremesaig\u00fces \u219213:30h Pont de la Plana<\/li>\n<li><strong>Preu:<\/strong> gratu\u00eft<\/li>\n<\/ul>\n<p>Les places s\u00f3n limitades, necess\u00e0ria inscripci\u00f3 pr\u00e8via<\/p>\n<p>Fes aqu\u00ed la teva inscripci\u00f3<\/td>\n<\/tr>\n<tr>\n<td style=\"width: 898px;\">\n<p><strong>data per definir: Taller \/ Sortida amb fot\u00f2graf \u201cMirar el Paisatge\u201d<\/strong><\/p>\n<p>Apr\u00e8n a mirar el paisatge amb uns altres ulls. Captarem els detalls humans que expliquen el territori amb Sergi Flamand, que ens descobrir\u00e0 les claus del paisatge cultural, i amb <strong>Oliver Kinchella<\/strong>, que ens ensenyar\u00e0 a captar-ne l\u2019ess\u00e8ncia a trav\u00e9s de la fotografia.<\/p>\n<ul>\n<li><strong>Lloc:<\/strong> (Andorra)<\/li>\n<li><strong>A c\u00e0rrec:<\/strong> d\u2019Oliver Kinchella<\/li>\n<li><strong>Horari:<\/strong> de 09h30 a 13h30<\/li>\n<li><strong>Preu:<\/strong> Gratu\u00eft<\/li>\n<\/ul>\n<p>Les places s\u00f3n limitades, necess\u00e0ria inscripci\u00f3 pr\u00e8via<\/p>\n<p>Fes aqu\u00ed la teva inscripci\u00f3<\/td>\n<\/tr>\n<tr>\n<td style=\"width: 898px;\">\n<p><strong>20\/06: Contes i llegendes<\/strong><\/p>\n<p>Acompanya\u2019ns, de la m\u00e0 d\u2019<strong>Ivan Caro<\/strong>, en un viatge per les hist\u00f2ries que han sigut protagonistes en aquest territori al llarg dels anys. Un viatge musical i teatral ple d\u2019aventures i emocions on el p\u00fablic es un aliat m\u00e9s de l\u2019espectacle participant activament.<\/p>\n<p>Per a tots els p\u00fablics*.<\/p>\n<ul>\n<li><strong>Lloc:<\/strong> Portal de la Vall &#8211; Borda Gabriel (e-e)<\/li>\n<li><strong>Horari:<\/strong> 10:30h &#8211; 11:30h<\/li>\n<li><strong>Preu:<\/strong> gratu\u00eft<\/li>\n<\/ul>\n<p>Les places s\u00f3n limitades, necess\u00e0ria inscripci\u00f3 pr\u00e8via<\/p>\n<p>Fes aqu\u00ed la teva inscripci\u00f3<\/td>\n<\/tr>\n<tr>\n<td style=\"width: 898px;\">\n<p><strong>data per definir: Activitat familiar: Festa de la Trashumancia<\/strong><\/p>\n<p>Activitat que pret\u00e9n destacar la tradici\u00f3 ramadera de la Vall i reivindicar la seva continu\u00eftat. Per a tots els p\u00fablics.Activitat organitzada en col\u00b7laboraci\u00f3 amb el <strong>Com\u00fa de Sant Juli\u00e0 de L\u00f2ria<\/strong>.<\/p>\n<p>Lloc: Naturland cota 2000<\/p>\n<p>&nbsp;<\/p>\n<p>Per a m\u00e9s informaci\u00f3 i inscripcions: aqu\u00ed<\/td>\n<\/tr>\n<tr>\n<td style=\"width: 898px;\">\n<p><strong>11\/07: Sortida: \u201cDescobrint el passat glacial de la vall de Madriu\u201d<\/strong><\/p>\n<p>Aquesta ruta ens convida a fer un viatge en el temps per entendre com el clima ha modelat un dels paisatges m\u00e9s espectaculars del Pirineu: la vall de Madriu. L\u2019itinerari s\u2019inicia a Naturland i ascendeix progressivament fins a zones d\u2019alta muntanya, permetent-nos observar en directe les empremtes que han deixat les antigues glaceres.<\/p>\n<p>Al llarg del recorregut, interpretarem el paisatge per entendre com les glaceres va sobreexcavar la vall, donant-li la seva caracter\u00edstica forma, i com, posteriorment, les glaceres rocalloses han anat modelant els vessants. Tamb\u00e9 descobrirem les difer\u00e8ncies entre els materials geol\u00f2gics de la zona i com la seva composici\u00f3 ha condicionat una erosi\u00f3 diferencial, creant relleus i formes ben diverses.<\/p>\n<p>Des de les cotes m\u00e9s altes, gaudirem d\u2019una visi\u00f3 privilegiada que ens permetr\u00e0 comparar diferents paisatges i entendre millor els processos naturals que els han originat.<\/p>\n<p>Es tracta d\u2019una ruta d\u2019entre 13 i 14 km, amb uns 700 metres de desnivell positiu. T\u00e9 una dificultat mitjana i \u00e9s ideal per a persones amb una condici\u00f3 f\u00edsica moderada acostumades a caminar per terreny de muntanya.<\/p>\n<p>Una experi\u00e8ncia perfecta per combinar esport, natura i divulgaci\u00f3 cient\u00edfica, i descobrir el passat glacial que explica el paisatge que avui contemplem.<\/p>\n<p>Activitat organitzada amb la col.laboraci\u00f3 de <strong>Meteo Pirineus<\/strong>.<\/p>\n<ul>\n<li><strong>Lloc:<\/strong> Aparcament Naturland cota 2000<\/li>\n<li><strong>Hora:<\/strong> 08:30h<\/li>\n<li><strong>Dist\u00e0ncia:<\/strong> 14 km<\/li>\n<li><strong>Desnivell:<\/strong> 700 m<\/li>\n<li><strong>Dificultat:<\/strong> moderada<\/li>\n<li><strong>Durada:<\/strong> 6 hores<\/li>\n<\/ul>\n<p>&nbsp;<\/p>\n<p>Fes aqu\u00ed la teva reserva<\/td>\n<\/tr>\n<tr>\n<td style=\"width: 898px;\">\n<p><strong>15\/07: Confer\u00e8ncia: \u00ab\u00a0Cuina del paisatge: quan el territori esdev\u00e9 ingredient\u00a0\u00bb<\/strong><\/p>\n<p>Descobreix com el paisatge es pot interpretar a trav\u00e9s de la gastronomia en una proposta que uneix territori, tradici\u00f3 i creativitat culin\u00e0ria. A trav\u00e9s d\u2019aquesta confer\u00e8ncia explorarem com el productes locals, els sabers tradicionals i l\u2019entorn natural es transformen en experi\u00e8ncies gastron\u00f2miques \u00faniques. Uns oportunitat per entendre el paisatge des del gust, que culminar\u00e0 amb un tasten de productes del territori.<\/p>\n<p>Activitat organitzada amb la col\u00b7laboraci\u00f3 del <strong>Restaurant Les Pardines<\/strong>.<\/p>\n<ul>\n<li><strong>Lloc:<\/strong> (Encamp)<\/li>\n<li><strong>Horari:<\/strong> de 19h00 a 20h30<\/li>\n<li><strong>Preu:<\/strong> Gratu\u00eft<\/li>\n<\/ul>\n<p>Les places s\u00f3n limitades, necess\u00e0ria inscripci\u00f3 pr\u00e8via<\/p>\n<p>Fes aqu\u00ed la teva inscripci\u00f3<\/td>\n<\/tr>\n<tr>\n<td style=\"width: 898px;\">\n<p><strong>08\/10: Confer\u00e8ncia: \u201cLa llana com a recurs del paisatge: Vital Pirineus i la transformaci\u00f3 local\u201d<\/strong><\/p>\n<p>Descobreix com la llana, un recurs sovint oblidat, pot esdevenir clau per entendre i preservar el paisatge. Una mirada propera a la relaci\u00f3 entre natura, tradici\u00f3 i futur. Amb la col.laboraci\u00f3 de <strong>Vital Pirineus<\/strong>.<\/p>\n<ul>\n<li><strong>Lloc:<\/strong> Portal de la Vall &#8211; Borda Gabriel (e-e)<\/li>\n<li><strong>Horari: <\/strong>de 19h00 a 20h30<\/li>\n<li><strong>Preu:<\/strong> Gratu\u00eft<\/li>\n<\/ul>\n<p>Les places s\u00f3n limitades, necess\u00e0ria inscripci\u00f3 pr\u00e8via<\/p>\n<p>Fes aqu\u00ed la teva inscripci\u00f3<\/td>\n<\/tr>\n<tr>\n<td style=\"width: 898px;\">\n<p><strong>10\/10: Taller: Feltre de llana i usos tradicionals<\/strong><\/p>\n<p>Experimenta amb la llana i connecta amb el paisatge a trav\u00e9s d\u2019un taller pr\u00e0ctic on tradici\u00f3 i creativitat es donen la m\u00e0. Amb la col.laboraci\u00f3 de <strong>Vital Pirineus<\/strong>.<\/p>\n<ul>\n<li><strong>Lloc:<\/strong> Borda La Serradora (Sant Juli\u00e0 de L\u00f2ria)<\/li>\n<li><strong>Horari:<\/strong> de 10h00 a 13h00<\/li>\n<li><strong>Preu:<\/strong> Gratu\u00eft<\/li>\n<\/ul>\n<p>Les places s\u00f3n limitades, necess\u00e0ria inscripci\u00f3 pr\u00e8via<\/p>\n<p>Fes aqu\u00ed la teva inscripci\u00f3<\/td>\n<\/tr>\n<\/tbody>\n<\/table>\n<p>[\/vc_column_text][\/vc_column][\/vc_row][vc_row][vc_column][vc_column_text]<\/p>\n<div class=\"wpb_text_column wpb_content_element thegem-vc-text thegem-custom-62207167750825038\">\n<div class=\"wpb_wrapper\">\n<h2>INSCRIPCIONS:<\/h2>\n<ul>\n<li>Les places s\u00f3n limitades, \u00e9s necess\u00e0ria la inscripci\u00f3 pr\u00e8via.<\/li>\n<li><u>Portal de la Vall<\/u>: c\/Prat de la creu, 74-76 Baixos, edifici comunal- AD500 Andorra la Vella, <a href=\"https:\/\/www.madriu-perafita-claror.ad\/fr\/calendrier-des-activites\/\">Agenda d\u2019Activitats \u2013 Vall del Madriu-Perafita-Claror<\/a><a href=\"https:\/\/www.madriu-perafita-claror.ad\/fr\/calendrier-des-activites\/\">\/<\/a>o b\u00e9 als tel\u00e8fons: 823 000 \/ WhatsApp: 344 311<\/li>\n<\/ul>\n<h2>Recomanacions:<\/h2>\n<ul>\n<li>Per totes les sortides a la Vall es recomana portar roba i cal\u00e7at adequats per caminar per la muntanya, menjar, beguda, i protecci\u00f3 contra el sol.<\/li>\n<li>Es recomana tamb\u00e9 dur c\u00e0mera de fotos i binocles.<\/li>\n<li>El nivell de dificultat de les caminades \u00e9s baix, per\u00f2 s\u2019ha de tenir un compte el desnivell i la irregularitat del cam\u00ed.<\/li>\n<\/ul>\n<p>&nbsp;<\/p>\n<p>* Les sortides no s\u00f3n aconsellades per infants menors de 8 anys o persones amb mobilitat redu\u00efda. En totes les activitats, els menors hauran d\u2019anar acompanyats d\u2019un adult.<\/p>\n<\/div>\n<\/div>\n<p>[\/vc_column_text][vc_single_image image=\u00a0\u00bb38620&Prime; img_size=\u00a0\u00bblarge\u00a0\u00bb alignment=\u00a0\u00bbcenter\u00a0\u00bb][\/vc_column][\/vc_row]<\/p>\n<\/div>","protected":false},"excerpt":{"rendered":"<p>[vc_row][vc_column][vc_separator][vc_single_image image=\u00a0\u00bb39720&Prime; img_size=\u00a0\u00bbfull\u00a0\u00bb][\/vc_column][\/vc_row][vc_row][vc_column][vc_column_text css=\u00a0\u00bb\u00a0\u00bb] ACTIVIT\u00c9S D&rsquo;\u00c9T\u00c9 [\/vc_column_text][vc_column_text css=\u00a0\u00bb\u00a0\u00bb] ACTIVITATS 22\/04- Taller: \u00ab\u00a0L\u2019evoluci\u00f3 del paisatge\u00a0\u00bb\u00a0 Activitat per descobrir alguns dels detalls&#8230;<\/p>\n","protected":false},"author":5,"featured_media":0,"parent":0,"menu_order":0,"comment_status":"closed","ping_status":"closed","template":"","meta":{"_acf_changed":false,"footnotes":""},"class_list":["post-40720","page","type-page","status-publish"],"acf":[],"_links":{"self":[{"href":"https:\/\/www.madriu-perafita-claror.ad\/fr\/wp-json\/wp\/v2\/pages\/40720","targetHints":{"allow":["GET"]}}],"collection":[{"href":"https:\/\/www.madriu-perafita-claror.ad\/fr\/wp-json\/wp\/v2\/pages"}],"about":[{"href":"https:\/\/www.madriu-perafita-claror.ad\/fr\/wp-json\/wp\/v2\/types\/page"}],"author":[{"embeddable":true,"href":"https:\/\/www.madriu-perafita-claror.ad\/fr\/wp-json\/wp\/v2\/users\/5"}],"replies":[{"embeddable":true,"href":"https:\/\/www.madriu-perafita-claror.ad\/fr\/wp-json\/wp\/v2\/comments?post=40720"}],"version-history":[{"count":0,"href":"https:\/\/www.madriu-perafita-claror.ad\/fr\/wp-json\/wp\/v2\/pages\/40720\/revisions"}],"wp:attachment":[{"href":"https:\/\/www.madriu-perafita-claror.ad\/fr\/wp-json\/wp\/v2\/media?parent=40720"}],"curies":[{"name":"wp","href":"https:\/\/api.w.org\/{rel}","templated":true}]}}